{"id":3711,"date":"2016-11-04T11:15:19","date_gmt":"2016-11-04T11:15:19","guid":{"rendered":"http:\/\/158.109.137.58\/criminologia2\/?page_id=3711"},"modified":"2024-05-28T10:19:15","modified_gmt":"2024-05-28T10:19:15","slug":"antoni-cardona-barber","status":"publish","type":"page","link":"https:\/\/dretpenal.uab.cat\/index.php\/antoni-cardona-barber\/","title":{"rendered":"Antoni Cardona Barber"},"content":{"rendered":"<div id='layer_slider_1'  class='avia-layerslider main_color avia-shadow  avia-builder-el-0  el_before_av_heading  avia-builder-el-first  container_wrap sidebar_right'  style='height: 171px; max-width: 1000px; margin: 0 auto;'  ><\/div><div id='after_layer_slider_1'  class='main_color av_default_container_wrap container_wrap sidebar_right'  ><div class='container av-section-cont-open' ><div class='template-page content  av-content-small alpha units'><div class='post-entry post-entry-type-page post-entry-3711'><div class='entry-content-wrapper clearfix'>\n\n<style type=\"text\/css\" data-created_by=\"avia_inline_auto\" id=\"style-css-av-49z7bz-95af8d12fd9fa2e14fdb602f99f36375\">\n#top .av-special-heading.av-49z7bz-95af8d12fd9fa2e14fdb602f99f36375{\npadding-bottom:10px;\n}\nbody .av-special-heading.av-49z7bz-95af8d12fd9fa2e14fdb602f99f36375 .av-special-heading-tag .heading-char{\nfont-size:25px;\n}\n.av-special-heading.av-49z7bz-95af8d12fd9fa2e14fdb602f99f36375 .av-subheading{\nfont-size:15px;\n}\n<\/style>\n<div  class='av-special-heading av-49z7bz-95af8d12fd9fa2e14fdb602f99f36375 av-special-heading-h3  avia-builder-el-1  el_after_av_layerslider  el_before_av_textblock  avia-builder-el-first '><h3 class='av-special-heading-tag'  itemprop=\"headline\"  >Antoni Cardona Barber<\/h3><div class=\"special-heading-border\"><div class=\"special-heading-inner-border\"><\/div><\/div><\/div>\n<section  class='av_textblock_section av-35yvhb-f8da0397950e6da978107ddc22f05058'  itemscope=\"itemscope\" itemtype=\"https:\/\/schema.org\/CreativeWork\" ><div class='avia_textblock'  itemprop=\"text\" ><p>Doctor en Derecho penal por la UAB (cuya tesis sobre la delincuencia urban\u00edstica obtuvo el premio extraordinario final de Doctorado).<br \/>\nCuenta con el M\u00e1ster en Derecho Empresarial del Centro de Estudios Garrigues (con la colaboraci\u00f3n de Harvard Law School), y, con el M\u00e1ster de especializaci\u00f3n en Derecho penal del ICAB (con menci\u00f3n final \u00absobresaliente\u00bb). Tambi\u00e9n ha realizado cuatro cursos de especializaci\u00f3n jur\u00eddica del ICAB: (i) Juicios de Faltas penales, (ii) Jurisdicci\u00f3n penal Juvenil, (iii) Derecho urban\u00edstico, y, (iv) Contratos del Sector p\u00fablico.<br \/>\nHa trabajado como abogado en la firma Garrigues Abogados y, durante varios a\u00f1os, ha compatibilizado el ejercicio de la abogac\u00eda penal con la actividad de profesor asociado en el Departamento de Derecho p\u00fablico y Ciencia Pol\u00edtica de la UAB (concretamente en el \u00e1rea de Derecho penal y Criminolog\u00eda).<br \/>\nActualmente es profesor de Derecho penal en el Grado de Derecho de la UAB, profesor de Derecho penal econ\u00f3mico en el M\u00e1ster en Derecho empresarial de la UAB, y, profesor de Derecho penal en el M\u00e1ster de acceso a la abogac\u00eda y procura de la UAB, M\u00e1ster en el cual tambi\u00e9n realiza las funciones de coordinador del m\u00f3dulo de litigaci\u00f3n penal.<br \/>\nTambi\u00e9n ha sido profesor de Derecho penal econ\u00f3mico en la Universitat Oberta de Catalunya (UOC), profesor de Derecho penal en los cursos de formaci\u00f3n para polic\u00edas y mossos d&#8217;esquadra del ISPC de la Generalitat de Catalunya, profesor en el M\u00e1ster de Derecho penal econ\u00f3mico de Tirant lo blanch, profesor en los cursos para el Diploma de especializaci\u00f3n en funciones de Secretar\u00eda e Intervenci\u00f3n de los entes locales de la URV (de la sesi\u00f3n \u201cdelitos en la administraci\u00f3n p\u00fablica\u201d), as\u00ed como formador en la Diputaci\u00f3n de Barcelona (DIBA), y, formador en la Oficina Antifrau de Catalunya (OAC), en el curso \u00abdelitos contra la administraci\u00f3n p\u00fablica y delitos urban\u00edsticos\u00bb.<br \/>\nHa sido investigador de Derecho penal invitado en la Universidad de Trento (a\u00f1os 2019 y 2020), la Universidad de M\u00f3dena i Reggio Emilia (a\u00f1o 2021) y la Universidad de Bolonia (a\u00f1o 2022).<br \/>\nCuenta con el reconocimiento vigente de sexenios de investigaci\u00f3n y quinquenios de docencia. Hasta el momento, ha publicado m\u00e1s de 20 estudios jur\u00eddico-penales (con especial dedicaci\u00f3n al Derecho penal de la administraci\u00f3n p\u00fablica), ha presentado var\u00edas ponencias (nacionales e internacionales), ha dirigido numerosos Trabajos Finales de Grado, Trabajos Finales de M\u00e1ster, y, tres Tesis doctorales en el campo del Derecho penal econ\u00f3mico.<br \/>\nEs miembro del Grupo de investigaci\u00f3n consolidado \u201cDerecho penal y nuevas tendencias de la pol\u00edtica criminal\u201d. Adem\u00e1s, tambi\u00e9n ha participado en varios Proyectos de investigaci\u00f3n acad\u00e9micos dotados de financiaci\u00f3n competitiva, auton\u00f3micos y nacionales, as\u00ed como en un Proyecto de investigaci\u00f3n europeo (sobre la prevenci\u00f3n del discurso de odio), financiado por la Comisi\u00f3n Europea, en el cual ha realizado las funciones de investigador principal (IP) del equipo de investigaci\u00f3n de la UAB.<\/p>\n<p class=\"x_MsoNormal\"><a href=\"mailto:antonio.cardona@uab.cat\" target=\"_blank\" rel=\"noopener noreferrer\" data-auth=\"NotApplicable\" data-linkindex=\"1\">antonio.cardona@uab.cat<\/a><\/p>\n<\/div><\/section>\n","protected":false},"excerpt":{"rendered":"","protected":false},"author":4,"featured_media":3610,"parent":0,"menu_order":0,"comment_status":"closed","ping_status":"closed","template":"","meta":{"footnotes":""},"class_list":["post-3711","page","type-page","status-publish","has-post-thumbnail","hentry"],"_links":{"self":[{"href":"https:\/\/dretpenal.uab.cat\/index.php\/wp-json\/wp\/v2\/pages\/3711","targetHints":{"allow":["GET"]}}],"collection":[{"href":"https:\/\/dretpenal.uab.cat\/index.php\/wp-json\/wp\/v2\/pages"}],"about":[{"href":"https:\/\/dretpenal.uab.cat\/index.php\/wp-json\/wp\/v2\/types\/page"}],"author":[{"embeddable":true,"href":"https:\/\/dretpenal.uab.cat\/index.php\/wp-json\/wp\/v2\/users\/4"}],"replies":[{"embeddable":true,"href":"https:\/\/dretpenal.uab.cat\/index.php\/wp-json\/wp\/v2\/comments?post=3711"}],"version-history":[{"count":16,"href":"https:\/\/dretpenal.uab.cat\/index.php\/wp-json\/wp\/v2\/pages\/3711\/revisions"}],"predecessor-version":[{"id":5088,"href":"https:\/\/dretpenal.uab.cat\/index.php\/wp-json\/wp\/v2\/pages\/3711\/revisions\/5088"}],"wp:featuredmedia":[{"embeddable":true,"href":"https:\/\/dretpenal.uab.cat\/index.php\/wp-json\/wp\/v2\/media\/3610"}],"wp:attachment":[{"href":"https:\/\/dretpenal.uab.cat\/index.php\/wp-json\/wp\/v2\/media?parent=3711"}],"curies":[{"name":"wp","href":"https:\/\/api.w.org\/{rel}","templated":true}]}}