{"id":3811,"date":"2016-11-08T12:14:42","date_gmt":"2016-11-08T12:14:42","guid":{"rendered":"http:\/\/158.109.137.58\/criminologia2\/?page_id=3811"},"modified":"2025-10-24T16:26:12","modified_gmt":"2025-10-24T16:26:12","slug":"projectes-anteriors","status":"publish","type":"page","link":"https:\/\/dretpenal.uab.cat\/en\/index.php\/projectes-anteriors\/","title":{"rendered":"Projectes anteriors"},"content":{"rendered":"<div id='layer_slider_1'  class='avia-layerslider main_color avia-shadow  avia-builder-el-0  el_before_av_slideshow_full  avia-builder-el-first  container_wrap sidebar_right'  style='height: 171px; max-width: 1000px; margin: 0 auto;'  ><\/div>\n<div id='full_slider_1'  class='avia-fullwidth-slider main_color avia-shadow   avia-builder-el-1  el_after_av_layerslider  el_before_av_heading   slider-not-first container_wrap sidebar_right'  ><\/div><div id='after_full_slider_1'  class='main_color av_default_container_wrap container_wrap sidebar_right'  ><div class='container av-section-cont-open' ><div class='template-page content  av-content-small alpha units'><div class='post-entry post-entry-type-page post-entry-3811'><div class='entry-content-wrapper clearfix'>\n\n<style type=\"text\/css\" data-created_by=\"avia_inline_auto\" id=\"style-css-av-4r84sz-320dd92a06b7f6a3ffa339c9199aa1d3\">\n#top .av-special-heading.av-4r84sz-320dd92a06b7f6a3ffa339c9199aa1d3{\npadding-bottom:10px;\n}\nbody .av-special-heading.av-4r84sz-320dd92a06b7f6a3ffa339c9199aa1d3 .av-special-heading-tag .heading-char{\nfont-size:25px;\n}\n.av-special-heading.av-4r84sz-320dd92a06b7f6a3ffa339c9199aa1d3 .av-subheading{\nfont-size:15px;\n}\n<\/style>\n<div  class='av-special-heading av-4r84sz-320dd92a06b7f6a3ffa339c9199aa1d3 av-special-heading-h3 meta-heading  avia-builder-el-2  el_after_av_slideshow_full  el_before_av_textblock  avia-builder-el-first '><h3 class='av-special-heading-tag'  itemprop=\"headline\"  >Projectes anteriors<\/h3><div class=\"special-heading-border\"><div class=\"special-heading-inner-border\"><\/div><\/div><\/div>\n<section  class='av_textblock_section av-lyii4jd8-2a607705db9e459cf6237d1976dcfd65'  itemscope=\"itemscope\" itemtype=\"https:\/\/schema.org\/CreativeWork\" ><div class='avia_textblock'  itemprop=\"text\" ><p><strong>Denominaci\u00f3n del proyecto:<\/strong> Protecci\u00f3 de drets: bones pr\u00e0ctiques institucionals en mat\u00e8ria de treball sexual a Barcelona<br \/>\n<strong>Entidad de realizaci\u00f3n<\/strong>: UAB<br \/>\n<strong>Investigador\/a principal:<\/strong> Gustavo Javier Fondevila Perez.<br \/>\n<strong>N\u00famero de investigadores:<\/strong> 3<br \/>\n<strong>Entidad financiadora<\/strong>: Institut Catal\u00e0 Internacional per la Pau (ICIP)<br \/>\n<strong>Fechas:<\/strong> 27\/07\/24 &#8211; 26\/07\/25<br \/>\n<strong>Importe concedido:<\/strong> 9.000 euros<\/p>\n<p><strong>Denominaci\u00f3n del proyecto:<\/strong> FAST LISA (Ref. 101049342)<br \/>\n<strong>Entidad de realizaci\u00f3n:<\/strong> Alma Mater studiorum-Universit\u00e0 di Bologna<br \/>\n<strong>Investigador principal:<\/strong> Francesca Curi<br \/>\n<strong>Entidad financiadora:<\/strong> Comissi\u00f3 europea. CERV-2021-EQUAL \u2014 Call for proposals to promote equality and to fight against racism, xenophobia and discrimination<br \/>\n<strong>N\u00famero de investigadores:<\/strong> 21<br \/>\n<strong>Fechas:<\/strong> 01\/03\/2022 \u2013 29\/02\/2024<br \/>\n<strong>Importe concedido:<\/strong> 568.164,39 euros<\/p>\n<p><strong>Denominaci\u00f3n del proyecto:<\/strong>\u00a0Prevenci\u00f3n de la corrupci\u00f3n en el sector p\u00fablico empresarial (D2020-117526RB-I00)<br \/>\n<strong>Entidad de realizaci\u00f3n:<\/strong>\u00a0Universitat Aut\u00f2noma de Barcelona<br \/>\n<strong>Investigador principal:<\/strong>\u00a0Miriam Cugat Mauri<br \/>\n<strong>Entidad financiadora:<\/strong>\u00a0Ministerio de Ciencia e Innovaci\u00f3n<br \/>\n<strong>N\u00famero de investigadores:<\/strong>\u00a06<br \/>\n<strong>Fechas:<\/strong>\u00a001\/09\/2021-31\/12\/2024<br \/>\n<strong>Importe concedido:<\/strong>\u00a0\u00a037.510\u00a0 \u20ac<\/p>\n<p><strong>Denominaci\u00f3n del proyecto:<\/strong> Muerte y delito: Estudio integral e interdisciplinar de los asesinatos y homicidios cometidos y enjuiciados en Espa\u00f1a (PID2020-113262GB-I00)<br \/>\n<strong>Entidad de realizaci\u00f3n:<\/strong> Universidad de C\u00e1diz<br \/>\n<strong>Investigador principal:<\/strong> Esther Hava Garc\u00eda<br \/>\n<strong>Entidad financiadora:<\/strong> Ministerio de Ciencia e Innovaci\u00f3n<br \/>\n<strong>N\u00famero de investigadores:<\/strong> 18<br \/>\n<strong>Fechas:<\/strong> 01\/09\/2021-31\/12\/2024<br \/>\n<strong>Importe concedido:<\/strong> 34.485\u20ac<\/p>\n<p><strong>Denominaci\u00f3n del proyecto<\/strong>: La respuesta del derecho internacional a la corrupci\u00f3n asociada al crimen transnacional organizado, a la luz de las din\u00e1micas de comportamiento del sistema de narcotr\u00e1fico mar\u00edtimo y de la respuesta ofrecida para Colombia por el derecho p\u00fablico comparado. Equipo de trabajo 13: Respuestas desde el Derecho internacional penal (70817)<br \/>\n<strong>Entidad de realizaci\u00f3n:<\/strong> Red de Investigaci\u00f3n Respuestas a la Corrupci\u00f3n Asociada al Crimen Organizado Transnacional<br \/>\n<strong>Investigador principal:<\/strong> H\u00e9ctor Ol\u00e1solo<br \/>\n<strong>Entidad financiadora:<\/strong> Ministerio de Ciencia y Tecnolog\u00eda de Colombia<br \/>\n<strong>N\u00famero de investigadores:<\/strong> 48<br \/>\n<strong>Fechas:<\/strong> 01\/08\/2020-31\/12\/2023<br \/>\n<a href=\"https:\/\/www.iberoamericaninstituteofthehague.org\/formacion-e-investigacion\/red-de-investigacion-respuestas-a-la-corrupcion-asociada-al-crimen-transnacional-organizado\" target=\"_blank\" rel=\"noopener\"><strong>M\u00e1s informaci\u00f3n<\/strong><\/a><\/p>\n<p><strong>Denominaci\u00f3n del proyecto:\u00a0<\/strong>El Derecho penal frente a las crisis sanitarias (GV\/20217103)<br \/>\n<strong>Entidad de realizaci\u00f3n:\u00a0<\/strong>Universitat\u00a0de Val\u00e8ncia<br \/>\n<strong>Investigador principal:<\/strong>\u00a0Jos\u00e9 Le\u00f3n Alapont<br \/>\n<strong>Entidad financiadora:<\/strong>\u00a0Ministerio de Ciencia e Innovaci\u00f3n<br \/>\n<strong>N\u00famero de investigadores:<\/strong>\u00a019<br \/>\n<strong>Fechas:\u00a0<\/strong>01\/09\/2021-1\/09\/2022<br \/>\n<strong>Importe concedido:\u00a0\u00a0<\/strong>20.000\u00a0 \u20ac<\/p>\n<p><strong>Denominaci\u00f3n del proyecto:<\/strong>\u00a0Estudi sobre els programes de cumpliment en les empreses del sector p\u00fablic de Catalunya.<br \/>\n<strong>Entidad de realizaci\u00f3n:<\/strong>\u00a0Oficina Antifrau de Catalunya, Universitat Aut\u00f2noma de Barcelona, Universidad de Vigo.<br \/>\n<strong>Investigador principal:<\/strong>\u00a0Gimeno Jubero, M.A.-Nieto Mart\u00edn, A.-Valeije \u00c1lvarez, I. \u2013 Cugat Mauri, Miriam<br \/>\n<strong>Entitad financiadora:<\/strong>\u00a0No finan\u00e7at.<br \/>\n<strong>N\u00famero de investigadores:<\/strong>\u00a020<br \/>\n<strong>Fechas:<\/strong>\u00a06\/3\/2020-6\/3\/2022<\/p>\n<p><strong>Denominaci\u00f3n del proyecto<\/strong>: La possible aplicaci\u00f3 de la justicia restaurativa a la delinq\u00fc\u00e8ncia econ\u00f2mica a la fase d\u2019enjudiciament: una exploraci\u00f3 emp\u00edrica<br \/>\n<strong>Entidad de realizaci\u00f3n:<\/strong>\u00a0Universitat Aut\u00f2noma de Barcelona<br \/>\n<strong>Investigador principal:<\/strong>\u00a0Mar\u00eda Jos\u00e9 Rodr\u00edguez Puerta<br \/>\n<strong>Entitad financiadora:<\/strong>\u00a0Centre d\u2019Estudis Jur\u00eddics i Formaci\u00f3 Especialitzada (CEJFE). Generalitat de Catalunya<br \/>\n<strong>N\u00famero de investigadores:<\/strong>\u00a03<br \/>\n<strong>Fechas<\/strong>: 1\/1\/2021-30\/12\/2021<br \/>\n<strong>Importe concedido:<\/strong>\u00a05.000 \u20ac.<\/p>\n<p><strong>Denominaci\u00f3n del proyecto<\/strong>: Mobile Technologies applied to protect victims of a crime within the EU Area of Justice: RightsApp for e-Justice (RightsApp)<br \/>\n<strong>Entidad de realizaci\u00f3n:<\/strong>\u00a0Universitat Aut\u00f2noma de Barcelona. IDT<br \/>\n<strong>Investigador principal:<\/strong>\u00a0Jorge Gonz\u00e1lez Conejero<br \/>\n<strong>Entitad financiadora:<\/strong>\u00a0DG-Justice<br \/>\n<strong>N\u00famero de investigadores:<\/strong>\u00a07<br \/>\n<strong>Fechas:<\/strong>\u00a01\/3\/2018-28\/2\/2020<br \/>\n<strong>Importe concedido:<\/strong>\u00a0195,895.00 \u20ac.<\/p>\n<p><strong>Denominaci\u00f3n del proyecto<\/strong>: La justicia restaurativa a la pres\u00f3: \u00e9s possible en la delinq\u00fc\u00e8ncia econ\u00f2mica?<br \/>\n<strong>Entidad de realizaci\u00f3n:<\/strong>\u00a0Universitat Aut\u00f2noma de Barcelona<br \/>\n<strong>Investigador principal:<\/strong>\u00a0Joan Baucells Llad\u00f3s<br \/>\n<strong>Entitad financiadora:<\/strong>\u00a0Centre d\u2019Estudis Jur\u00eddics i Formaci\u00f3 Especialitzada (CEJFE). Generalitat de Catalunya<br \/>\n<strong>N\u00famero de investigadores:<\/strong>\u00a04<br \/>\n<strong>Fechas:<\/strong>\u00a01\/1\/2020-30\/12\/2020<br \/>\n<strong>Importe concedido:<\/strong>\u00a05.000 \u20ac.<\/p>\n<p><strong>Denominaci\u00f3n del proyecto<\/strong>: Reparaci\u00f3n, justicia restaurativa y mediaci\u00f3n en la delincuencia econ\u00f3mica (DER2017-84088-R)<br \/>\n<strong>Entidad de realizaci\u00f3n:<\/strong>\u00a0Universitat Aut\u00f2noma de Barcelona.<br \/>\n<strong>Investigador principal:<\/strong>\u00a0Mercedes Garc\u00eda Ar\u00e1n<br \/>\n<strong>Entitad financiadora:<\/strong>\u00a0Ministerio de Econom\u00eda y Competitividad<br \/>\n<strong>N\u00famero de investigadores:<\/strong>\u00a08<br \/>\n<strong>Fechas:<\/strong>\u00a02018-2020<br \/>\n<strong>Importe concedido:<\/strong>\u00a025.410,00 \u20ac.<\/p>\n<p><strong>Denominaci\u00f3n del proyecto:<\/strong>\u00a0Responsabilidad penal y pol\u00edtica de los partidos (DER2014-52890-R)<br \/>\n<strong>Entidad de realizaci\u00f3n<\/strong>: Universitat Aut\u00f2noma de Barcelona.<br \/>\n<strong>Investigador principal:\u00a0<\/strong>Mercedes Garc\u00eda Ar\u00e1n \u2013 Joan Botella<br \/>\n<strong>Entitad financiadora:\u00a0<\/strong>Ministerio de Econom\u00eda y Competitividad<br \/>\n<strong>N\u00famero de investigadores<\/strong>: 8<br \/>\n<strong>Fechas:\u00a0<\/strong>2014-2017<br \/>\n<strong>Importe concedido:\u00a0<\/strong>26.000<strong>\u00a0\u20ac.<\/strong><\/p>\n<p><strong>Denominaci\u00f3n del proyecto:\u00a0<\/strong>Prevenci\u00f3n y sanci\u00f3n de la delincuencia econ\u00f3mica (DER2010-18688)<br \/>\n<strong>Entidad de realizaci\u00f3n:\u00a0<\/strong>Universitat Aut\u00f2noma de Barcelona<br \/>\n<strong>Investigador\/es responsable\/es:\u00a0<\/strong>Mercedes Garc\u00eda Ar\u00e1n<br \/>\n<strong>N\u00famero de investigadores\/as:\u00a0<\/strong>8<br \/>\n<strong>Entidad\/es financiadora\/s:\u00a0<\/strong>Ministerio de Ciencia e Innovaci\u00f3n<br \/>\n<strong>Fechas:\u00a0<\/strong>2010-2013<br \/>\n<strong>Cuant\u00eda total:\u00a0<\/strong>27.830 \u20ac.<\/p>\n<p><strong>Denominaci\u00f3n del proyecto<\/strong>: \u201c\u00bfEs el conferencing una eina \u00fatil dels programes de mediaci\u00f3 de l\u2019\u00e0mbit penal del Departament de Just\u00edcia?\u201d<br \/>\n<strong>Entidad de realizaci\u00f3n<\/strong>: Universitat Aut\u00f2noma de Barcelona.<br \/>\n<strong>Investigador\/a principal<\/strong>: Maria Jes\u00fas Guardiola Lago<br \/>\n<strong>Entitat finan\u00e7adora<\/strong>: Centre d\u2019Estudis Jur\u00eddics i Formaci\u00f3 Especialitzada de la Generalitat de Catalunya (concessi\u00f3: DOGC n\u00fam. 5785-29\/12\/2010)<br \/>\n<strong>Fechas:<\/strong>\u00a02011<\/p>\n<p><strong>Denominaci\u00f3n del proyecto<\/strong>: V\u00edas de actuaci\u00f3n contra la violencia menor masiva (2009ISPC00022)<br \/>\n<strong>Entidad de realizaci\u00f3n<\/strong>: Universitat Aut\u00f2noma de Barcelona<br \/>\n<strong>Investigador responsable<\/strong>: Cugat Mauri, Miriam<br \/>\n<strong>N\u00famero de investigadores participantes<\/strong>: 3<br \/>\n<strong>Entidad financiadora<\/strong>: Institut de Seguretat P\u00fablica de Catalunya<br \/>\n<strong>Fechas<\/strong>: 2010<br \/>\n<strong>Cuant\u00eda total<\/strong>: 7.500 \u20ac<\/p>\n<p><strong>Denominaci\u00f3n del proyecto<\/strong>: La libertad vigilada: pena accesoria o medida de seguridad contra los condenados por delitos sexuales y delitos de terrorismo.<br \/>\n<strong>Entidad de realizaci\u00f3n<\/strong>: Universitat Aut\u00f2noma de Barcelona<br \/>\n<strong>Investigador principal<\/strong>: Rafael Rebollo Vargas.<br \/>\n<strong>Entidad financiadora<\/strong>: Generalitat de Catalunya. Departamento de Justicia. CEJFE<br \/>\n<strong>Fechas<\/strong>: 2009-2010<\/p>\n<p><strong>Denominaci\u00f3n del proyecto:\u00a0<\/strong>El tratamiento de los temas penales en los medios de comunicaci\u00f3n (SEJ2005-08284)<br \/>\n<strong>Entidad de realizaci\u00f3n:\u00a0<\/strong>Universitat Aut\u00f2noma de Barcelona<br \/>\n<strong>Investigador\/es responsable\/es:\u00a0<\/strong>Mercedes Garc\u00eda Ar\u00e1n \u2013 Joan Botella<br \/>\n<strong>N\u00famero de investigadores\/as:\u00a0<\/strong>8<br \/>\n<strong>Entidad\/es financiadora\/s:\u00a0<\/strong>Ministerio de Educaci\u00f3n y Ciencia<br \/>\n<strong>Fechas:\u00a0<\/strong>2005-2008<br \/>\n<strong>Cuant\u00eda total:\u00a0<\/strong>23.800 \u20ac.<\/p>\n<p><strong>Denominaci\u00f3n del proyecto:\u00a0<\/strong>Programma comunitario AGIS \u2013 Pogetto ENaT 2:\u2019European Network against Trafficking\u2019 (JLS\/2006\/AGIS\/169)<br \/>\n<strong>Entidad de realizaci\u00f3n<\/strong>: Universitat Aut\u00f2noma de Barcelona<br \/>\n<strong>N\u00famero de investigadores<\/strong>: 2<br \/>\n<strong>Entidad financiadora:<\/strong>\u00a0Comisi\u00f3n europea y el Servizio sviluppo locale e politiche UE-Servizio politiche sociali-Progetto \u2019Libera\u2019.<br \/>\n<strong>Fechas:\u00a0<\/strong>2006<br \/>\n<strong>Investigador principal:\u00a0<\/strong>Carmelo Calamia.<br \/>\n<strong>Cuant\u00eda total:\u00a0<\/strong>165.500 euros<\/p>\n<p><strong>Denominaci\u00f3n del proyecto:\u00a0<\/strong>Programma comunitario AGIS \u2013 Pogetto EnaT \u2019European Network against Trafficking\u2019 (JAI\/2004\/AGIS\/120).<br \/>\n<strong>Entidad de realizaci\u00f3n<\/strong>: Universitat Aut\u00f2noma de Barcelona<br \/>\n<strong>N\u00famero de investigadores<\/strong>: 2<br \/>\n<strong>Entidad financiadora:<\/strong>\u00a0Comisi\u00f3n europea y el Servizio sviluppo locale e politiche UE-Servizio politiche sociali-Progetto \u2019Libera\u2019.<br \/>\n<strong>Fechas:\u00a0<\/strong>2005<br \/>\n<strong>Investigador principal:\u00a0<\/strong>Carmelo Calamia.<br \/>\n<strong>Cuant\u00eda total:\u00a0<\/strong>165.500 euros<\/p>\n<p><strong>Denominaci\u00f3n del proyecto:\u00a0<\/strong>Prostituci\u00f3n y tr\u00e1fico de personas (BJU2001-2553)<br \/>\n<strong>Entidad de realizaci\u00f3n:\u00a0<\/strong>Universitat Aut\u00f2noma de Barcelona<br \/>\n<strong>Investigador\/es responsable\/es:\u00a0<\/strong>Mercedes Garc\u00eda Ar\u00e1n<br \/>\n<strong>N\u00famero de investigadores\/as:\u00a0<\/strong>9<br \/>\n<strong>Entidad\/es financiadora\/s:\u00a0<\/strong>Ministerio de Ciencia y Tecnolog\u00eda<br \/>\n<strong>Fecha de inicio:\u00a0<\/strong>2001-2003<br \/>\n<strong>Cuant\u00eda total:\u00a0<\/strong>38.014 \u20ac.<\/p>\n<p><strong>Denominaci\u00f3n del proyecto:\u00a0<\/strong>Osservatorio sull\u2019 applicazione dell\u2019art.18 del D. lgs 25\/7\/1998, n. 286 nel contesto delle norme di contrasto della criminalit\u00e0 contro i migranti<br \/>\n<strong>Entidad de realizaci\u00f3n:\u00a0<\/strong>Universitat Aut\u00f2noma de Barcelona- Regione Emilia-Romagna \u2013 Associazione on the Road.<br \/>\n<strong>Investigador\/es responsable\/es:\u00a0<\/strong>Mercedes Garc\u00eda Ar\u00e1n\/Cinzia Ioppi\/Marco Bufo\/Maria Virgilio<br \/>\n<strong>N\u00famero de investigadores\/as:\u00a0<\/strong>15<br \/>\n<strong>Entidad\/es financiadora\/s:\u00a0<\/strong>Comisi\u00f3n Europea JAI<br \/>\n<strong>Fechas:\u00a0<\/strong>2002-2003<br \/>\n<strong>Cuant\u00eda total:\u00a0<\/strong>5.160 \u20ac<\/p>\n<p><strong>Denominaci\u00f3n del proyecto:\u00a0<\/strong>Osservatorio sull\u2019 applicazione dell\u2019art.18 del D. lgs 25\/7\/1998, n. 286 nel contesto delle norme di contrasto della criminalit\u00e0 contro i migranti<br \/>\n<strong>Entidad de realizaci\u00f3n:\u00a0<\/strong>Universitat Aut\u00f2noma de Barcelona- Regione Emilia-Romagna \u2013 Associazione on the Road \u2013 Assessorato Politiche Sociali<br \/>\n<strong>Investigador\/es responsable\/es:\u00a0<\/strong>Mercedes Garc\u00eda Ar\u00e1n\/Vincenzo Castelli\/Maria Virgilio<br \/>\n<strong>N\u00famero de investigadores\/as:\u00a0<\/strong>15<br \/>\n<strong>Entidad\/es financiadora\/s:\u00a0<\/strong>Comisi\u00f3n Europea JAI<br \/>\n<strong>Fechas:\u00a0<\/strong>2001-2002<br \/>\n<strong>Cuant\u00eda total:\u00a0<\/strong>5.160 \u20ac<\/p>\n<p><strong>Denominaci\u00f3n del proyecto:\u00a0<\/strong>El nuevo r\u00e9gimen de ejecuci\u00f3n de las penas en el C\u00f3digo Penal<br \/>\n<strong>Investigador\/es responsable\/es:\u00a0<\/strong>Vidal Marsal.S.; Garc\u00eda Ar\u00e1n, M.; Tolosa, T.; de Alfonso G.<br \/>\n<strong>N\u00famero de investigadores\/as:\u00a0<\/strong>4<br \/>\n<strong>Entidad\/es financiadora\/s:\u00a0<\/strong>Generalitat de Catalunya<br \/>\n<strong>Fechas:\u00a0<\/strong>1998<br \/>\n<strong>Cuant\u00eda total:\u00a0<\/strong>0<\/p>\n<p><strong>Denominaci\u00f3n del proyecto:\u00a0<\/strong>Silencios. Estudio de la legislaci\u00f3n administrativa, penal y militar reguladora del Servicio Militar y mecanismos legales de protecci\u00f3n y denuncia contra los abusos y la violencia en los cuarteles del ej\u00e9rcito (JHA\/98\/DAF\/112)<br \/>\n<strong>Investigador\/a responsable:\u00a0<\/strong>Garc\u00eda Ar\u00e1n,M. \u2013 Gisbert Caselli, T.<br \/>\n<strong>N.\u00ba investigadores\/as:\u00a0<\/strong>4<br \/>\n<strong>Entidades participantes:\u00a0<\/strong>Universitat Aut\u00f2noma de Barcelona \u2013 Asociaci\u00f3n Informaci\u00f3n para la Defensa de los Soldados<br \/>\n<strong>Entidad\/es financiadora\/s:\u00a0<\/strong>Iniciativa Daphne. Uni\u00f3n europea.<br \/>\n<strong>Fechas:\u00a0<\/strong>1998-1999.<br \/>\n<strong>Cuant\u00eda total:\u00a0<\/strong>94.693 \u20ac.<\/p>\n<p><strong>Denominaci\u00f3n del proyecto:\u00a0<\/strong>La infracci\u00f3n penal de derechos fundamentales por funcionarios p\u00fablicos o autoridades (PB96-1207)<br \/>\n<strong>Entidad de realizaci\u00f3n:\u00a0<\/strong>Universitat Aut\u00f2noma de Barcelona<br \/>\n<strong>Investigador\/es responsable\/es:\u00a0<\/strong>Mercedes Garc\u00eda Ar\u00e1n<br \/>\n<strong>N\u00famero de investigadores\/as:\u00a0<\/strong>6<br \/>\n<strong>Entidad\/es financiadora\/s:\u00a0<\/strong>Direcci\u00f3n General de Ense\u00f1anza Superior e Investigaci\u00f3n Cient\u00edfica<br \/>\n<strong>Fecha de inicio:\u00a0<\/strong>1997-2000<br \/>\n<strong>Cuant\u00eda total:\u00a0<\/strong>18.030 \u20ac<\/p>\n<p><strong>Denominaci\u00f3n del proyecto:\u00a0<\/strong>Estudio comparativo de las legislaciones penitenciarias europeas<br \/>\n<strong>Entidad de realizaci\u00f3n:\u00a0<\/strong>Direcci\u00f3n General de Investigaci\u00f3n Cient\u00edfica y T\u00e9cnica (DGICYT)<br \/>\n<strong>Investigador\/es responsable\/es:\u00a0<\/strong>Garc\u00eda Ar\u00e1n, Mercedes.<br \/>\n<strong>N\u00famero de investigadores\/as:\u00a0<\/strong>1<br \/>\n<strong>Entidad\/es financiadora\/s:\u00a0<\/strong>Direcci\u00f3n General de Investigaci\u00f3n Cient\u00edfica y T\u00e9cnica (DGICYT)<br \/>\n<strong>Fecha de inicio:\u00a0<\/strong>1997<br \/>\n<strong>Cuant\u00eda total:\u00a0<\/strong>0<\/p>\n<p><strong>Denominaci\u00f3n del proyecto<\/strong>: La revelaci\u00f3n de secretos p\u00fablicos y privados. Especial referencia al secreto bancario<br \/>\n<strong>Entidad de realizaci\u00f3n<\/strong>: Universitat Aut\u00f2noma de Barcelona<br \/>\n<strong>Investigador responsable<\/strong>: Rafael Rebollo Vargas<br \/>\n<strong>Entidad de realizaci\u00f3n<\/strong>: Universitat Aut\u00f2noma de Barcelona<br \/>\n<strong>Entidad financiadora<\/strong>: Fundaci\u00f3n CAIXA DE SABADELL<br \/>\n<strong>Fechas<\/strong>: 1995<\/p>\n<p><strong>Denominaci\u00f3n del proyecto:\u00a0<\/strong>Protecci\u00f3n jur\u00eddico penal de los derechos y principios constitucionales (PB-93-0852)<br \/>\n<strong>Entidad de realizaci\u00f3n:\u00a0<\/strong>Universitat Aut\u00f2noma de Barcelona<br \/>\n<strong>Investigador\/es responsable\/es:\u00a0<\/strong>Mercedes Garc\u00eda Ar\u00e1n<br \/>\n<strong>N\u00famero de investigadores\/as:\u00a0<\/strong>3<br \/>\n<strong>Entidad\/es financiadora\/s:\u00a0<\/strong>Direcci\u00f3n General de Investigaci\u00f3n Cient\u00edfica y T\u00e9cnica (DGICYT)<br \/>\n<strong>Fecha de inicio:\u00a0<\/strong>1994-1997<br \/>\n<strong>Cuant\u00eda total:\u00a0<\/strong>11.743 \u20ac<\/p>\n<p><strong>Denominaci\u00f3n del proyecto<\/strong>: Los conceptos penal y administrativo de funcionario p\u00fablico.<br \/>\n<strong>Entidad de realizaci\u00f3n<\/strong>: Universitat Aut\u00f2noma de Barcelona<br \/>\n<strong>Entidad financiadora<\/strong>: Generalitat de Catalunya -Escuela de Administraci\u00f3n P\u00fablica<br \/>\n<strong>Investigador responsable<\/strong>: Rafael Rebollo Vargas<br \/>\n<strong>Fechas<\/strong>: 1994<\/p>\n<p><strong>Denominaci\u00f3n del proyecto:\u00a0<\/strong>Delincuencia econ\u00f3mica. Estudio comparado Espa\u00f1a\/Italia. Perspectiva jur\u00eddica y criminol\u00f3gica<br \/>\n<strong>Entidad de realizaci\u00f3n:\u00a0<\/strong>Universitat Aut\u00f2noma de Barcelona- Universit\u00e0 degli studi di Bologna.<br \/>\n<strong>Investigador\/es responsable\/es:\u00a0<\/strong>Mercedes Garc\u00eda Ar\u00e1n<br \/>\n<strong>N\u00famero de investigadores\/as:\u00a0<\/strong>4<br \/>\n<strong>Entidad\/es financiadora\/s:\u00a0<\/strong>Ministerio de Educaci\u00f3n y Cultura<br \/>\n<strong>Fecha de inicio:\u00a0<\/strong>1993-1994<br \/>\n<strong>Cuant\u00eda total:\u00a0<\/strong>3.113 \u20ac.<\/p>\n<p><strong>Denominaci\u00f3n del proyecto<\/strong>: La revelaci\u00f3n de secretos p\u00fablicos e informaciones por funcionario p\u00fablico<br \/>\n<strong>Entidad de realizaci\u00f3n<\/strong>: Universitat Aut\u00f2noma de Barcelona<br \/>\n<strong>Investigador responsable<\/strong>: Rafael Rebollo Vargas<br \/>\n<strong>Entidad financiadora<\/strong>: Generalitat de Catalunya -CIRIT<br \/>\n<strong>Fechas:<\/strong>\u00a01993<\/p>\n<p><strong>Denominaci\u00f3n del proyecto:\u00a0<\/strong>Estudio comparativo de las legislaciones penitenciarias europeas<br \/>\n<strong>Entidad de realizaci\u00f3n:\u00a0<\/strong>Departament de Just\u00edcia de la Generalitat de Catalunya<br \/>\n<strong>Investigador\/es responsable\/es:\u00a0<\/strong>Garc\u00eda Ar\u00e1n,M. y de Sol\u00e0,A.<br \/>\n<strong>N\u00famero de investigadores\/as:\u00a0<\/strong>2<br \/>\n<strong>Entidad\/es financiadora\/s:\u00a0<\/strong>Departament de Just\u00edcia de la Generalitat de Catalunya<br \/>\n<strong>Fecha de inicio:\u00a0<\/strong>1989<\/p>\n<\/div><\/section>\n<section  class='av_textblock_section av-2pj3jn-6845b2dcc7574d3a66d3f186243ca057'  itemscope=\"itemscope\" itemtype=\"https:\/\/schema.org\/CreativeWork\" ><div class='avia_textblock'  itemprop=\"text\" ><\/p>\n<\/div><\/section>\n","protected":false},"excerpt":{"rendered":"","protected":false},"author":4,"featured_media":0,"parent":0,"menu_order":0,"comment_status":"open","ping_status":"open","template":"","meta":{"footnotes":""},"class_list":["post-3811","page","type-page","status-publish","hentry"],"_links":{"self":[{"href":"https:\/\/dretpenal.uab.cat\/en\/index.php\/wp-json\/wp\/v2\/pages\/3811","targetHints":{"allow":["GET"]}}],"collection":[{"href":"https:\/\/dretpenal.uab.cat\/en\/index.php\/wp-json\/wp\/v2\/pages"}],"about":[{"href":"https:\/\/dretpenal.uab.cat\/en\/index.php\/wp-json\/wp\/v2\/types\/page"}],"author":[{"embeddable":true,"href":"https:\/\/dretpenal.uab.cat\/en\/index.php\/wp-json\/wp\/v2\/users\/4"}],"replies":[{"embeddable":true,"href":"https:\/\/dretpenal.uab.cat\/en\/index.php\/wp-json\/wp\/v2\/comments?post=3811"}],"version-history":[{"count":21,"href":"https:\/\/dretpenal.uab.cat\/en\/index.php\/wp-json\/wp\/v2\/pages\/3811\/revisions"}],"predecessor-version":[{"id":5249,"href":"https:\/\/dretpenal.uab.cat\/en\/index.php\/wp-json\/wp\/v2\/pages\/3811\/revisions\/5249"}],"wp:attachment":[{"href":"https:\/\/dretpenal.uab.cat\/en\/index.php\/wp-json\/wp\/v2\/media?parent=3811"}],"curies":[{"name":"wp","href":"https:\/\/api.w.org\/{rel}","templated":true}]}}