{"id":3307,"date":"2016-10-21T13:39:04","date_gmt":"2016-10-21T13:39:04","guid":{"rendered":"http:\/\/158.109.137.58\/violenciesmasclistes\/?page_id=3307"},"modified":"2026-01-30T11:43:07","modified_gmt":"2026-01-30T11:43:07","slug":"publicacions-recents","status":"publish","type":"page","link":"https:\/\/dretpenal.uab.cat\/en\/index.php\/publicacions-recents\/","title":{"rendered":"Publicacions recents"},"content":{"rendered":"<div id='layer_slider_1'  class='avia-layerslider main_color avia-shadow  avia-builder-el-0  el_before_av_slideshow_full  avia-builder-el-first  container_wrap sidebar_right'  style='height: 171px; max-width: 1000px; margin: 0 auto;'  ><\/div>\n<div id='full_slider_1'  class='avia-fullwidth-slider main_color avia-shadow   avia-builder-el-1  el_after_av_layerslider  el_before_av_heading   slider-not-first container_wrap sidebar_right'  ><\/div><div id='after_full_slider_1'  class='main_color av_default_container_wrap container_wrap sidebar_right'  ><div class='container av-section-cont-open' ><div class='template-page content  av-content-small alpha units'><div class='post-entry post-entry-type-page post-entry-3307'><div class='entry-content-wrapper clearfix'>\n\n<style type=\"text\/css\" data-created_by=\"avia_inline_auto\" id=\"style-css-av-av_heading-2e635cee673ef1b8e57248820710e345\">\n#top .av-special-heading.av-av_heading-2e635cee673ef1b8e57248820710e345{\npadding-bottom:10px;\n}\nbody .av-special-heading.av-av_heading-2e635cee673ef1b8e57248820710e345 .av-special-heading-tag .heading-char{\nfont-size:25px;\n}\n.av-special-heading.av-av_heading-2e635cee673ef1b8e57248820710e345 .av-subheading{\nfont-size:15px;\n}\n<\/style>\n<div  class='av-special-heading av-av_heading-2e635cee673ef1b8e57248820710e345 av-special-heading-h3 meta-heading  avia-builder-el-2  el_after_av_slideshow_full  el_before_av_toggle_container  avia-builder-el-first '><h3 class='av-special-heading-tag'  itemprop=\"headline\"  >Publicacions recents<\/h3><div class=\"special-heading-border\"><div class=\"special-heading-inner-border\"><\/div><\/div><\/div>\n<div  class='togglecontainer av-av_toggle_container-8e0c6e39d39b619a829887bd54fff3ed  avia-builder-el-3  el_after_av_heading  avia-builder-el-last  toggle_close_all' >\n<section class='av_toggle_section av-av_toggle-c1259b56748e43065f6184caaf611522'  itemscope=\"itemscope\" itemtype=\"https:\/\/schema.org\/CreativeWork\" ><div role=\"tablist\" class=\"single_toggle\" data-tags=\"{All} \"  ><p data-fake-id='#toggle-id-1' class='toggler   '  itemprop=\"headline\"  role='tab' tabindex='0' aria-controls='toggle-id-1'>Delictes contra l\u2019Administraci\u00f3 p\u00fablica i corrupci\u00f3<span class=\"toggle_icon\"><span class=\"vert_icon\"><\/span><span class=\"hor_icon\"><\/span><\/span><\/p><div id='toggle-id-1' class='toggle_wrap  '  ><div class='toggle_content invers-color '  itemprop=\"text\" ><p>Cardona Barber, Antoni (2020) &#8220;<a href=\"https:\/\/www.eumed.net\/libros\/1884\/index.html\" target=\"_blank\" rel=\"noopener\">Cr\u00edtica del delito urban\u00edstico espa\u00f1ol. Problema de antijuridicidad material y l\u00edmites con el derecho administrativo sancionador<\/a>&#8221; en Valencia S\u00e1iz, Angel (Dir.) <em>Desaf\u00edos actuales del Derecho. Aportaciones presentadas al II Congreso Nacional de J\u00f3venes Investigadores en Ciencias Jur\u00eddicas<\/em>, Biblioteca virtual de Derecho, Econom\u00eda, Ciencias Sociales y Tesis Doctorales (marzo 2020), pp. 184-196.<\/p>\n<p>Cugat Mauri, Miriam (2018), \u201cCorruzione, favori sessuali e compromessi internazionali. La controversa risposta del legislatore spagnolo alle raccomandazioni dell&#8217;OCSE e del GRECO\u201d, en <em>Diritto penale XXI secolo<\/em>, n\u00fam. 2, pp. 211-236.<\/p>\n<p>Cugat Mauri, Miriam (2018), \u201cCorrupci\u00f3n, favores sexuales y compromisos internacionales: la controvertida respuesta del legislador espa\u00f1ol a las recomendaciones de la OCDE y el GRECO\u201d, en Morales Prats, F., Tamarit Sumalla, JM\u00aa, Garc\u00eda Albero, R. (coord.), <em>Represi\u00f3n penal y Estado de derecho. Homenaje al Profesor Gonzalo Quintero Olivares<\/em>, Aranzadi, Cizur Menor, pp. 835-851.<\/p>\n<p>Cugat Mauri, Miriam (2018) \u201cLa responsabilidad penal de los cargos de los partidos pol\u00edticos: alternativas t\u00edpicas y zonas oscuras\u201d, en GARC\u00cdA AR\u00c1N-BOTELLA (dirs.), Responsabilidad jur\u00eddica y pol\u00edtica de los partidos en Espa\u00f1a, Tirant lo Blanch, Valencia, 2018, p\u00e1gs. 245-280.<\/p>\n<p>Cugat Mauri, Miriam (2018), Voces \u201ccorrupci\u00f3n\u201d, y \u201cfinanciaci\u00f3n ilegal de partidos pol\u00edticos\u201d, en BOIX (dir.), Diccionario de Derecho penal econ\u00f3mico, iustel, 2017<\/p>\n<p>Cardona Barber, Antoni (2017) \u201cEl Derecho penal como medio de prevenci\u00f3n y sanci\u00f3n de la corrupci\u00f3n urban\u00edstica\u201d\u00a0en Castro Moreno, A.-Otero Gonz\u00e1lez, P. (Dirs.) <em>Corrupci\u00f3n y Delito: Aspectos de Derecho penal espa\u00f1ol y desde la perspectiva comparada,\u00a0<\/em>Dikynson, Madrid, pp. 73-110.<\/p>\n<p>Cugat Mauri, Miriam (2016) \u201cCohecho, tr\u00e1fico de influencias y malversaci\u00f3n\u201d en Quintero Olivares, Gonzalo (Dir.) <em>Compendio de la parte especial del Derecho penal<\/em>, Aranzadi, Cizur Menor, pp. 413-428.<\/p>\n<p>Cugat Mauri, Miriam (2016) \u201cComentario a la Sentencia de la Corte Suprema de Justicia de 11-11-2015 (caso &#8220;Aurelio Pastor&#8221;), desde la perspectiva del derecho penal espa\u00f1ol\u201d en <em>Actualidad penal<\/em>, n\u00fam. 19, pp. 54-64.<\/p>\n<p>Cugat Mauri, Miriam (2015) \u201cFinanciaci\u00f3n il\u00edcita de los partidos pol\u00edticos y corrupci\u00f3n p\u00fablica\u201d en Demetrio Crespo, Eduardo-Gonz\u00e1lez-Cu\u00e9llar Serrano, Nicol\u00e1s (Dirs.) <em>Halcones y palomas: corrupci\u00f3n y delincuencia econ\u00f3mica<\/em>, Castillo de luna, Madrid, pp. 219-241.<\/p>\n<p>Cugat Mauri, Miriam (2014) \u201cEl tr\u00e1fico de influencias: un tipo prescindible\u201d en <em>Revista Electr\u00f3nica de Ciencia Penal y Criminolog\u00eda<\/em>, n\u00fam. 16, pp. 1-23.<\/p>\n<p>Cugat Mauri, Miriam (2013) \u201cXVI. Negociaciones prohibidas\u201d en \u00c1lvarez Garc\u00eda, Francisco Javier (Dir.) <em>Tratado de Derecho penal espa\u00f1ol. Parte especial,<\/em> Tirant lo Blanch, Valencia, pp. 585-605.<\/p>\n<p>Cugat Mauri, Miriam (2013) \u201cXIII. Tr\u00e1fico de influencias\u201d en \u00c1lvarez Garc\u00eda, Francisco Javier (Dir.) <em>Tratado de Derecho penal espa\u00f1ol. Parte especial,<\/em> Tirant lo Blanch, Valencia, pp. 461-493.<\/p>\n<p>Rebollo Vargas, Rafael (2013) \u201cConsideraciones dogm\u00e1ticas sobre los delitos de infidelidad en la custodia de documentos. Una tipificaci\u00f3n parcialmente innecesaria\u201d en <em>Cuadernos de Pol\u00edtica Criminal<\/em>, n\u00fam. 111. pp. 5-36<\/p>\n<p>Cugat Mauri, Miriam (2011) \u201cEl \u201cnon bis in idem\u201d en el espacio judicial europeo: estado de la cuesti\u00f3n\u201d en <em>Garant\u00edas Penales. Argentina, Espa\u00f1a y sus sistemas de inserci\u00f3n regional,<\/em> Ediar, Buenos Aires, pp. 45 a 77.<\/p>\n<p>Rebollo Vargas, Rafael (2010) \u201cNegociaciones y actividades prohibidas a funcionario\u201d, en \u00c1lvarez Garc\u00eda, Francisco Javier-Gonz\u00e1lez Cussac, Jos\u00e9 (Dirs.)<em> Comentarios a la Reforma penal de 2010, <\/em>Tirant lo Blanch, Valencia, pp. 485-488.<\/p>\n<p>Cuenca Garc\u00eda, Mar\u00eda Jos\u00e9 (2007) <em>La funci\u00f3n de abogados y procuradores y los intereses de los clientes<\/em>, Thomson-Aranzadi, Cizur Menor, pp. 1-247.<\/p>\n<p>Cuenca Garc\u00eda, Mar\u00eda Jos\u00e9 (2006) \u201cLa revelaci\u00f3n del secreto sumarial\u201d en <em>Revista de Derecho y Proceso Penal<\/em>, pp. 71-99.<\/p>\n<p>Cugat Mauri, Miriam (2006) \u201cTr\u00e1fico de influencias (art.8)\u201d en <em>Fraude y Corrupci\u00f3n en el Derecho penal econ\u00f3mico europeo. Eurodelitos de corrupci\u00f3n y fraude, <\/em>Ediciones de la Universidad de Castilla-La Mancha, Cuenca, pp. 61-77.<\/p>\n<p>Cugat Mauri, Miriam- Garc\u00eda Albero, Ram\u00f3n (2006) \u201cCorrupci\u00f3n en el sector p\u00fablico\u201d en <em>Bolet\u00edn informativo Ministerio Justicia<\/em>, n\u00fam. 2015, pp. 199-206.<\/p>\n<p>Cugat Mauri, Miriam (2004) \u201cLa corrupci\u00f3n en las transacciones comerciales internacionales\u201d en <em>Estudios de Derecho Judicial<\/em>, n\u00fam. 61, pp. 325-346.<\/p>\n<p>Cugat Mauri, Miriam (2004) \u201cCap\u00edtulo X del T\u00edtulo XIX: De los delitos de corrupci\u00f3n en las transacciones comerciales internacionales\u201d en C\u00f3rdoba Roda, Juan-Garc\u00eda Ar\u00e1n, Mercedes (Dirs.) <em>Comentarios al C\u00f3digo Penal. Parte Especial<\/em>, Marcial Pons, Madrid, pp. 2114-2126.<\/p>\n<p>Cugat Mauri, Miriam (2004) \u201cCap\u00edtulo VI del T\u00edtulo XIX: del tr\u00e1fico de influencias\u201d en C\u00f3rdoba Roda, Juan-Garc\u00eda Ar\u00e1n, Mercedes (Dirs.) <em>Comentarios al C\u00f3digo Penal. Parte Especial<\/em>, Marcial Pons, Madrid, pp. 2039-2054.<\/p>\n<p>Rebollo Vargas,Rafael (2004) \u201cArt. 442-444\u201d en C\u00f3rdoba Roda, Juan-Garc\u00eda Ar\u00e1n, Mercedes (Dirs.) <em>Comentarios al C\u00f3digo Penal. Parte Especial<\/em>, Marcial Pons, Madrid, pp. 2108-2114.<\/p>\n<p>Rebollo Vargas,Rafael (2004) \u201cArt. 466\u201d en C\u00f3rdoba Roda, Juan-Garc\u00eda Ar\u00e1n, Mercedes (Dirs.) <em>Comentarios al C\u00f3digo Penal. Parte Especial<\/em>, Marcial Pons, Madrid, pp. 2302-2310.<\/p>\n<p>Cuenca Garc\u00eda, Mar\u00eda Jos\u00e9 (2003) \u201cLas infidelidades documentales de abogado y procurador\u201d en Revista <em>Iuris<\/em>, pp. 32-44.<\/p>\n<p>Rebollo Vargas, Rafael (2002) \u201cNotas y consecuencias de una lectura constitucional del bien jur\u00eddico protegido en el T. XIX, L. II del C\u00f3digo penal espa\u00f1ol (Delitos contra la Administraci\u00f3n P\u00fablica)\u201d en Arroyo Zapatero, Luis-Berdugo G\u00f3mez de la Torre (Dirs.), <em>Libro Homenaje al Prf. Dr. Marino Barbero Santos, <\/em>Universidad de Castilla-La Mancha, pp. 551-562.<\/p>\n<p>Rodr\u00edguez Puerta, M\u00aa Jos\u00e9- Villacampa Estiarte, Carolina (2001) \u201cLa responsabilidad penal del funcionario p\u00fablico en materia urban\u00edstica\u201d en <em>El nuevo Derecho penal Espa\u00f1ol. Estudios penales en memoria del profesor Jos\u00e9 Manuel Valle Mu\u00f1iz<\/em>, Aranzadi, Pamplona, pp. 1737- 1768.<\/p>\n<p>Rebollo Vargas, Rafael (2000) \u201cAlgunas consideraciones sobre autor\u00eda y participaci\u00f3n en los delitos especiales. Particular referencia al delito de torturas\u201d en <em>Anuario de Derecho Penal y Ciencias Penales<\/em>, pp. 133-168; y (2003) en <em>Revista Peruana de Ciencias Penales<\/em>, n\u00fam. 13, pp. 211-241.<\/p>\n<p>Rebollo Vargas, Rafael (1999) \u201cLa omisi\u00f3n de promover la persecuci\u00f3n de delitos. El art\u00edculo 408 del C\u00f3digo penal\u201d en <em>Derecho y Proceso Penal<\/em>, Aranzadi, n\u00fam 2, pp. 13-44; y (2000) en <em>Revista Peruana de Ciencias Penales<\/em>, n\u00fam. 10, pp- 295-345.<\/p>\n<p>Rodr\u00edguez Puerta, M\u00aa Jos\u00e9 (1999) <em>El delito de soborno: problem\u00e1tica jur\u00eddico penal del funcionario p\u00fablico, <\/em>Aranzadi, Pamplona, pp. 1-433.<\/p>\n<p>Rodr\u00edguez Puerta, M\u00aa Jos\u00e9 (1999) \u201cLa responsabilidad del particular en el delito de cohecho. Comentario a la STS de 24 de abril 1998\u201d en <em>Revista de Derecho y proceso penal<\/em>, pp. 1737-1768.<\/p>\n<p>Cugat Mauri, Miriam (1997) <em>La desviaci\u00f3n del inter\u00e9s general y el tr\u00e1fico de influencias<\/em>, Cedecs, Barcelona, pp. 1-312.<\/p>\n<p>Cugat Mauri, Miriam (1997) \u201cEl tr\u00e1fico de influencias en cuatro sentencias\u201d en <em>Jueces para la Democracia, <\/em>pp. 76- 82.<\/p>\n<p>Garc\u00eda Ar\u00e1n, Mercedes (1997) \u201cLa prevaricaci\u00f3n administrativa y otros comportamientos injustos en el C\u00f3digo Penal de 1995\u201d en <em>Revista Aragonesa de Administraci\u00f3n P\u00fablica<\/em>, n\u00fam. 11, pp. 357- 370.<\/p>\n<p>Garc\u00eda Ar\u00e1n, Mercedes (1997) \u201cObstrucci\u00f3n a la justicia y deslealtad profesional en el C\u00f3digo Penal de 1995\u201d en <em>Cuadernos de Derecho Judicial. Delitos contra la libertad y seguridad<\/em>, n\u00fam. 4, pp. 279 &#8211; 300.<\/p>\n<p>Rebollo Vargas, Rafael (1996) <em>La revelaci\u00f3n de secretos e informaciones por funcionario p\u00fablico<\/em>, Cedecs, pp. 1-295.<\/p>\n<p>Rebollo Vargas, Rafael (1996) \u201cEl deber de secreto del funcionario p\u00fablico. Alcance y l\u00edmites\u201d en <em>Gaceta Jur\u00eddica<\/em>, pp. 72-81.<\/p>\n<p>Garc\u00eda Ar\u00e1n, Mercedes (1990) <em>La prevaricaci\u00f3n judicial<\/em>, Tecnos, Madrid, pp. 1- 192.<\/p>\n<\/div><\/div><\/div><\/section>\n<section class='av_toggle_section av-av_toggle-b57f6a8e1f4218066147101f2780617f'  itemscope=\"itemscope\" itemtype=\"https:\/\/schema.org\/CreativeWork\" ><div role=\"tablist\" class=\"single_toggle\" data-tags=\"{All} \"  ><p data-fake-id='#toggle-id-2' class='toggler   '  itemprop=\"headline\"  role='tab' tabindex='0' aria-controls='toggle-id-2'>Societat del risc i noves tecnologies<span class=\"toggle_icon\"><span class=\"vert_icon\"><\/span><span class=\"hor_icon\"><\/span><\/span><\/p><div id='toggle-id-2' class='toggle_wrap  '  ><div class='toggle_content invers-color '  itemprop=\"text\" ><p>Cugat Mauri, Miriam (2018) \u201cLos delitos contra la seguridad vial\u201d, en CUGAT\/BAUCELLS\/AGUILAR, Manual de Litigaci\u00f3n penal. Materiales para la prueba de acceso a la profesi\u00f3n de abogado, Tirant lo Blanch, 2017.<\/p>\n<p>Mor\u00f3n Lerma, Mar\u00eda Esther (2010)<strong> \u201c<\/strong>La clonaci\u00f3n de tarjetas de cr\u00e9dito\u201d en Quintero Olivares, G. (Dir.) <em>La reforma penal de 2010.\u00a0An\u00e1lisis y comentarios,<\/em>\u00a0Aranzadi, Cizur menor.<\/p>\n<p>Mor\u00f3n Lerma, Mar\u00eda Esther (2009) \u201cLa infracci\u00f3n de los derechos de propiedad intelectual en el medio digital: aspectos penales\u201d en Palao Moreno,\u00a0Guillermo-Plaza Penades, Javier (dirs.)\u00a0<em>Nuevos retos\u00a0de la propiedad intelectual<\/em>, Revista Aranzadi de Derecho Patrimonial. Aranzadi-Thomson, Cizur menor, pp. 155-194.<\/p>\n<p>Mor\u00f3n Lerma, Mar\u00eda Esther (2007) \u201cDelitos contra la confidencialidad, integridad y disponibilidad de datos y sistemas inform\u00e1ticos\u201d en <em>Delito e inform\u00e1tica: algunos aspectos. Cuadernos penales Jos\u00e9 Mar\u00eda Lid\u00f3n, n\u00fam. 4,<\/em> Universidad de Deusto, Bilbao, pp. 85-128.<strong>\u00a0<\/strong><\/p>\n<p>Mor\u00f3n Lerma, Mar\u00eda Esther (2007)<strong>\u00a0 <\/strong>\u201cQuiebras de la privacidad en entornos digitales: espionaje industrial\u201d en el libro colectivo <em>Protecci\u00f3n penal de los entornos digitales: delitos inform\u00e1ticos, privacidad y propiedad intelectual, <\/em>Eguzkilore, Cuaderno del Instituto Vasco de Criminolog\u00eda, pp. 117-144.<\/p>\n<p>Rebollo Vargas,Rafael (2004) \u201cT\u00edtulo X. Delitos contra la intimidad, el derecho a la propia imagen y la inviolabilidad del domicilio\u201d en C\u00f3rdoba Roda, Juan-Garc\u00eda Ar\u00e1n, Mercedes (Dirs.) <em>Comentarios al C\u00f3digo Penal. Parte Especial<\/em>, Marcial Pons, Madrid, pp. 451-510.<\/p>\n<p>Mor\u00f3n Lerma, Mar\u00eda Esther (2004) \u201cDerecho penal y nuevas tecnolog\u00edas: panorama actual y perspectivas futuras\u201d en <em>International Annals of Criminology<\/em>, vol. 42-1\/2, pp. 59-83.<strong>\u00a0<\/strong><\/p>\n<p>Baucells Llad\u00f3s, Joan (2004) \u201cArt. 270 a 288\u201d en C\u00f3rdoba Roda, Juan-Garc\u00eda Ar\u00e1n, Mercedes (Dirs.) <em>Comentarios al C\u00f3digo Penal. Parte Especial<\/em>, Marcial Pons, Madrid, pp. 945-1076.<\/p>\n<p>Mor\u00f3n Lerma, Mar\u00eda Esther (2003) \u201cDerecho penal y nuevas tecnolog\u00edas: panorama actual y perspectivas futuras\u201d en Casanovas, Pompeu (Dir.) <em>Internet y pluralismo jur\u00eddico: formas emergentes de regulaci\u00f3n, <\/em>Comares, Granada, pp. 93-118.<strong>\u00a0<\/strong><\/p>\n<p>Mor\u00f3n Lerma, Mar\u00eda Eshter \u2013 Rodr\u00edguez Puerta, Mar\u00eda Jos\u00e9 (2002) \u201cTraducci\u00f3n y breve comentario del Convenio sobre Cibercriminalidad\u201d en <em>Revista de Derecho y Proceso Penal<\/em>, n\u00fam. 7, pp. 165-200<strong>\u00a0<\/strong><\/p>\n<p>Mor\u00f3n Lerma, Mar\u00eda Esther (2002) <em>Internet y derecho penal: hacking y otras conductas il\u00edcitas en la red,<\/em> 2\u00aa ed. revisada y ampliada, Thompson Reuters-Aranzadi, Cizur menor, pp. 1-183.<strong>\u00a0<\/strong><\/p>\n<p>Mor\u00f3n Lerma, Mar\u00eda Esther (2002) <em>El secreto de empresa: protecci\u00f3n penal y retos que plantea ante las nuevas tecnolog\u00edas<\/em>, Thompson Reuters-Aranzadi, Cizur menor, pp. 1-433.<\/p>\n<p>Mor\u00f3n Lerma, Mar\u00eda Esther (2001) \u00a0\u201cIntenci\u00f3n del agresor y ataque a la intimidad\u201d en Morales Prats, F.-Quintero Olivares,G. (coords.) <em>El nuevo Derecho Penal Espa\u00f1ol. Estudios Penales en Memoria del Profesor J.M. Valle Mu\u00f1iz, <\/em>Thompson Reuters-Aranzadi, Cizur menor, pp.1607-1628.<\/p>\n<\/div><\/div><\/div><\/section>\n<section class='av_toggle_section av-av_toggle-9ef5181468dd6031765812b3737937bf'  itemscope=\"itemscope\" itemtype=\"https:\/\/schema.org\/CreativeWork\" ><div role=\"tablist\" class=\"single_toggle\" data-tags=\"{All} \"  ><p data-fake-id='#toggle-id-3' class='toggler   '  itemprop=\"headline\"  role='tab' tabindex='0' aria-controls='toggle-id-3'>Trata de persones<span class=\"toggle_icon\"><span class=\"vert_icon\"><\/span><span class=\"hor_icon\"><\/span><\/span><\/p><div id='toggle-id-3' class='toggle_wrap  '  ><div class='toggle_content invers-color '  itemprop=\"text\" ><p>Garc\u00eda Ar\u00e1n, Mercedes (2017), \u201cTrata de personas y regulaci\u00f3n de la prostituci\u00f3n\u201d, en AA.VV. <em>El derecho ante las formas contempor\u00e1neas de esclavitud,<\/em> Tirant lo Blanch, Valencia, pp. 655-675.<\/p>\n<p>Guardiola Lago, Mar\u00eda Jes\u00fas (2016) \u201cLa compleja armonizaci\u00f3n del delito de tr\u00e1fico il\u00edcito de migrantes (smuggling of migrants): \u00bfexiste un consenso internacional?\u201d, en P\u00e9rez Cepeda, Ana Isabel (Dir.) <em>Pol\u00edtica criminal ante el reto de la delincuencia transnacional<\/em>, Tirant lo Blanch, Valencia, pp. 549 &#8211; 592.<\/p>\n<p>Cugat Mauri, Miriam (2010) \u201cLa reforma penal: la trata de seres humanos, delitos contra la libertad sexual e integridad moral y el delito de acoso laboral\u201d en <em>Cuadernos Digitales de Formaci\u00f3n, <\/em>pp. 1 &#8211; 40.<\/p>\n<p>Cugat Mauri, Miriam (2010) \u201cLa desaprovechada reforma de la expulsi\u00f3n de extranjeros\u201d en Quintero Olivares, Gonzalo (Dir.) <em>La Reforma Penal de 2010: An\u00e1lisis y Comentarios, <\/em>Aranzadi-Thomson Reuters, Cizur menor, pp. 99-106.<\/p>\n<p>Cugat Mauri, Miriam (2010) \u201cLa trata de seres humanos: la universalizaci\u00f3n del tr\u00e1fico de personas y su disociaci\u00f3n de las conductas infractoras de la pol\u00edtica migratoria (arts. 177 bis, 313, 318 bis)\u201d en Quintero Olivares, Gonzalo (Dir.) <em>La Reforma Penal de 2010: An\u00e1lisis y Comentarios, <\/em>Aranzadi-Thomson Reuters, Cizur menor, pp. 157-164.<\/p>\n<p>Guardiola Lago, Mar\u00eda Jes\u00fas (2009) \u201cReflexiones de pol\u00edtica-criminal europea en materia de contrabando de migrantes\u201d en Ru\u00edz Rodr\u00edguez-Lu\u00eds Ram\u00f3n (Dirs.) <em>Respuestas internacionales a los retos de seguridad<\/em>, Tirant lo Blanch, Valencia, pp. 289 &#8211; 302.<\/p>\n<p>Rebollo Vargas, Rafael (2009) \u201cEl delito de tr\u00e1fico ilegal de personas y (in) competencia de la jurisdicci\u00f3n espa\u00f1ola en aguas internacionales\u201d en <em>Revista Electr\u00f3nica de Ciencias Penales y Criminolog\u00eda<\/em>, N\u00fam. 11, pp. 1 &#8211; 23.<\/p>\n<p>Cugat Mauri, Miriam (2008) \u201cLas repercusiones de la incorporaci\u00f3n de Ruman\u00eda y Bulgaria a la Uni\u00f3n Europea en la interpretaci\u00f3n del delito de tr\u00e1fico de extranjeros\u201d, Diario <em>La Ley<\/em>. Uni\u00f3n Europea, pp. 1 &#8211; 5.<\/p>\n<p>Guardiola Lago, Mar\u00eda Jes\u00fas (2008) \u201cLa traite des \u00eatres humains et l\u2019immigration clandestine en Espagne. R\u00e9f\u00e9chissent-elles lespr\u00e9visions des Nations Unies et de l\u2019Union Europ\u00e9enne?\u201d, en <em>Revue Internationale de Droit P\u00e9nal, <\/em>n\u00fam.<em> 79, <\/em>pp. 405 &#8211; 436.<\/p>\n<p>Rebollo Vargas, Rafael (2008) \u201cCr\u00edtica de la jurisprudencia en supuestos de tr\u00e1fico ilegal de personas\u201d en Revista<em> Iuris<\/em>, pp. 40 &#8211; 44.<\/p>\n<p>Guardiola Lago, Mar\u00eda Jes\u00fas (2007) <em>El tr\u00e1fico de personas en el Derecho penal espa\u00f1ol<\/em>, Aranzadi, Navarra, pp. 1 <em>&#8211; <\/em>447.<\/p>\n<p>Baucells Llad\u00f3s, Joan (2006) \u201cEl tr\u00e1fico ilegal de personas para su explotaci\u00f3n sexual\u201d en Ru\u00edz Rodr\u00edguez, Lu\u00eds Ram\u00f3n-Rodr\u00edguez Mesa, Mar\u00eda Jos\u00e9 (Coord.) <em>Inmigraci\u00f3n y sistema penal. Retos y desaf\u00edos para el siglo XXI<\/em>, Tirant lo Blanch, Valencia, pp. 173 &#8211; 202.<\/p>\n<p>Baucells Llad\u00f3s, Joan (2006) \u201c\u00bfEs el derecho penal un instrumento de protecci\u00f3n de los derechos de los extranjeros? en <em>Las fronteras de la ciudadan\u00eda en Espa\u00f1a y en la Uni\u00f3n europea<\/em>, Documenta Universitaria, Girona, pp. 265 &#8211; 280.<\/p>\n<p>Baucells Llad\u00f3s, Joan; Cuenca Garc\u00eda, Mar\u00eda Jos\u00e9 (2006) \u201cEl perfil criminol\u00f3gico del tr\u00e1fico para la explotaci\u00f3n sexual en Espa\u00f1a: Un fen\u00f3meno viejo con caracter\u00edsticas nuevas\u201d en Garc\u00eda Ar\u00e1n, Mercedes, (Coord.) <em>Trata de personas y explotaci\u00f3n sexual<\/em>, Comares, Granada, pp. 109 &#8211; 155.<\/p>\n<p>Cugat Mauri, Miriam (2006) \u201cSujetos protegidos por el delito de tr\u00e1fico de personas del art. 318 bis CP\u201d en Ru\u00edz Rodr\u00edguez, Lu\u00eds Ram\u00f3n-Rodr\u00edguez Mesa, Mar\u00eda Jos\u00e9 (Coord.) \u00a0<em>Inmigraci\u00f3n y Sistema<\/em> <em>penal. Retos y desaf\u00edos para el siglo XXI, <\/em>Tirant lo Blanch, Valencia, pp<em>. <\/em>203 &#8211; 222.<em>\u00a0<\/em><\/p>\n<p>Cugat Mauri, Miriam (2006) \u201cLa influencia de la UE en el modelo de persecuci\u00f3n del tr\u00e1fico de personas del C\u00f3digo penal espa\u00f1ol\u201d en Garc\u00eda Ar\u00e1n, Mercedes, (Coord.) \u00a0<em>Trata de personas y explotaci\u00f3n sexual, <\/em>Comares, Granada, pp. 56 &#8211; 94.<\/p>\n<p>Garc\u00eda Ar\u00e1n, Mercedes (2006) \u201cLa colaboraci\u00f3n de la v\u00edctima en la persecuci\u00f3n de redes organizadas\u201d en Garc\u00eda Ar\u00e1n, Mercedes, (Coord.) <em>Trata de personas y explotaci\u00f3n sexual<\/em>, Comares, Granada, pp. 296 &#8211; 307.<\/p>\n<p>Garc\u00eda Ar\u00e1n, Mercedes (2006) \u201cEl tr\u00e1fico de personas en general, (art. 318 bis del C\u00f3digo penal)\u201d en Garc\u00eda Ar\u00e1n, Mercedes, (Coord.) <em>Trata de personas y explotaci\u00f3n sexual<\/em>, Comares, Granada, pp. 206 &#8211; 240.<\/p>\n<p>Mor\u00f3n Lerma, Mar\u00eda Esther (2006), \u201cEl favorecimiento de la inmigraci\u00f3n clandestina de trabajadores\u201d, en Garc\u00eda Ar\u00e1n, Mercedes, (Coord.) <em>Trata de personas y<\/em> <em>explotaci\u00f3n sexual, <\/em>Comares, Granada, pp. 197 &#8211; 205.<\/p>\n<p>Rebollo Vargas, Rafael (2006) \u201cNormativa internacional\u201d, en Garc\u00eda Ar\u00e1n, Mercedes (Coord.) <em>Trata de personas y explotaci\u00f3n sexual<\/em>, Comares, Granada, pp. 33 &#8211; 55.<\/p>\n<p>Rodr\u00edguez Puerta, Mar\u00eda Jos\u00e9 (2006) \u201cDerecho comparado\u201d, en Garc\u00eda Ar\u00e1n, Mercedes (Coord.) <em>Trata de personas y explotaci\u00f3n sexual<\/em>, Comares, Granada, pp. 95 &#8211; 108.<\/p>\n<p>Garc\u00eda Ar\u00e1n, Mercedes (2005) \u201cTratamiento penal del tr\u00e1fico de personas\u201d <em>en Estudios de Derecho Judicial N\u00famero 76<\/em>, pp. 169 &#8211; 214.<\/p>\n<p>Garc\u00eda Ar\u00e1n, Mercedes (2004) \u201cT\u00edtulo XV. Delitos contra los derechos de los trabajadores\u201d en C\u00f3rdoba Roda, Juan-Garc\u00eda Ar\u00e1n, Mercedes (Dirs.) <em>Comentarios al C\u00f3digo Penal. Parte Especial<\/em>, Marcial Pons, Madrid, pp.1259-1322.<\/p>\n<p>Garc\u00eda Ar\u00e1n, Mercedes (2004) \u201cT\u00edtulo XV bis. Delitos contra los derechos de los ciudadanos extranjeros\u201d en C\u00f3rdoba Roda, Juan-Garc\u00eda Ar\u00e1n, Mercedes (Dirs.) <em>Comentarios al C\u00f3digo Penal. Parte Especial<\/em>, Marcial Pons, Madrid, pp.1323-1346.<\/p>\n<p>Cugat Mauri, Miriam (2001) \u201cLa expulsi\u00f3n de extranjeros: pol\u00edtica migratoria y funciones del Derecho penal\u201d en <em>Revista de Derecho y Proceso Penal<\/em>, pp. 23-37.<\/p>\n<\/div><\/div><\/div><\/section>\n<section class='av_toggle_section av-av_toggle-95ff470224120359a70282dd97fc77f7'  itemscope=\"itemscope\" itemtype=\"https:\/\/schema.org\/CreativeWork\" ><div role=\"tablist\" class=\"single_toggle\" data-tags=\"{All} \"  ><p data-fake-id='#toggle-id-4' class='toggler   '  itemprop=\"headline\"  role='tab' tabindex='0' aria-controls='toggle-id-4'>Dret penal securitari: delinq\u00fc\u00e8ncia patrimonial i sexual<span class=\"toggle_icon\"><span class=\"vert_icon\"><\/span><span class=\"hor_icon\"><\/span><\/span><\/p><div id='toggle-id-4' class='toggle_wrap  '  ><div class='toggle_content invers-color '  itemprop=\"text\" ><p>Tamarit Sumalla, J.M.\/ Guardiola Lago, M.J.\/ Padr\u00f3-Solanet, A.\/ Hern\u00e1ndez-Hidalgo, P. (2017): \u201cLa persecuci\u00f3n juridicial de la victimizaci\u00f3n sexual infantil: un estudio de flujo de casos\u201d, en Tamarit Sumalla, J.M<em>. <\/em>(Dir.)<em> La victimizaci\u00f3n sexual de menores de edad y la respuesta del sistema de justicia penal<\/em>, BdeF, Edisofer, S.L., pp. 167-200.<\/p>\n<p>Tamarit Sumalla, J.M.\/ Padr\u00f3-Solanet, A.\/ Guardiola Lago, M.J.\/ Hern\u00e1ndez Hidalgo, P. (2017): \u201cEstudio de sentencias: las decisiones judiciales en los casos de victimizaci\u00f3n sexual de menores\u201d, en Tamarit Sumalla, J.M<em>. <\/em>(Dir.)<em> La victimizaci\u00f3n sexual de menores de edad y la respuesta del sistema de justicia penal<\/em>, BdeF, Edisofer, S.L., pp. 97-165.<\/p>\n<p>Tamarit Sumalla, J.M.\/ Guardiola Lago, M.J.\/ Her\u00e1ndez Hidalgo, P.\/ Padr\u00f3 Solanet, A. (2017): \u201cThe judicial pursuit of the sexual victimization of children. How de criminal justice processes cases\u201d en <em>International Review of Victimology,<\/em> vol. 23:2, pp. 123-144.<\/p>\n<p>Baucells Llad\u00f3s, Joan (2015): \u201cEl nuevo \u201cderecho sancionador autoritario\u201d: acerca de la inconstitucionalidad del C\u00f3digo penal y la ley de protecci\u00f3n de la seguridad ciudadana\u201d, <em>Revista General de Derecho Penal<\/em>, vol. 24. Pp.1-40.<\/p>\n<p>Cugat Mauri, M. (2015): <em>La peque\u00f1a delincuencia<\/em>, Tirant lo Blanch, Valencia.<\/p>\n<p>Baucells Llad\u00f3s, Joan (2014): \u201cLa irreflexiva criminalizaci\u00f3n del hostigamiento en el proyecto de c\u00f3digo penal\u201d, <em>Revista General de Derecho Penal<\/em>, vol. 21.<\/p>\n<p>Baucells Llad\u00f3s, Joan (2014) \u201cReflexiones cr\u00edticas sobre el proyectado delito de hostigamiento\u201d en Gorj\u00f3n Barranco, M.C. (coord.)\/P\u00e9rez Cepeda, A. (dir.) <em>El proyecto de reforma del c\u00f3digo penal de 2013 a debate,<\/em> Ratio legis, Salamanca, pp. 75-88<\/p>\n<p>Cugat Mauri, Miriam (2014) \u201cLa tutela penal de los menores ante el online grooming: entre la necesidad y el exceso\u201d en <em>La ley penal. Revista de Derecho penal, procesal y penitenciario<\/em>, n\u00fam. 107, pp. 13-24; y en Riquert, Marcelo A. (Coordinador), <em>Ciberdelitos<\/em>, Hammurabi, Buenos Aires, pp. 253-276.<\/p>\n<p>Cugat Mauri, Miriam (2014) \u201cT\u00edtulo VIII\u00a0 Delitos contra la libertad e indemnidad sexuales\u201d en C\u00f3rdoba Roda,J.-Garc\u00eda Ar\u00e1n,M. (Dir.) <em>Comentarios al c\u00f3digo penal. Parte Especial<\/em>, Marcial Pons, Madrid, pp. 311-424.<\/p>\n<p>Tamarit Sumalla, J.M\/ Guardiola Lago, M.J.\/ Hern\u00e1ndez Hidalgo, P.\/ Padr\u00f3-Solanet, A. (2014): \u201cLa victimizaci\u00f3n sexual de menores de edad: un estudio de sentencias\u201d, <em>Revista Espa\u00f1ola de Investigaci\u00f3n Criminol\u00f3gica<\/em>, vol. 12., pp. 1-39.<\/p>\n<p>Rebollo Vargas, R. y AA.VV. (2013): \u201cCustodia de seguridad\u201d, en \u00c1lvarez Garc\u00eda, F.J.\/ Dopico G\u00f3mez-Aller, J. (Dir.) <em>Estudio cr\u00edtico sobre el Anteproyecto de reforma penal de 2012<\/em>, Tirant lo Blanch, Valencia, pp. 398-403.<\/p>\n<p>De Vicente, R.\/ Baucells Llad\u00f3s, J.\/ Brage, S. (2013): \u201cDelito de hurto\u201d, en \u00c1lvarez Garc\u00eda, F.J.\/ Dopico G\u00f3mez-Aller, J. \u00a0(Dir.) <em>Estudio cr\u00edtico sobre el anteproyecto de reforma penal de 2012<\/em>, Tirant lo Blanch, Valencia, pp. 717-725<\/p>\n<p>Faraldo Cabana, P.\/ Cuenca Garc\u00eda, M.J. (2013): \u201cAsociaciones il\u00edcitas, organizaciones y grupos Criminales\u201d, en \u00c1lvarez Garc\u00eda, F.J.\/ Dopico G\u00f3mez-Aller, J. (Dir.) <em>Estudio Cr\u00edtico sobre el Anteproyecto de Reforma Penal de 2012,<\/em> Tirant lo Blanch, Valencia, pp. 943-953<\/p>\n<p>Cuenca Garc\u00eda, M.J. (2012) \u201cLa criminalidad organizada tras la reforma del C\u00f3digo penal espa\u00f1ol: una visi\u00f3n desde el Derecho italiano\u201d, <em>La Ley. Revista de Derecho Penal, Procesal y Penitenciario,<\/em> n\u00fam. 93, pp. 59-85.<\/p>\n<p>Cuenca Garc\u00eda, M.J. (2012) \u201cLa peque\u00f1a criminalidad insidiosa en las infracciones contra el patrimonio. An\u00e1lisis de las \u00faltimas reformes legales\u201d, <em>Revista penal<\/em>, n\u00fam. 29, pp. 48-68.<\/p>\n<p>Cugat Mauri, M.\/ Aguilar Romo, M.\/ Cuenca Garc\u00eda, M.J.\/ Guardiola Lago, M.J.\/ Navarro Blasco, E.\/ Rebollo Vargas, R. (2012): \u201cObjectius i car\u00e8ncies de la pol\u00edtica criminal contra la petita delinq\u00fc\u00e8ncia\u201d, <em>Revista Catalana de Seguretat P\u00fablica<\/em>, pp. 177-225.<\/p>\n<p>Cugat Mauri, Miriam (2011) \u201cTema XXIX: Robo y hurto de uso de veh\u00edculos a motor\u201d en G. Quintero, J.C. Carbonell, F. Morales, N. Garcia, F.J. \u00c1lvarez, <em>Esquemas de la Parte Especial del Derecho Penal, <\/em>Tirant lo Blanch, Valencia.<\/p>\n<p>Garc\u00eda Ar\u00e1n, M. (2011): La delincuencia patrimonial cl\u00e1sica en la reforma penal de 2010: hurto, robo y estafa\u201d, <em>Revista Jur\u00eddica de Catalunya<\/em>, n\u00fam. 4, pp. 109-123.<\/p>\n<p>Mor\u00f3n Lerma, E. (2011): \u201cPornograf\u00eda infantil en internet\u201d, en <em>Nuevas realidades penales y penitenciarias: los retos en un escenario de cambios,<\/em> HACHE, C\u00e1ceres, pp. 35-48.<\/p>\n<p>Rebollo Vargas, R. (2011): \u201cReflexiones y propuestas sobre el tratamiento penal y procesal de la peque\u00f1a delincuencia patrimonial\u201d, <em>Estudios Penales y Criminol\u00f3gicos,<\/em> pp. 553-583.<\/p>\n<p>Tamarit Sumalla, J.M.\/ Luque Reina, E.\/ Guardiola Lago, M.J.\/ Salinero Echeverr\u00eda, S. (2011): \u201cVictimizaci\u00f3n de migrantes. Una encuesta a colombianos en Catalu\u00f1a\u201d, <em>Revista Electr\u00f3nica de Ciencia Penal y Criminolog\u00eda<\/em>, vol. 13-11, pp. 1-22.<\/p>\n<p>Cugat Mauri, M. (2010): <em>Sectas y Sectarios ante el Derecho Penal<\/em>, Aranzadi, Navarra, pp. 1-199.<\/p>\n<p>Cugat Mauri, M. (2010): \u201cLibertad e indemnidad sexuales: arts. 181.3 CP, 183.1 y 183.2 PCP, y 189 CP\u201d, en <em>Consideraciones a prop\u00f3sito del Proyecto de Ley de 2009 de modificaci\u00f3n del C\u00f3digo Penal,<\/em> Tirant lo Blanch, Valencia, pp. 217-221.<\/p>\n<p>Cugat Mauri, M. (2010): \u201cLa ampliaci\u00f3n del concepto normativo de llave falsa, art. 239 CP\u201d, en Quintero Olivares,G (Dir.) \u00a0<em>La Reforma Penal de 2010: An\u00e1lisis y Comentarios<\/em>, Aranzadi, Navarra, pp. 201-203.<\/p>\n<p>Cugat Mauri, M. (2010): \u201cLa adaptaci\u00f3n de los delitos relativos a la prostituci\u00f3n y corrupci\u00f3n de menores a la Decisi\u00f3n Marco 2004\/68\/JAI, arts. 187 y 188\u201d, en Quintero Olivares,G (Dir.) <em>La Reforma Penal de 2010: An\u00e1lisis y Comentarios<\/em>, Aranzadi, Navarra, pp. 173-176.<\/p>\n<p>Cugat Mauri, M. (2010): \u201cDelitos contra la libertad e indemnidad sexuales\u201d, en \u00c1lvarez Garc\u00eda, F.J.\/ Gonz\u00e1lez Cussac, J.L. <em>Comentarios a la Reforma Penal de 2010<\/em>, Tirant lo Blanch, Valencia, pp. 225-247.<\/p>\n<p>Guardiola Lago, M.J. (2010): \u201cLa reforma penal en el delito y falta de hurto\u201d, en \u00c1lvarez Garc\u00eda, F.J.\/ Gonz\u00e1lez Cussac, J.L. <em>Comentarios a la Reforma penal de 2010,<\/em> Tirant lo Blanch, Valencia, pp. 157-167.<\/p>\n<p>Garc\u00eda Rivas\/ Gonz\u00e1lez Cussac\/ Cancio Meli\u00e0\/ Cuenca Garc\u00eda\/ Rodr\u00edquez Puerta\/ Faraldo Cabana\/ Manj\u00f3n-Cabeza\/ Lamarca P\u00e9rez\/ Brand\u00e1riz Garc\u00eda\/ Garrocho Salcedo (2010) \u201cDelitos de organizaci\u00f3n. Arts. 515 y 516, 570 bis y ss, 571 y ss. (Asociaciones il\u00edcitas, Organizaciones Criminales y Delitos de Terrorismo)\u201d, en \u00c1lvarez Garc\u00eda, F.J.\/ Gonz\u00e1lez Cussac, J.L. (Dir.) <em>Consideraciones a prop\u00f3sito del Proyecto de Ley de 2009 de modificaci\u00f3n del C\u00f3digo Penal<\/em>, Tirant lo Blanch, Valencia, pp. 409-424.<\/p>\n<p>Rebollo Vargas, R. (2010): \u201cLibertad vigilada\u201d, en \u00c1lvarez Garc\u00eda, J.L.\/ Gonz\u00e1lez Cussac, J.L: <em>Consideraciones a prop\u00f3sito del Proyecto de Ley de 2009 de modificaci\u00f3n del C\u00f3digo penal,<\/em> Tirant lo Blanch, Valencia, pp. 485-488.<\/p>\n<p>Garc\u00eda Ar\u00e1n, M. (2009), \u201cInjusto individual e injusto social en la violencia machista (A prop\u00f3sito de la STC 59\/2008 sobre el maltrato masculino a la mujer pareja), en <em>Constituci\u00f3n, Derechos Fundamentales y Sistema Penal (Homenaje al Prof. Vives Ant\u00f3n)<\/em>, Tirant lo Blanch, Valencia, pp. 649-670.<\/p>\n<p>Guardiola Lago, M.J. (2009): \u201cLa v\u00edctima de violencia de g\u00e9nero en el sistema de justicia y la prohibici\u00f3n de la mediaci\u00f3n penal\u201d, <em>Revista General de Derecho Penal,<\/em> vol. 12, pp. 1-41.<\/p>\n<p>Torres\/ Luque\/ Villacampa\/ Rodr\u00edguez Puerta\/ Mor\u00f3n (2008): \u201cLa utilizaci\u00f3n de los sistemas de control electr\u00f3nico monitorizado en la poblaci\u00f3n penada en Catalunya\u201d, <em>Revista Investbreu<\/em>, n\u00fam. 43, pp. 5-8.<\/p>\n<p>Cugat Mauri, M. (2007): \u201cSituaci\u00f3n y panorama de los delitos sexuales\u201d, <em>La Ley Penal, Revista de Derecho Penal, Procesal y Penitenciario<\/em>, pp. 27-40.<\/p>\n<p>Garc\u00eda Ar\u00e1n, M. (2007): \u201cLa multirreincidencia en la reforma penal de 2003\u201d, <em>Revista Galega de Seguridade Publica<\/em>, n\u00fam. 9, pp. 127-137.<\/p>\n<p>Baucells Llad\u00f3s, Joan (2004) \u201cArt. 245\u201d en C\u00f3rdoba,J.-Garc\u00eda Ar\u00e1n,M. (Drs.) <em>Comentarios al c\u00f3digo penal. Parte especial<\/em>, Marcial Pons, Madrid, pp. 709-739.<\/p>\n<p>Cugat Mauri, M. (2004) \u201cDelitos relativos a la prostituci\u00f3n y corrupci\u00f3n de menores\u201d en \u00c1lvarez Garc\u00eda (dir.), <em>Derecho Penal Espa\u00f1ol Parte Especial (I),<\/em> Tirant lo Blanch, Valencia, pp. 477-522.<\/p>\n<p>Garc\u00eda Ar\u00e1n, Mercedes (2004) \u201cArt. 234 a 243\u201d en C\u00f3rdoba,J.-Garc\u00eda Ar\u00e1n,M. (Drs.) <em>Comentarios al c\u00f3digo penal. Parte especial,<\/em> Marcial Pons, Madrid, pp. 615-709.<\/p>\n<p>Cugat Mauri, Miriam (2004) \u201cT\u00edtulo VIII. Delitos contra la libertad y la indemnidad sexuales\u201d en C\u00f3rdoba,J.-Garc\u00eda Ar\u00e1n,M. (Drs.) <em>Comentarios al c\u00f3digo penal. Parte especial, <\/em>Marcial Pons, Madrid, pp. 311-424.<\/p>\n<p>Cugat Mauri, M. (2001): \u201cPanorama del Diritto penale sessuale spagnolo\u201d, en <em>Critica del Diritto<\/em>, vol. 1-2, pp. 84-97.<\/p>\n<p>Cugat Mauri, M. (2001): \u201cLa expulsi\u00f3n de extranjeros: pol\u00edtica migratoria y funciones del Derecho penal\u201d, <em>Revista de Derecho y Proceso Penal<\/em>, Vol. 2, pp. 23-37.<\/p>\n<p>Cuenca Garc\u00eda, M.J. (1998) \u201cLa violencia habitual en el \u00e1mbito familiar\u201d, <em>Revista Jur\u00eddica de Catalunya<\/em>, vol. 4, pp. 629-663.<\/p>\n<p>Garc\u00eda Ar\u00e1n, M. (1998): <em>El delito de hurto<\/em>, Tirant lo Blanch, Valencia, pp. 3-159.<\/p>\n<p>Cugat Mauri, M. (1993): \u201cLa ambivalencia de la protecci\u00f3n de la libertad sexual. Jurisprudencia del Tribunal Supremo sobre el delito de violaci\u00f3n\u201d, <em>Jueces para la Democracia<\/em>, vol. 20, pp. 73-83.<\/p>\n<\/div><\/div><\/div><\/section>\n<section class='av_toggle_section av-av_toggle-8f9082747b71a777111c59f2bfb7edfe'  itemscope=\"itemscope\" itemtype=\"https:\/\/schema.org\/CreativeWork\" ><div role=\"tablist\" class=\"single_toggle\" data-tags=\"{All} \"  ><p data-fake-id='#toggle-id-5' class='toggler   '  itemprop=\"headline\"  role='tab' tabindex='0' aria-controls='toggle-id-5'>Delinq\u00fc\u00e8ncia econ\u00f3mica<span class=\"toggle_icon\"><span class=\"vert_icon\"><\/span><span class=\"hor_icon\"><\/span><\/span><\/p><div id='toggle-id-5' class='toggle_wrap  '  ><div class='toggle_content invers-color '  itemprop=\"text\" ><p>Baucells Llad\u00f3s, Joan (2019), \u00abTentativa inacabada de protecci\u00f3n penal del medio ambiente\u00bb, en\u00a0<em>Revista Catalana de Derecho Ambiental<\/em>,\u00a0Vol. X, N\u00fam. 1 (2019), pp. 1-31 enlla\u00e7 obert (<a href=\"https:\/\/revistes.urv.cat\/index.php\/rcda\/article\/view\/2537\" target=\"_blank\" rel=\"noopener\">veure article<\/a>)<\/p>\n<p>Cugat Mauri, Miriam (2018), \u201cElementos subjetivos del delito y l\u00edmites de las compliance anticorrupci\u00f3n: a prop\u00f3sito de la dif\u00edcil delimitaci\u00f3n entre gastos de representaci\u00f3n y pagos de facilitaci\u00f3n\u201d, en <em>Estudios Penales y Criminol\u00f3gicos<\/em>, vol. XXXVIII (extr.), pp. 1-58.<\/p>\n<p>Baucells Llad\u00f3s, Joan\u00a0(2018)<strong>,<\/strong>\u00a0\u00abLos problemas del nuevo delito ecol\u00f3gico en la reforma penal de 2015\u00bb en\u00a0<em>Tamarit<\/em><em>,<\/em> J.M\u00aa.-Garc\u00eda Albero,R.- Morales Prats, F. (Dir.) <em>Represi\u00f3n penal y Estado de derecho. Homenaje al profesor Gonzalo Quintero Olivares,<\/em> Aranzadi, pp. 771-785.<\/p>\n<p>Cuenca Garc\u00eda, Mar\u00eda Jos\u00e9\u00a0(2018),\u00a0\u201cLa incidencia de la \u201cnueva\u201d imprudencia menos grave en la siniestralidad laboral\u201d, en\u00a0<em>Liber amicorum. Estudios jur\u00eddicos en Homenaje al Prof. Dr. Dr. h.c. Juan Terradillos Basoco<\/em>, Tirant lo blanch, Valencia, pp. 1155-1168.<\/p>\n<p>Cugat Mauri, Miriam (2017) \u201cReport on Criminal Protection in the food market in Spain\u201d en <em>Revista internacional de Derecho\u00a0 Penal<\/em>&#8211; Food Regulation and Criminal Justice\u00a0 (International Colloquium Section II of the AIDP XXth World Congress, Beijing, China, 23rd-26th September 2016), pp. 245-266.<\/p>\n<p>Rebollo Vargas, Rafael\u00a0 (2017),\u00a0 \u201cControversias sobre algunos elementos del delito de lavado de activos de origen delictivo\u201d, en Riquert Marcelo, (Dir.) <em>Insolvencias punibles y delitos contra el orden socioecon\u00f3mico,<\/em> Editorial Hammurabi, Buenos Aires, 2017, <em>pp. 157-176.<\/em><\/p>\n<p>Rebollo Vargas, Rafael\u00a0 (2017), Voz: \u201cEnga\u00f1o en el delito de estafa\u201d, en Boix Reig,J.-Lloria Garc\u00eda,P. (Dirs.), <em>Diccionario de Derecho penal econ\u00f3mico<\/em>,\u00a0 (2\u00aa edici\u00f3n), Editorial Iustel,\u00a0 Madrid, <em>pp. 463-471.<\/em><\/p>\n<p>Cugat Mauri, Miriam (2016) \u201cThe applicability of Joachim Vogel&#8217;s objective-normative conception of fraud to current demands\u201d en <em>Die Verfassung moderner Strafrechtspflege<\/em>\u00b8 Nomos, Baden-Baden, pp. 443.455.<\/p>\n<p>Cugat Mauri, Miriam (2015) \u201cLa reforma de la responsabilidad penal de las personas jur\u00eddicas: el papel del juez ante el peligro de hipertrofia de las compliance\u201d en <em>Estudios Penales y Criminol\u00f3gicos<\/em>, vol. XXXV, pp. 919-963.<\/p>\n<p>Cuenca Garc\u00eda, Mar\u00eda Jos\u00e9\u00a0(2014)\u00a0\u201cLimitaciones del derecho penal en la prevenci\u00f3n de los delitos contra los derechos de los trabajadores\u201d, en\u00a0<em>La delincuencia econ\u00f3mica. Prevenir y sancionar<\/em>, Dir. Garc\u00eda Ar\u00e1n, M., Tirant lo Blanch, Valencia, pp. 167-210.<\/p>\n<p>Baucells Llad\u00f3s,\u00a0 Joan-Vernet Llobet, J. (Ed.) (2014), <em>La prevenci\u00f3n y el control integrados de la contaminaci\u00f3n,<\/em>\u00a0 Editorial Marcial Pons, Madrid-Barcelona, <em>pp. 1-397.<\/em><\/p>\n<p>Baucells Llad\u00f3s, Joan (2014) \u201cLimitaciones del derecho penal en la protecci\u00f3n del mercado y los consumidores: Dos ejemplos; El delito publicitario\u201d en Garc\u00eda Ar\u00e1n, M. (Dir.) <em>La delincuencia econ\u00f3mica. Prevenir y sancionar<\/em>,\u00a0 Editorial Tirant lo Blanch, Valencia, <em>pp. 271-296.<\/em><\/p>\n<p>Baucells Llad\u00f3s, Joan (2014), \u201cSistema de penas para la delincuencia econ\u00f3mica en derecho espa\u00f1ol\u2019 en Garc\u00eda Ar\u00e1n, M. (Dir.) <em>La delincuencia econ\u00f3mica. Prevenir y sancionar<\/em>,\u00a0 Editorial Tirant lo Blanch, Valencia, <em>pp. 393-424.<\/em><\/p>\n<p>Cugat Mauri, Miriam (2015) \u201cLimitaciones del derecho penal en la prevenci\u00f3n de las crisis bancarias y propuestas de reforma\u201d en Garc\u00eda Ar\u00e1n (dir), <em>La delincuencia econ\u00f3mica. Prevenir y sancionar<\/em>, Tirant lo Blanch, Valencia, pp. 297-334.<\/p>\n<p>Guardiola Lago, Mar\u00eda Jes\u00fas (2014), \u201cAlcance de la protecci\u00f3n extrapenal de la competencia\u201d en Garc\u00eda Ar\u00e1n, M. (Dir<em>.) La delincuencia econ\u00f3mica. Prevenir y sancionar<\/em>,\u00a0 Editorial Tirant lo Blanch, Valencia, <em>pp. 212-232.<\/em><\/p>\n<p>Guardiola Lago, Mar\u00eda Jes\u00fas (2014), \u201cEl delito de corrupci\u00f3n entre particulares\u201d\u00a0 en Garc\u00eda Ar\u00e1n, M. (Dir.) <em>La delincuencia econ\u00f3mica. Prevenir y sancionar<\/em>,\u00a0 Editorial Tirant lo Blanch, Valencia, <em>pp. 232-271.<\/em><\/p>\n<p>Rebollo Vargas, Rafael (2014) \u201cLimitaciones del Derecho penal en la prevenci\u00f3n del blanqueo de capitales\u201d\u00a0 en Garc\u00eda Ar\u00e1n, M. (Dir.) <em>La delincuencia econ\u00f3mica. Prevenir y sancionar<\/em>,\u00a0 Editorial Tirant lo Blanch, Valencia, <em>pp. 125-166<\/em><\/p>\n<p>Rebollo Vargas, Rafael- Casas Hervilla, Jordi (2014) \u201cEl proceso penal y la investigaci\u00f3n de la delincuencia econ\u00f3mica\u201d, en\u00a0 Garc\u00eda Ar\u00e1n, M. (Dir.) <em>La delincuencia econ\u00f3mica. Prevenir y sancionar<\/em>,\u00a0 Editorial Tirant lo Blanch, Valencia, <em>pp. 335-367.<\/em><\/p>\n<p>Cuenca Garc\u00eda, Mar\u00eda Jos\u00e9 (2013),\u00a0\u201cPrevenci\u00f3n penal y extrapenal de la siniestralidad laboral\u201d, en\u00a0<em>Revista de Estudios Penales y Criminol\u00f3gicos<\/em>\u00a0(Universidad de Santiago), n\u00fam. 33, pp. 1-57.<\/p>\n<p>Baucells Llad\u00f3s, Joan &#8211; Petit,Beno\u00eet\u00a0 (2013)\u00a0 \u201dPossibilities and limits of environmental criminal protection: Reflections on the Erika and Prestige cases (or how an organized irresponsibility system carries on)\u201d, en <em>Indret, Revista para el an\u00e1lisis del derecho<\/em>, Barcelona, pp. <em>1-17<\/em>.<\/p>\n<p>Baucells Llad\u00f3s, Joan (2013) \u201cLas penas para las personas jur\u00eddicas en la reforma penal de 2010. Un an\u00e1lisis cr\u00edtico\u201d, <em>en Estudios Penales y Criminol\u00f3gicos de la Universidad de Santiago de Compostela, pp. 175-218<\/em><\/p>\n<p>Cugat Mauri, Miriam (2013) \u201cLa capacidad del derecho penal ante la mala gesti\u00f3n bancaria\u201d en <em>La ley penal. Revista de Derecho penal, procesal y penitenciario<\/em>, n\u00fam. 105, pp. 41-53.<\/p>\n<p>Garc\u00eda Ar\u00e1n, Mercedes (2013), \u201cLa prevenci\u00f3n del delito urban\u00edstico m\u00e1s all\u00e1 del derecho penal\u201d en\u00a0 <em>Libro homenaje al Profesor Luis Rodr\u00edguez Ramos<\/em>, Editorial Tirant lo Blanch, Valencia, pp. 1001-1025.<\/p>\n<p>Rebollo Vargas, Rafael (2013),\u00a0 \u201cLa deslegitimaci\u00f3n de la prevenci\u00f3n del blanqueo de capitales en Espa\u00f1a. An\u00e1lisis cr\u00edtico de algunos aspectos de la Ley 10\/2010, de 28 de abril, de prevenci\u00f3n del blanqueo de capitales y de la financiaci\u00f3n del terrorismo\u201d, en\u00a0 <em>Revista de Derecho Penal y Criminolog\u00eda,<\/em> UNED, Madrid,\u00a0 p\u00e1gs. 187-236<em>.<\/em><\/p>\n<p>Rebollo Vargas, Rafael \u2013Casas Hervilla, Jordi (2013) \u201cReflexiones, problemas y propuestas para la investigaci\u00f3n de la delincuencia econ\u00f3mica\u201d en <em>Revista General de Derecho Penal<\/em>,\u00a0\u00a0 pp. 1-31.<\/p>\n<p>Baucells Llad\u00f3s,Joan, (2012), \u201cSistema de penas para el delincuente econ\u00f3mico\u201d en\u00a0\u00a0 <em>Cuadernos de Pol\u00edtica Criminal,<\/em> Madrid, <em>pp. 143-182.<\/em><\/p>\n<p>Cugat Mauri, Miriam (2012) \u201cResponsabilidad penal de las personas jur\u00eddicas, transnacionalidad y bis in \u00eddem\u201d en <em>Revista General de Derecho Penal<\/em>, n\u00fam. 17, pp. 1-15.<\/p>\n<p>Rodr\u00edguez Puerta, Mar\u00eda Jos\u00e9 (2012), \u201cEl nuevo delito de corrupci\u00f3n privada: Luces y sombras\u201d, en <em>Cuadernos de Derecho para Ingenieros<\/em>, n\u00fam. 14, Editorial La ley, Madrid, <em>pp. 119-139.<\/em><\/p>\n<p>Mor\u00f3n Lerma, Mar\u00eda Esther (2012), \u201cEl compliance officer: r\u00e9gimen y responsabilidad\u201d, en <em>Cuadernos de Derecho para Ingenieros<\/em>, Editorial La Ley, Madrid, <em>pp. 59-65. <\/em><\/p>\n<p>Cugat Mauri, Miriam (2012) \u201cDelitos contra la Hacienda P\u00fablica y la Seguridad Social\u201d en \u00c1lvarez Garc\u00eda (dir), <em>Derecho Penal Espa\u00f1ol. Parte Especial (II)<\/em>, Tirant lo Blanch, Valencia, pp. 793-859.<\/p>\n<p>Garc\u00eda Ar\u00e1n, Mercedes (2011), \u201cSanci\u00f3n de las personas jur\u00eddicas en el C\u00f3digo Penal espa\u00f1ol y propuestas de reforma\u201d en <em>Dogm\u00e1tica penal de derecho penal econ\u00f3mico y pol\u00edtica criminal (Homenaje al Prof. Tiedemann<\/em>), Universidad San Mart\u00edn de Porres, Lima (Per\u00fa), <em>pp. 125-159.<\/em><\/p>\n<p>Garc\u00eda Ar\u00e1n, Mercedes (2011), \u201cReparaci\u00f3n a la v\u00edctima y mediaci\u00f3n en la delincuencia econ\u00f3mica, en <em>Un derecho penal comprometido (Libro homenaje al Prof. Landrove),<\/em> Editorial Tirant lo Blanch, Valencia, <em>pp. 449 &#8211; 480.<\/em><\/p>\n<p>Rebollo Vargas, Rafael (2011), \u201cReceptaci\u00f3n y Blanqueo de Capitales\u201d, en \u00c1lvarez Garc\u00eda, F.J. Dir, <em>Derecho Penal Espa\u00f1ol. Parte Especial<\/em>, T.II, Editorial Tirant lo Blanch, Valencia,\u00a0 p\u00e1gs. 761- 791.<\/p>\n<p>Rebollo Vargas, Rafael\u00a0 (2011), \u201cDe los Hurtos\u201d, en \u00c1lvarez Garc\u00eda, F.J. Dir<em>, Esquemas de la Parte Especial del Derecho Penal<\/em>, Editorial Tirant lo Blanch, Valencia,\u00a0 pp. 261-267<\/p>\n<p>Rebollo Vargas, Rafael\u00a0 (2011), \u201cDe los Robos\u201d, en \u00c1lvarez Garc\u00eda, F.J. Dir, <em>Esquemas de la Parte Especial del Derecho Penal,<\/em> Editorial Tirant lo Blanch, Valencia,\u00a0 pp. 269-275.<\/p>\n<p>Baucells Llad\u00f3s, Joan (2010), \u201cConsideracions espec\u00edfiques sobre les noves propostes del projecte de reforma del codi penal de 2009 en materia d\u2019ordenaci\u00f3 del territori i medi ambient\u201d <em>en\u00a0 Revista Catalana de Dret Ambiental<\/em>, Barcelona, <em>pp. 1-30.<\/em><\/p>\n<p>Baucells Llad\u00f3s, Joan- Mauro,C., (2009) \u00abVers l\u2019introduction de la responsabilit\u00e9 p\u00e9nale des personnes morales en droit espagnol\u00bb , <em>en Revue des sciences criminelles, <\/em>octobre-desembre, pp. 815-825<em>.\u00a0\u00a0 <\/em><\/p>\n<p>Cugat Mauri, Miriam (2009) \u201cEl concepto penal de subvenci\u00f3n\u201d en Nieto Mart\u00edn, Ad\u00e1n (coord.) <em>Estudios de Derecho penal econ\u00f3mico<\/em>, Universidad de Ibagu\u00e9 \/ Universidad de Castilla-La Mancha, Ibagu\u00e9 (Colombia), pp. <em>275-288.<\/em><\/p>\n<p>Mor\u00f3n Lerma, Mar\u00eda Esther (2009)\u00a0 \u201cLa responsabilidad penal de las personas jur\u00eddicas: nuevas estrategias pol\u00edtico-criminales\u201d, en Tamarit,J.M\u00aa (Dir.) <em>Las sanciones penales en Europa<\/em>, Editorial Aranzadi, Pamplona, pp.\u00a0 341-398<\/p>\n<p>Rodr\u00edguez Puerta, Mar\u00eda Jos\u00e9 (2009), \u201cLa pol\u00edtica europea en materia de comiso\u201d, en Tamarit,J.M\u00aa (Dir.) <em>Las sanciones penales en Europa,<\/em> Editorial Aranzadi, Pamplona, pp. 399-438.<\/p>\n<p>Baucells-Llad\u00f3s, J. (2008) \u201cLa atenuante de reparaci\u00f3n del da\u00f1o ambiental ante la Directiva 004\/35\/CE de la responsabilidad ambiental\u201d en Quintero Olivares, G.-Morales Prats,F. (coord.) <em>Estudios de derecho ambiental. Libro Homenaje al profesor Josep Miquel Prats Canut.,<\/em> Tirant lo Blanch, Valencia, <em>pp. 427-444<\/em><\/p>\n<p>Baucells Llad\u00f3s,\u00a0 J (2008)\u00a0 \u201dInfrazioni e sanzioni a tutela dell\u2019ambiente nell\u2019ordinamento giuridico spagnolo\u201d, en <em>Rivista giuridica dell\u2019ambiente. Numero speciale sulle sanzioni ambientali, <\/em>Guiffr\u00e9, Milano, pp. 61-76.<\/p>\n<p>Cugat Mauri, Miriam (2008) \u201cEl concepto de subvenci\u00f3n en los delitos contra la Hacienda P\u00fablica\u201d\u00a0 en <em>Revista Jur\u00eddica de Catalunya<\/em>, Vol. IV, Barcelona,\u00a0 <em>pp. 167-185. <\/em><\/p>\n<p>Cugat Mauri, Miriam (2008) \u201cEl l\u00edmite de adecuaci\u00f3n social de las conductas contaminantes\u201d en <em>Estudios de Derecho ambiental. Libro Homenaje al Profesor J.M. Prats Canut,<\/em> Editorial Tirant lo Blanch, Valencia, <em>pp. 445-467<\/em>.<\/p>\n<p>Cugat Mauri, Miriam (2008) \u201cCorrupci\u00f3n privada\u201d en Boig Reig,J.-Lloria Garc\u00eda,P. (Dir.) <em>Diccionario de Derecho Penal Econ\u00f3mico<\/em>, 1\u00aa. Ed., iustel, Madrid, pp. 275-279.<\/p>\n<p>Garc\u00eda Ar\u00e1n, Mercedes (2008), \u201cLas consecuencias aplicables a las empresas en los delitos contra el medio ambiente\u201d, en <em>Estudios de Derecho ambiental. Libro Homenaje al Prof. Prats Canut<\/em>, Editorial Tirant lo Blanch, Valencia,\u00a0 <em>pp. 547 \u2013 577.<\/em><\/p>\n<p>Rebollo Vargas, Rafael (2008), \u201cPropuestas para la controversia en la delimitaci\u00f3n t\u00edpica del delito de estafa: la delimitaci\u00f3n con el fraude civil y la reinterpretaci\u00f3n del enga\u00f1o\u201d, en <em>Revista Derecho y Proceso Penal,<\/em> Editorial Aranzadi, Pamplona, pp. <em>93-118.<\/em><\/p>\n<p>Rebollo Vargas, Rafael (2008), Voz: \u201cEnga\u00f1o en el delito de estafa\u201d, en Boig Reig,J.-Lloria Garc\u00eda,P. (Dir.) <em>Diccionario de Derecho penal econ\u00f3mico<\/em>, Editorial Iustel. Madrid, pp.\u00a0 439-446<em>.<\/em><\/p>\n<p>Baucells Llad\u00f3s, J (2007), <em>Nuevas perspectivas de la pol\u00edtica criminal europea en materia ambiental,<\/em> Editorial Atelier, Barcelona, <em>pp. 1-232.<\/em><\/p>\n<p>Cugat Mauri, Miriam (2007) \u201cConfiguraci\u00f3n del fraude de subvenciones a la luz de la normativa administrativa\u201d en <em>Revista<\/em> <em>Iuris<\/em>, Madrid, pp. 39-44.<\/p>\n<p>Garc\u00eda Ar\u00e1n, Mercedes (2007), \u201cLas consecuencias aplicables a las personas jur\u00eddicas en el C\u00f3digo penal vigente y en el proyecto de reforma de 2007\u201d, <em>en Estudios de Derecho Judicial, Consejo General del Poder Judicial, <\/em>Madrid, pp. <em>235 &#8211; 279.<\/em><\/p>\n<p>Cugat Mauri, Miriam (2006) \u201cLa presentaci\u00f3n de documentos falsos en el proceso concursal\u201d en <em>Revista Iuris<\/em>, Madrid, pp. <em>44-50.<\/em><\/p>\n<p>Cugat Mauri, Miriam (2005) \u201cResponsabilidades penales de los administradores en las Sociedades en crisis\u201d, en <em>La Ley Penal. Revista de Derecho Penal, Procesal y Penitenciario<\/em>, Madrid, pp. <em>16-32.<\/em><\/p>\n<p>Cugat Mauri, Miriam (2005) \u201cLa sorprendente novedad de la quiebra del particular\u201d, en\u00a0 <em>Diario La Ley<\/em>, Madrid, pp. <em>14-16.<\/em><\/p>\n<p>Rebollo Vargas, Rafael (2005), \u201cFunci\u00f3n real y simb\u00f3lica de los delitos societarios\u201d, en <em>Revista de Estudios Penales y Criminol\u00f3gicos. Universidad Santiago de Compostela<\/em>, <em>pp. 213-241.<\/em><\/p>\n<p>Cugat Mauri, Miriam (2004) \u201cEl impacto de la nueva ley concursal en el delito de quiebra\u201d en <em>La ley: revista jur\u00eddica espa\u00f1ola de doctrina, jurisprudencia y bibliograf\u00eda<\/em>, n\u00fam. 61, 1610-1618.<\/p>\n<p>Cugat Mauri, Miriam (2004) \u201cLa corrupci\u00f3n en las transacciones comerciales internacionales\u201d, en\u00a0 <em>Estudios de Derecho Judicial, Consejo General del Poder Judicial,\u00a0 pp. 325-346.<\/em><\/p>\n<p>Cugat Mauri, Miriam (2004) \u201cArt. 259 -261\u201d en C\u00f3rdoba,J.-Garc\u00eda Ar\u00e1n,M. (Drs.) <em>Comentarios al c\u00f3digo penal. Parte especial<\/em>, Marcial Pons, Madrid, pp. 881-909.<\/p>\n<p>Cugat Mauri, Miriam (2004) \u201cArt. 306 y 308 a 310\u201d en C\u00f3rdoba,J.-Garc\u00eda Ar\u00e1n,M. (Drs.) <em>Comentarios al c\u00f3digo penal. Parte especial<\/em>, Marcial Pons, Madrid, pp.1233-1257.<\/p>\n<p>Garc\u00eda Ar\u00e1n, Mercedes (2004) \u201cArt. 255 y 256\u201d en C\u00f3rdoba,J.-Garc\u00eda Ar\u00e1n,M. (Drs.) <em>Comentarios al c\u00f3digo penal. Parte especial<\/em>, Marcial Pons, Madrid, pp. 860-864.<\/p>\n<p>Guardiola Lago, Mar\u00eda Jes\u00fas (2004), <em>Responsabilidad penal de las personas jur\u00eddicas y alcance del art\u00edculo 129 del C\u00f3digo penal, <\/em>Editorial Tirant lo Blanch, Valencia, <em>pp. 1-179.<\/em><\/p>\n<p>Rodr\u00edguez Puerta, Mar\u00eda Jos\u00e9 (2004), \u201cLos delitos de corrupci\u00f3n en las transacciones internacionales (comentario al art. 445 bis), en Quintero Olivares, G (Dir<em>), Comentarios al nuevo C\u00f3digo penal<\/em>, Editorial Aranzadi, Pamplona, <em>pp. 2169-2173.<\/em><\/p>\n<p>Baucells Llad\u00f3s, Joan (2003), \u201dEl delito ecol\u00f3gico: an\u00e1lisis de algunos de sus problemas de aplicaci\u00f3n\u201d, en <em>Revista Iuris. Actualidad y pr\u00e1ctica del derecho<\/em>, n\u00fam. 69, <em>p\u00e1gs. 44-51. <\/em><\/p>\n<p>Baucells Llad\u00f3s, J, (2002) \u201cLa protecci\u00f3n penal de los intereses econ\u00f3micos de los consumidores: una propuesta de bien jur\u00eddico\u201d, en <em>Revista Aranzadi de Derecho y Proceso Penal, <\/em>pp. 63-101.<\/p>\n<p>Cugat Mauri, Miriam (2002) \u201cLa unificaci\u00f3n del derecho penal europeo y las condiciones de procedibilidad en Derecho penal\u201d en <em>Verso un codice penale modello per l\u2019Europa. Offensivit\u00e0 e colpevolezza,<\/em> Editorial CEDAM, Padua<em>, <\/em>pp, 259-271<em>.<\/em><\/p>\n<p>Cugat Mauri, Miriam (2001) \u201cLa protecci\u00f3n de intereses colectivos: el caso del delito publicitario\u201d en <em>El Nuevo Derecho Penal Espa\u00f1ol. Estudios Penales en Memoria del Profesor Jos\u00e9 Manuel Valle Mu\u00f1iz<\/em>, Editorial Aranzadi, Pamplona, pp. 1167-1190.<\/p>\n<p>Cugat Mauri, Miriam-Baena Aguilar \u00c1ngel (1999) \u201cEfectos del nuevo plazo de prescripci\u00f3n de la deuda tributaria sobre el plazo de prescripci\u00f3n del delito fiscal: Comentario a la STSJ Catalu\u00f1a 22-1-1999\u201d, <em>en\u00a0 Revista de Derecho y Proceso Penal<\/em>, Editorial Aranzadi, Pamplona, pp.159-177.<\/p>\n<p>Garc\u00eda Ar\u00e1n, Mercedes (1999) \u201cAlgunas consideraciones sobre la responsabilidad penal de las personas jur\u00eddicas\u201d, en <em>El nuevo C\u00f3digo Penal: presupuestos y fundamentos. Libro homenaje al Prof. Dr. \u00c1ngel Torio L\u00f3pez, <\/em>pp. 325 \u2013 335<\/p>\n<p>Garc\u00eda Ar\u00e1n, Mercedes (1999), \u201cHacia un derecho penal europeo: la propuesta del &#8221;Corpus Iuris&#8221;, en <em>Revista Derecho y Proceso Penal<\/em>, Editorial Aranzadi, Pamplona<em>, pp. 167-180.<\/em><\/p>\n<p>Garc\u00eda Ar\u00e1n, Mercedes (1996), \u201cConsideraciones sobre los delitos societarios en el nuevo C\u00f3digo penal\u201d, en <em>Revista Economist and Jurist. Difusi\u00f3n jur\u00eddica y temas de actualidad<\/em>.<\/p>\n<\/div><\/div><\/div><\/section>\n<section class='av_toggle_section av-av_toggle-b7cb3e52f06dc1f4e1ae1a0ffc8abc1f'  itemscope=\"itemscope\" itemtype=\"https:\/\/schema.org\/CreativeWork\" ><div role=\"tablist\" class=\"single_toggle\" data-tags=\"{All} \"  ><p data-fake-id='#toggle-id-6' class='toggler   '  itemprop=\"headline\"  role='tab' tabindex='0' aria-controls='toggle-id-6'>Mitjans de comunicaci\u00f3 i dret penal<span class=\"toggle_icon\"><span class=\"vert_icon\"><\/span><span class=\"hor_icon\"><\/span><\/span><\/p><div id='toggle-id-6' class='toggle_wrap  '  ><div class='toggle_content invers-color '  itemprop=\"text\" ><p>Garc\u00eda Ar\u00e1n, Mercedes (2018), \u201cLibertad de informaci\u00f3n y procesos penales en curso\u201d, en\u00a0 <em>Revista Teor\u00eda y Derecho: revista de pensamiento jur\u00eddico<\/em>,\u00a0 n\u00fam. 24, pp.14-33.<\/p>\n<p>Guardiola Lago, Maria Jes\u00fas (2012) \u201cPrensa y garant\u00edas penales. Consideraciones a partir del an\u00e1lisis medi\u00e1tico de un delito violento\u201d en <em>Revista Penal<\/em>, vol. 12, pp. 60-83<\/p>\n<p>Baucells Llad\u00f3s,Joan-Peres-Neto,Lu\u00eds (2011) \u201cMedios de comunicaci\u00f3n y populismo punitivo: revisi\u00f3n te\u00f3rica del concepto y an\u00e1lisis de la reforma del c\u00f3digo penal en materia de hurto\u201d en <strong>\u00a0<\/strong><em>Revista Penal<\/em>, vol. 27, pp. 111-131.<\/p>\n<p>Cugat Mauri, Miriam (2010) \u201cAcerca de la protecci\u00f3n penal de los sentimientos religiosos en los medios de comunicaci\u00f3n\u201d en <em>Medios de comunicaci\u00f3n y pluralismo religioso, <\/em>Consell de l\u2019Audiovisual de Catalunya, Barcelona<em> pp. 39-46.<\/em><\/p>\n<p>Garc\u00eda Ar\u00e1n, Mercedes &#8211; Peres Neto, Luiz (2009) \u201cAgenda de los medios y agenda pol\u00edtica: un estudio del efecto de los medios en las reformas del c\u00f3digo penal espa\u00f1ol entre los a\u00f1os 2000-2003\u201d, <em>Revista de Derecho Penal y Criminolog\u00eda<\/em>, vol. 3, Universidad Nacional de Educaci\u00f3n a Distancia, Madrid, pp. 261 &#8211; 290.<\/p>\n<p>Garc\u00eda Ar\u00e1n, Mercedes &#8211; Peres Neto, Luiz (2008) \u201cPerspectivas de an\u00e1lisis y principios constitucionales\u201d en Garc\u00eda Ar\u00e1n, M.-Botella,J. (Dir.) <em>Malas Noticias. Medios de comunicaci\u00f3n, pol\u00edtica criminal y garant\u00edas penales en Espa\u00f1a<\/em>, Tirant lo Blanch, Valencia, pp. 23 &#8211; 42.<\/p>\n<p>Garc\u00eda Ar\u00e1n, Mercedes &#8211; Peres Neto, Luiz (2008) \u201cDiscursos medi\u00e1ticos y reformas penales de 2003\u201d en Garc\u00eda Ar\u00e1n, M.-Botella,J. (Dir.) <em>Malas Noticias. Medios de comunicaci\u00f3n, pol\u00edtica criminal y garant\u00edas penales en Espa\u00f1a<\/em>, Tirant lo Blanch, Valencia, pp. 153 &#8211; 190<\/p>\n<p>Garc\u00eda Ar\u00e1n, Mercedes (2008) \u201cDelincuencia, inseguridad y pena en el discurso medi\u00e1tico\u201d en\u00a0 <em>Problemas actuales del Derecho Penal y la Criminolog\u00eda (homenaje a la Prof. Diaz Pita),<\/em> Tirant lo Blanch, Valencia, pp. 85 \u2013 115.<\/p>\n<p>Garc\u00eda Ar\u00e1n, Mercedes. (2008) \u201cEl Derecho penal simb\u00f3lico (a prop\u00f3sito del nuevo delito de dopaje deportivo y su tratamiento medi\u00e1tico\u201d\u00a0 en Garc\u00eda Ar\u00e1n, M.-Botella,J. (Dir.) <em>Malas Noticias. Medios de comunicaci\u00f3n, pol\u00edtica criminal y garant\u00edas penales en Espa\u00f1a<\/em>, Tirant lo Blanch, Valencia, pp. 191 &#8211; 226.<\/p>\n<p>Garc\u00eda Ar\u00e1n, Mercedes (2008) \u201cEl discurs medi\u00e0tic sobre la delinq\u00fc\u00e8ncia i la seva incid\u00e8ncia a les reformes penals\u201d en <em>Revista Catalana de Seguretat p\u00fablica<\/em>, n\u00fam. 18, Escola de Policia de Catalunya, pp. 15 &#8211; 29.<\/p>\n<p>Baucells Llad\u00f3s, J.- Peres Neto,L. (2008) \u201cDiscurso televisivo sobre el crimen: los programas especializados en sucesos\u201d en Garc\u00eda Ar\u00e1n,M.- Botella Corral,J. (Dirs.) Malas noticias. Medios de comunicaci\u00f3n, pol\u00edtica criminal y garant\u00edas penales en Espa\u00f1a, Tirant lo Blanch, Valencia, pp. 109-152.<\/p>\n<p>Rebollo Vargas, Rafael (2008) \u201cOleadas informativas y respuesta pol\u00edtico criminal\u201d, en Garc\u00eda Ar\u00e1n, M.-Botella,J. (Dir.) <em>Malas Noticias. Medios de comunicaci\u00f3n, pol\u00edtica criminal y garant\u00edas penales en Espa\u00f1a<\/em>, Tirant lo Blanch, Valencia, pp. 67-112.<\/p>\n<\/div><\/div><\/div><\/section>\n<section class='av_toggle_section av-av_toggle-53e0ff35c7c92a6638ae1a1af433d85c'  itemscope=\"itemscope\" itemtype=\"https:\/\/schema.org\/CreativeWork\" ><div role=\"tablist\" class=\"single_toggle\" data-tags=\"{All} \"  ><p data-fake-id='#toggle-id-7' class='toggler   '  itemprop=\"headline\"  role='tab' tabindex='0' aria-controls='toggle-id-7'>Responsabilitat penal i pol\u00edtica dels partits<span class=\"toggle_icon\"><span class=\"vert_icon\"><\/span><span class=\"hor_icon\"><\/span><\/span><\/p><div id='toggle-id-7' class='toggle_wrap  '  ><div class='toggle_content invers-color '  itemprop=\"text\" ><p>Baucells, Joan (2018) &#8220;Corrupci\u00f3n y responsabilidad penal de los partidos pol\u00edticos&#8221; en <em>Revista Electr\u00f3nica de Ciencia Penal y Criminolog\u00eda<\/em>, 20-28\u00a0\u00a0<a href=\"http:\/\/criminet.ugr.es\/recpc\/20\/recpc20-28.pdf\" target=\"_blank\" rel=\"noopener\">enlla\u00e7 obert.<\/a><\/p>\n<p>Rodr\u00edguez Puerta, M\u00aa Jos\u00e9 (2018) Rendici\u00f3n de cuentas y transparencia como instrumentos de lucha contra la corrupci\u00f3n de los partidos pol\u00edticos, en Libro colectivo LIBER AMICORUM. Estudios en homenaje al Prof. Dr. Dr. h.c. Juan M\u00aa Terradillos Basoco, Tirant Lo Blanch, pp.749-780.<\/p>\n<p>Baucells LLad\u00f3s, J. (2018) &#8220;La conveniencia de la responsabilidad penal de los partidos pol\u00edticos&#8221;, en<em>\u00a0Liber amicorum. Estudios jur\u00eddicos en Homenaje al Prof. Dr. Dr. h.c. Juan Terradillos Basoco<\/em>, Tirant lo blanch, Valencia, pp. 471-486.<\/p>\n<p>Baucells Llad\u00f3s, Joan \u2013 Marcet, Joan (2018) \u201cSistemas de control interno en los partidos\u201d en Garc\u00eda Ar\u00e1n, Mercedes-Botella, Joan (Dir.) <em>Responsabilidad jur\u00eddica y pol\u00edtica de los partidos en Espa\u00f1a,<\/em> Tirant lo Blanch, Valencia, pp. 109-144.<\/p>\n<p>Baucells Llad\u00f3s, Joan (2018) \u201cLa responsabilidad penal de los partidos como personas jur\u00eddicas\u201d en Garc\u00eda Ar\u00e1n, Mercedes-Botella, Joan (Dir.) <em>Responsabilidad jur\u00eddica y pol\u00edtica de los partidos en Espa\u00f1a,<\/em> Tirant lo Blanch, Valencia, pp. 281-301<\/p>\n<p>Cuenca Garc\u00eda, Mar\u00eda Jos\u00e9 (2018) \u201cLa aplicabilidad del concepto penal de funcionario a los cargos internos de los partidos\u201d en Garc\u00eda Ar\u00e1n, Mercedes-Botella, Joan (Dir.) <em>Responsabilidad jur\u00eddica y pol\u00edtica de los partidos en Espa\u00f1a,<\/em> Tirant lo Blanch, Valencia, pp. 221-244.<\/p>\n<p>Cugat Mauri, Miriam (2018) \u201cLa responsabilidad penal de los cargos de los partidos pol\u00edticos: alternativas t\u00edpicas y zonas oscuras\u201d en Garc\u00eda Ar\u00e1n, Mercedes-Botella, Joan (Dir.) <em>Responsabilidad jur\u00eddica y pol\u00edtica de los partidos en Espa\u00f1a,<\/em> Tirant lo Blanch, Valencia, pp. 245-280.<\/p>\n<p>Garc\u00eda Ar\u00e1n, Mercedes (2018) \u201cResponsabilidad pol\u00edtica y responsabilidades jur\u00eddicas: delimitaciones conceptuales\u201d en Garc\u00eda Ar\u00e1n, Mercedes-Botella, Joan (Dir.) r<em>esponsabilidad jur\u00eddica y pol\u00edtica de los partidos en Espa\u00f1a,<\/em> Tirant lo Blanch, Valencia, pp. 45-86.<\/p>\n<p>Guardiola Lago, Mar\u00eda Jes\u00fas (2018) \u201cCuestiones generales sobre la responsabilidad penal y pol\u00edtica de los partidos\u201d en Garc\u00eda Ar\u00e1n, Mercedes-Botella, Joan (Dir.) <em>Responsabilidad jur\u00eddica y pol\u00edtica de los partidos en Espa\u00f1a,<\/em> Tirant lo Blanch, Valencia, pp. 27-44<\/p>\n<p>Rebollo Vargas, Rafael (2018) \u201cEl delito de financiaci\u00f3n ilegal de partidos pol\u00edticos. (Problemas interpretativos y atipicidades)\u201d en Garc\u00eda Ar\u00e1n, Mercedes-Botella, Joan (Dir.) <em>Responsabilidad jur\u00eddica y pol\u00edtica de los partidos en Espa\u00f1a,<\/em> Tirant lo Blanch, Valencia, pp. 309-344.<\/p>\n<p>Rodr\u00edguez Puerta, Mar\u00eda Jos\u00e9 (2018) \u201cCompetencias, alcance y l\u00edmites del control ejercido por el Tribunal de Cuentas sobre partidos pol\u00edticos y fundaciones\u201d en Garc\u00eda Ar\u00e1n, Mercedes-Botella, Joan (Dir.) <em>Responsabilidad jur\u00eddica y pol\u00edtica de los partidos en Espa\u00f1a,<\/em> Tirant lo Blanch, Valencia, pp. 177-220.<\/p>\n<p>Garc\u00eda Ar\u00e1n, Mercedes (2017), \u201cResponsabilidad penal y responsabilidad pol\u00edtica: elementos para la diferenciaci\u00f3n y la confluencia\u201d, en <em>Revista Penal M\u00e9xico<\/em>, n\u00fam. 11-12, pp. 79-97.<\/p>\n<p>Rodr\u00edguez Puerta, Mar\u00eda Jos\u00e9 (2017) \u201cEl control externo de la actividad econ\u00f3mico financiera de los partidos pol\u00edticos en Espa\u00f1a: cuestiones a debatir\u201d en <em>Revista General de Derecho Penal,\u00a0 n\u00fam. <\/em>28, pp. 1-60. Disponible en:\u00a0<a href=\"http:\/\/www.iustel.com\/v2\/revistas\/detalle_revista.asp?id=8\">http:\/\/www.iustel.com\/v2\/revistas\/detalle_revista.asp?id=8<\/a><\/p>\n<p>Baucells Llad\u00f3s, Joan (2017) \u201cAutorregulaci\u00f3n y prevenci\u00f3n del delito en los partidos pol\u00edticos\u201d en \u00a0<em>Revista General de Derecho Penal,\u00a0 n\u00fam. <\/em>28, pp. 1-44. Disponible en:\u00a0\u00a0<a href=\"http:\/\/www.iustel.com\/v2\/revistas\/detalle_revista.asp?id_noticia=419418&#038;texto\">http:\/\/www.iustel.com\/v2\/revistas\/detalle_revista.asp?id_noticia=419418&#038;texto<\/a><\/p>\n<p>Garc\u00eda Ar\u00e1n, Mercedes (2017) \u201cResponsabilidad penal y responsabilidad pol\u00edtica: elementos para la diferenciaci\u00f3n y la confluencia\u201d en\u00a0<em>Revista Penal,<\/em>\u00a0n\u00fam. <em>39<\/em>, pp. 95-112.<\/p>\n<p>Garc\u00eda Ar\u00e1n, Mercedes (2017) \u201cResponsabilidad penal y responsabilidad pol\u00edtica: elementos para la diferenciaci\u00f3n y la confluencia\u201d en\u00a0<em>Revista Penal M\u00e9xico,<\/em>\u00a0n\u00fam. <em>11 y 12<\/em>, pp. 79-97.<\/p>\n<p>Garc\u00eda Ar\u00e1n, Mercedes (2016)\u00a0\u201cSobre la tipicidad penal de la financiaci\u00f3n irregular los partidos pol\u00edticos\u201d en M.L. Maqueda, M. Mart\u00edn y A. Ventura (coords.),\u00a0<em>Derecho penal para un Estado social y democr\u00e1tico de Derecho. Estudios penales en Homenaje al Profesor Emilio Octavio de Toledo y Ubieto<\/em>, Universidad Complutense de Madrid<em>, <\/em>Madrid, pp.\u00a0589-605.<\/p>\n<p>Cugat Mauri, Miriam (2015) \u201cFinanciaci\u00f3n il\u00edcita de los partidos pol\u00edticos y corrupci\u00f3n pol\u00edtica\u201d en Demetrio,E.-Gonz\u00e1lez Cu\u00e9llar,N. (Dir.) <em>Halcones y palomas: corrupci\u00f3n y delincuencia econ\u00f3mica,<\/em> Castillo de luna, Madrid, pp. 219-242.<\/p>\n<\/div><\/div><\/div><\/section>\n<section class='av_toggle_section av-av_toggle-a04994db6c72dd5f1e80cae10761cdd7'  itemscope=\"itemscope\" itemtype=\"https:\/\/schema.org\/CreativeWork\" ><div role=\"tablist\" class=\"single_toggle\" data-tags=\"{All} \"  ><p data-fake-id='#toggle-id-8' class='toggler   '  itemprop=\"headline\"  role='tab' tabindex='0' aria-controls='toggle-id-8'>Reparaci\u00f3, just\u00edcia restaurativa i mediaci\u00f3<span class=\"toggle_icon\"><span class=\"vert_icon\"><\/span><span class=\"hor_icon\"><\/span><\/span><\/p><div id='toggle-id-8' class='toggle_wrap  '  ><div class='toggle_content invers-color '  itemprop=\"text\" ><p>Gaddi, Daniela (2019). La m\u00e9diation p\u00e9nale en Espagne, <em>La Lettre des M\u00e9diations<\/em>, 7. <a href=\"https:\/\/www.observatoiredesmediations.org\/Documentation\/Bibliographie?ID=128\" target=\"_blank\" rel=\"noopener\">Disponible<\/a><\/p>\n<p>Gaddi, Daniela (2018). Condiciones para la evoluci\u00f3n del paradigma restaurativo y mecanismos de su aplicaci\u00f3n en justicia juvenil seg\u00fan la normativa supranacional, <em>Revista La Trama<\/em>, 56. <a href=\"http:\/\/www.revistalatrama.com.ar\/contenidos\/larevista_articulo.php?id=373&#038;ed=56\" target=\"_blank\" rel=\"noopener\">Disponible<\/a><\/p>\n<p>Gaddi, Daniela (2016). Una extra\u00f1a entre nosotros. Una experiencia de verificaci\u00f3n emp\u00edrica en el Centro de Mediaci\u00f3n Prejudicial Gratuito de la Universidad de Buenos Aires. En: Klein, Maria Cristina (dir.), <em>La mediaci\u00f3n en el patrocinio gratuito de la Facultad de Derecho UBA<\/em>. Buenos Aires: EUDEBA, pp. 99-120.<\/p>\n<p>Guardiola Lago, Mar\u00eda Jes\u00fas (2013), \u201cLa mediaci\u00f3n autor-v\u00edctima en los centros penitenciarios: una pol\u00e9mica cuesti\u00f3n\u201d en Castillejo Manzanares, R. (Dir),\u00a0 <em>La mediaci\u00f3n. Nuevas realidades, nuevos retos: an\u00e1lisis en los \u00e1mbitos civil y mercantil, penal y de menores, violencia de g\u00e9nero, hipotecario y sanitario<\/em>, Editorial La Ley, Madrid<em>, <\/em>pp. 247-288.<\/p>\n<p>Gaddi, Daniela (2012). Les effets ind\u00e9sirables du processus d\u2019assimilation de la m\u00e9diation au droit, <em>Informations sociales<\/em>, 2 (170), pp. 28-36.<\/p>\n<p>Guardiola Lago, Mar\u00eda Jes\u00fas, (2012) \u201cDesarrollo y aplicaciones de la justicia restaurativa en prisi\u00f3n\u201d en\u00a0 Tamarit Sumalla, J.M. (Dir.)\u00a0 <em>La Justicia Restaurativa. Desarrollo y aplicaciones<\/em>, Editorial Comares, Granada, pp. <em>183-236.<\/em><\/p>\n<p>Guardiola Lago, Mar\u00eda Jes\u00fas &#8211; Albert\u00ed Cort\u00e9s, M.- Casado Coronas, C.- Susanne, G.l (2012) \u201cConferencing: origen, transferencia y adaptaci\u00f3n\u201d en Tamarit Sumalla, J.M. (Dir.)\u00a0 <em>La Justicia Restaurativa. Desarrollo y aplicaciones,<\/em> Editorial Comares, Granada, pp. <em>237-267.<\/em><\/p>\n<p>Garc\u00eda Ar\u00e1n, Mercedes (2011), \u201cReparaci\u00f3n a la v\u00edctima y mediaci\u00f3n en la delincuencia econ\u00f3mica, en <em>Un derecho penal comprometido (Libro homenaje al Prof. Landrove),<\/em> Editorial Tirant lo Blanch, Valencia, <em>pp. 449 &#8211; 480.<\/em><\/p>\n<p>Gaddi, Daniela (2009). Mediazione penale, esecuzione della pena e terrorismo. L&#8217;incerto ruolo della criminologia nell&#8217;analisi di due casi. <em>Studi sulla questione criminale<\/em>, 4(1), pp. 101-118.<\/p>\n<p>Gaddi, Daniela (2005). La mediazione. En: Cendon, P. (ed.), <em>La tutela dei diritti della persona<\/em>. Padova: Cedam.<\/p>\n<p>Gaddi, Daniela (2004). M\u00e9diation du conflit ou discipline du conflit: notes critiques sur les pratiques de m\u00e9diation, <em>Esprit Critique<\/em>, 6 (3), pp. 30-37.<\/p>\n<p>Gaddi, Daniela; Marozzi, F.; Quattrocolo, A. (2003). Voci di danno inascoltate: mediazione dei conflitti e responsabilit\u00e0 professionale medica. <em>Rivista Italiana di Medicina Legale<\/em>, XXV (5), pp. 839-856.<\/p>\n<p>Gaddi, Daniela (2001). Mediazione penale e giudice di pace, <em>Il Giudice di Pace<\/em>, 3, pp. 228-236.<\/p>\n<p>Gaddi, Daniela (2000). Catalunya. La scoperta della mediazione, <em>Rassegna Italiana di Criminologia<\/em>, XI (2), pp. 211-242.<\/p>\n<\/div><\/div><\/div><\/section>\n<section class='av_toggle_section av-av_toggle-1408e2f960f0012c07a7c71a6e85957b'  itemscope=\"itemscope\" itemtype=\"https:\/\/schema.org\/CreativeWork\" ><div role=\"tablist\" class=\"single_toggle\" data-tags=\"{All} \"  ><p data-fake-id='#toggle-id-9' class='toggler   '  itemprop=\"headline\"  role='tab' tabindex='0' aria-controls='toggle-id-9'>Altres<span class=\"toggle_icon\"><span class=\"vert_icon\"><\/span><span class=\"hor_icon\"><\/span><\/span><\/p><div id='toggle-id-9' class='toggle_wrap  '  ><div class='toggle_content invers-color '  itemprop=\"text\" ><p>Cardona Barber, Antoni (2019) &#8220;<a href=\"http:\/\/revistas.uned.es\/index.php\/RDPC\/article\/view\/27319\" target=\"_blank\" rel=\"noopener\">Algunas condiciones de legitimidad del principio del bien jur\u00eddico penalmente protegido<\/a>&#8221; en <em>Revista de Derecho penal y Criminolog\u00eda<\/em>, n\u00fam. 21, pp. 151 a 187 (enlla\u00e7 a l&#8217;article)<\/p>\n<p>Garc\u00eda Ar\u00e1n, Mercedes (2018) \u201cDe las reformas bienintencionadas con resultados regresivos: el delito de promoci\u00f3n del odio\u201d, en Represi\u00f3n penal y estado de derecho. Homenaje al Profesor Gonzalo Quintero Olivares. Thomson Reuters-Aranzadi, Cizur Menor. Pp.867-881<\/p>\n<p>Cuenca Garc\u00eda, Mar\u00eda Jos\u00e9 (2018), \u201cLa violencia en el \u00e1mbito familiar: historia y actualidad\u201d, en Espuny Tom\u00e1s, M\u00aa Jes\u00fas-Zapater Duque, Esther (Coords.) <em>La docencia del derecho con perspectiva de g\u00e9nero<\/em>, Dykinson, Madrid, pp. 151-168.<\/p>\n<p>Morales Prats, Ferm\u00edn \/ Rodr\u00edguez Puerta, M\u00aa Jos\u00e9, Esther Mor\u00f3n Lerma (2018), SEMBLANZA en el libro colectivo La docencia del derecho con perspectiva de g\u00e9nero. : Dykinson, S.L, pp.15-17.<\/p>\n<p>Cugat Mauri, Miriam (2018), \u201cLa violencia como elemento del delito de rebeli\u00f3n\u201d, en De la Cuesta Aguado et alt., <em>Liber amicorum: estudios jur\u00eddicos en homenaje al profesor doctor Juan Mar\u00eda Terradillos Baso<\/em>co, Tirant lo Blanch, Valencia, pp. 567-581.<\/p>\n<p>Garc\u00eda Ar\u00e1n, Mercedes (2018), \u201cPenas o medidas: del garantismo a la confusi\u00f3n\u201d, en <em>Liber Amicorum:estudios jur\u00eddicos en Homenaje al Prof. Terradillos Basoco<\/em>, Tirant lo Blanch, Valencia, pp. 393-405.<\/p>\n<p>Garc\u00eda Ar\u00e1n, Mercedes (2018), \u201cEl regreso de la prisi\u00f3n perpetua al C\u00f3digo Penal espa\u00f1ol\u201d, en <em>Revista Jur\u00eddica de Catalu\u00f1a<\/em>, Vol. 117, n\u00fam. 2, pp. 297-314.<\/p>\n<p>Baucells, Joan (2017), &#8220;Aspectos penales y procesales de la violencia dom\u00e9stica y de g\u00e9nero&#8221;, en Cugat, Miriam, Baucells, Joan y Aguilar, M\u00f3nica, Manual de litigaci\u00f3n penal. Materiales para la prueba de acceso a la profesi\u00f3n de abogado, Tirant lo Blanch, Valencia, pp. 115-120.<\/p>\n<p>Rodr\u00edguez Puerta, M\u00aa Jos\u00e9 (2017), La responsabilidad y proceso penal de menores, en Cugat, Miriam, Baucells, J. y Aguilar, M\u00f3nica, \u201cManual de litigaci\u00f3n penal. Materiales para la prueba de acceso a la profesi\u00f3n de abogado\u201d, Tirant LO Blanch, pp. 571-580.<\/p>\n<p>Gaddi, Daniela (2017). Recensi\u00f3n a la monograf\u00eda \u201cRazones y sinrazones para una criminolog\u00eda feminista\u201d, de Mar\u00eda Luisa Maqueda Abreu, <em>Revista Arazandi de Derecho y Proceso Penal,<\/em> 46.<\/p>\n<p>Garc\u00eda Ar\u00e1n, Mercedes (2016), \u201cProtagonismo de la v\u00edctima y delitos de terrorismo\u201d, en AA.VV. <em>Terrorismo y contraterrorismo en el siglo XXI. Un an\u00e1lisis penal y pol\u00edtico criminal<\/em>, Ratio Legis, pp. 193-203.<\/p>\n<p>Mu\u00f1oz Conde, Francisco-Garc\u00eda Ar\u00e1n, Mercedes (2015), <em>Derecho Penal. Parte general<\/em>, 9\u00aa edici\u00f3n, revisada y puesta al d\u00eda conforme a las Leyes Org\u00e1nicas 1\/2015 y 2\/2015 de 30 de marzo, Tirant lo Blanch, Valencia.<\/p>\n<p>Gaddi, Daniela (2011). Citt\u00e0 insicure? Cominciamo dai conflitti condominiali \u2026 En: Cendon, P. (coord.), <em>Trattato Breve dei Nuovi Danni<\/em>, Vol. 2. Padova: Cedam, PP. 909-918.<\/p>\n<p>C\u00f3rdoba Roda, Juan &#8211; Garc\u00eda Ar\u00e1n, Mercedes (Dir.) (2011) Comentarios al c\u00f3digo penal. Parte general, Marcial Pons, Madrid-Barcelona, pp. 1 a 1047.<\/p>\n<p>Gaddi Daniela; Massarotto, P. (2005). Asilanti e rifugiati politici. En Cendon, P. (ed.), <em>La tutela dei diritti della persona<\/em>, Vol. I. Padova: Cedam, pp. 493-516.<\/p>\n<p>Gaddi, Daniela; Moyersoen, J. (2005). I bambini nel mondo (en col. con J.). En En Cendon, P. (ed.), <em>La tutela dei diritti della persona<\/em>, Vol. I. Padova: Cedam, PP. 463-484.<\/p>\n<p>C\u00f3rdoba Roda, Juan &#8211; Garc\u00eda Ar\u00e1n, Mercedes (Dir.) (2004) Comentarios al c\u00f3digo penal. Parte especial. Tomos I y II, Marcial Pons, Madrid-Barcelona, pp. 1 a 2791.<\/p>\n<p>Gaddi, Daniela (2004). Migrazioni e profili di danno esistenziale. En: Cendon, P.; Pasquinello, E. (eds.), <em>Persona e danno<\/em>. Milano: Giuffr\u00e8, pp. 2141-2167.<\/p>\n<p>Gaddi, Daniela (2001). Immigrazioni e soprusi. En: Cendon P. (a cura di). <em>Trattato breve dei nuovi danni<\/em>. Padova: Cedam, PP. 1041 ss.<\/p>\n<p>Gaddi, Daniela (1998). Il permesso premio in casi di &#8220;incesto&#8221;. Nota ad una ordinanza del Tribunale di Sorveglianza. <em>Diritto Penale e Processo<\/em>, septiembre 1998, pp. 1124 ss.<\/p>\n<\/div><\/div><\/div><\/section>\n<\/div>\n","protected":false},"excerpt":{"rendered":"","protected":false},"author":4,"featured_media":0,"parent":0,"menu_order":0,"comment_status":"open","ping_status":"open","template":"","meta":{"footnotes":""},"class_list":["post-3307","page","type-page","status-publish","hentry"],"_links":{"self":[{"href":"https:\/\/dretpenal.uab.cat\/en\/index.php\/wp-json\/wp\/v2\/pages\/3307","targetHints":{"allow":["GET"]}}],"collection":[{"href":"https:\/\/dretpenal.uab.cat\/en\/index.php\/wp-json\/wp\/v2\/pages"}],"about":[{"href":"https:\/\/dretpenal.uab.cat\/en\/index.php\/wp-json\/wp\/v2\/types\/page"}],"author":[{"embeddable":true,"href":"https:\/\/dretpenal.uab.cat\/en\/index.php\/wp-json\/wp\/v2\/users\/4"}],"replies":[{"embeddable":true,"href":"https:\/\/dretpenal.uab.cat\/en\/index.php\/wp-json\/wp\/v2\/comments?post=3307"}],"version-history":[{"count":86,"href":"https:\/\/dretpenal.uab.cat\/en\/index.php\/wp-json\/wp\/v2\/pages\/3307\/revisions"}],"predecessor-version":[{"id":5268,"href":"https:\/\/dretpenal.uab.cat\/en\/index.php\/wp-json\/wp\/v2\/pages\/3307\/revisions\/5268"}],"wp:attachment":[{"href":"https:\/\/dretpenal.uab.cat\/en\/index.php\/wp-json\/wp\/v2\/media?parent=3307"}],"curies":[{"name":"wp","href":"https:\/\/api.w.org\/{rel}","templated":true}]}}