{"id":3303,"date":"2016-10-21T13:30:29","date_gmt":"2016-10-21T13:30:29","guid":{"rendered":"http:\/\/158.109.137.58\/violenciesmasclistes\/?page_id=3303"},"modified":"2026-03-02T08:53:46","modified_gmt":"2026-03-02T08:53:46","slug":"membres-del-grup","status":"publish","type":"page","link":"https:\/\/dretpenal.uab.cat\/en\/index.php\/membres-del-grup\/","title":{"rendered":"Membres del grup"},"content":{"rendered":"<div id='layer_slider_1'  class='avia-layerslider main_color avia-shadow  avia-builder-el-0  el_before_av_slideshow_full  avia-builder-el-first  container_wrap sidebar_right'  style='height: 171px; max-width: 1000px; margin: 0 auto;'  ><\/div>\n<div id='full_slider_1'  class='avia-fullwidth-slider main_color avia-shadow   avia-builder-el-1  el_after_av_layerslider  el_before_av_heading   slider-not-first container_wrap sidebar_right'  ><\/div><div id='after_full_slider_1'  class='main_color av_default_container_wrap container_wrap sidebar_right'  ><div class='container av-section-cont-open' ><div class='template-page content  av-content-small alpha units'><div class='post-entry post-entry-type-page post-entry-3303'><div class='entry-content-wrapper clearfix'>\n\n<style type=\"text\/css\" data-created_by=\"avia_inline_auto\" id=\"style-css-av-1v0k4xj-7f0cc0763a95ba998607168fce90f3d4\">\n#top .av-special-heading.av-1v0k4xj-7f0cc0763a95ba998607168fce90f3d4{\npadding-bottom:10px;\n}\nbody .av-special-heading.av-1v0k4xj-7f0cc0763a95ba998607168fce90f3d4 .av-special-heading-tag .heading-char{\nfont-size:25px;\n}\n.av-special-heading.av-1v0k4xj-7f0cc0763a95ba998607168fce90f3d4 .av-subheading{\nfont-size:15px;\n}\n<\/style>\n<div  class='av-special-heading av-1v0k4xj-7f0cc0763a95ba998607168fce90f3d4 av-special-heading-h3 meta-heading  avia-builder-el-2  el_after_av_slideshow_full  el_before_av_heading  avia-builder-el-first '><h3 class='av-special-heading-tag'  itemprop=\"headline\"  >Membres del grup<\/h3><div class=\"special-heading-border\"><div class=\"special-heading-inner-border\"><\/div><\/div><\/div>\n\n<style type=\"text\/css\" data-created_by=\"avia_inline_auto\" id=\"style-css-av-1tvbnkn-76a0989c2ea4547f8a4828a9b581cb96\">\n#top .av-special-heading.av-1tvbnkn-76a0989c2ea4547f8a4828a9b581cb96{\npadding-bottom:10px;\ncolor:#2144a3;\n}\nbody .av-special-heading.av-1tvbnkn-76a0989c2ea4547f8a4828a9b581cb96 .av-special-heading-tag .heading-char{\nfont-size:25px;\n}\n.av-special-heading.av-1tvbnkn-76a0989c2ea4547f8a4828a9b581cb96 .special-heading-inner-border{\nborder-color:#2144a3;\n}\n.av-special-heading.av-1tvbnkn-76a0989c2ea4547f8a4828a9b581cb96 .av-subheading{\nfont-size:15px;\n}\n<\/style>\n<div  class='av-special-heading av-1tvbnkn-76a0989c2ea4547f8a4828a9b581cb96 av-special-heading-h3 custom-color-heading  avia-builder-el-3  el_after_av_heading  el_before_av_one_third '><h3 class='av-special-heading-tag'  itemprop=\"headline\"  >Investigadors<\/h3><div class=\"special-heading-border\"><div class=\"special-heading-inner-border\"><\/div><\/div><\/div>\n\n<style type=\"text\/css\" data-created_by=\"avia_inline_auto\" id=\"style-css-av-1hkiaon-9e7cb4a90b8da6779b8d79818625b11a\">\n.flex_column.av-1hkiaon-9e7cb4a90b8da6779b8d79818625b11a{\nborder-radius:0px 0px 0px 0px;\n-webkit-border-radius:0px 0px 0px 0px;\n-moz-border-radius:0px 0px 0px 0px;\n}\n<\/style>\n<div class='flex_column av-1hkiaon-9e7cb4a90b8da6779b8d79818625b11a av_one_third  avia-builder-el-4  el_after_av_heading  el_before_av_one_third  first flex_column_div av-zero-column-padding '   ><section  class='avia-team-member av-1fq2ypz-4f697c3184c913ede056d2b57806d526  avia-builder-el-5  avia-builder-el-no-sibling '  itemscope=\"itemscope\" itemtype=\"https:\/\/schema.org\/Person\" ><div class=\"team-img-container\"><img decoding=\"async\" class='wp-image-4612 avia-img-lazy-loading-not-4612 avia_image avia_image_team' src=\"https:\/\/dretpenal.uab.cat\/wp-content\/uploads\/2021\/06\/Cugat-1-300x200.png\" alt='Miriam Cugat Mauri'  itemprop=\"image\"   height=\"200\" width=\"300\" srcset=\"https:\/\/dretpenal.uab.cat\/wp-content\/uploads\/2021\/06\/Cugat-1-300x200.png 300w, https:\/\/dretpenal.uab.cat\/wp-content\/uploads\/2021\/06\/Cugat-1.png 400w\" sizes=\"(max-width: 300px) 100vw, 300px\" \/><div class=\"team-social\"><div class=\"team-social-inner\"><span class='hidden av_member_url_markup '  itemprop=\"url\" >http:\/\/dretpenal.uab.cat\/index.php\/miriam-cugat-mauri\/<\/span><a href='http:\/\/dretpenal.uab.cat\/index.php\/miriam-cugat-mauri\/' class='avia-team-icon av-50jcbb-cc7c9bc856d3f0b604fba83c400073a6' rel='v:url' data-avia-tooltip=\"Miriam Cugat Mauri\"  aria-hidden='true' data-av_icon='\ue80a' data-av_iconfont='entypo-fontello'><\/a><\/div><\/div><\/div><h3 class='team-member-name '  itemprop=\"name\" >Miriam Cugat Mauri<\/h3><div class='team-member-description '  itemprop=\"description\" ><p>Directora del Grup de recerca. Catedr\u00e0tica de dret penal.<\/p>\n<\/div><span class='hidden team-member-affiliation'  itemprop=\"affiliation\" >Dret Penal UAB<\/span><\/section><\/div>\n<style type=\"text\/css\" data-created_by=\"avia_inline_auto\" id=\"style-css-av-1sgat13-4277e3e2f8294f78dbbdc566107d6ad2\">\n.flex_column.av-1sgat13-4277e3e2f8294f78dbbdc566107d6ad2{\nborder-radius:0px 0px 0px 0px;\n-webkit-border-radius:0px 0px 0px 0px;\n-moz-border-radius:0px 0px 0px 0px;\n}\n<\/style>\n<div class='flex_column av-1sgat13-4277e3e2f8294f78dbbdc566107d6ad2 av_one_third  avia-builder-el-6  el_after_av_one_third  el_before_av_one_third  flex_column_div av-zero-column-padding '   ><section  class='avia-team-member av-664wcn-d402bde04c3e2bf410d9b477e019b53d  avia-builder-el-7  avia-builder-el-no-sibling '  itemscope=\"itemscope\" itemtype=\"https:\/\/schema.org\/Person\" ><div class=\"team-img-container\"><img decoding=\"async\" class='wp-image-4154 avia-img-lazy-loading-not-4154 avia_image avia_image_team' src=\"https:\/\/dretpenal.uab.cat\/wp-content\/uploads\/2016\/10\/MercheGarciaAran-300x200.jpg\" alt='Mercedes Garc\u00eda Ar\u00e1n'  itemprop=\"image\"   height=\"200\" width=\"300\" srcset=\"https:\/\/dretpenal.uab.cat\/wp-content\/uploads\/2016\/10\/MercheGarciaAran-300x200.jpg 300w, https:\/\/dretpenal.uab.cat\/wp-content\/uploads\/2016\/10\/MercheGarciaAran.jpg 400w\" sizes=\"(max-width: 300px) 100vw, 300px\" \/><div class=\"team-social\"><div class=\"team-social-inner\"><span class='hidden av_member_url_markup '  itemprop=\"url\" >http:\/\/dretpenal.uab.cat\/index.php\/mercedes-garcia-aran\/<\/span><a href='http:\/\/dretpenal.uab.cat\/index.php\/mercedes-garcia-aran\/' class='avia-team-icon av-m0ohz-b966a27ec306f5e78accf6a4a9ba6472' rel='v:url' data-avia-tooltip=\"Mercedes Garc\u00eda Ar\u00e1n\"  aria-hidden='true' data-av_icon='\ue80a' data-av_iconfont='entypo-fontello'><\/a><\/div><\/div><\/div><h3 class='team-member-name '  itemprop=\"name\" >Mercedes Garc\u00eda Ar\u00e1n<\/h3><div class='team-member-description '  itemprop=\"description\" ><p>Catedr\u00e0tica de dret penal. Membre ad honorem.<\/p>\n<\/div><span class='hidden team-member-affiliation'  itemprop=\"affiliation\" >Dret Penal UAB<\/span><\/section><\/div>\n<style type=\"text\/css\" data-created_by=\"avia_inline_auto\" id=\"style-css-av-1mn5fxj-5e07b46a40f786c3a10b97f748560356\">\n.flex_column.av-1mn5fxj-5e07b46a40f786c3a10b97f748560356{\nborder-radius:0px 0px 0px 0px;\n-webkit-border-radius:0px 0px 0px 0px;\n-moz-border-radius:0px 0px 0px 0px;\n}\n<\/style>\n<div class='flex_column av-1mn5fxj-5e07b46a40f786c3a10b97f748560356 av_one_third  avia-builder-el-8  el_after_av_one_third  el_before_av_one_third  flex_column_div av-zero-column-padding '   ><section  class='avia-team-member av-5nfvyf-4ca760d15f9dd83e5bf636c7d6dd139d  avia-builder-el-9  avia-builder-el-no-sibling '  itemscope=\"itemscope\" itemtype=\"https:\/\/schema.org\/Person\" ><div class=\"team-img-container\"><img decoding=\"async\" class='wp-image-4469 avia-img-lazy-loading-not-4469 avia_image avia_image_team' src=\"https:\/\/dretpenal.uab.cat\/wp-content\/uploads\/2019\/02\/Rafaell-Rebollo-300x200.jpg\" alt='Rafael Rebollo Vargas'  itemprop=\"image\"   height=\"200\" width=\"300\" \/><div class=\"team-social\"><div class=\"team-social-inner\"><span class='hidden av_member_url_markup '  itemprop=\"url\" >http:\/\/dretpenal.uab.cat\/index.php\/rafael-rebollo-vargas\/<\/span><a href='http:\/\/dretpenal.uab.cat\/index.php\/rafael-rebollo-vargas\/' class='avia-team-icon av-1jvrrmv-b79ff2cddab39d4054ade5a9de6aae94' rel='v:url' data-avia-tooltip=\"Rafael Rebollo Vargas\"  aria-hidden='true' data-av_icon='\ue80a' data-av_iconfont='entypo-fontello'><\/a><\/div><\/div><\/div><h3 class='team-member-name '  itemprop=\"name\" >Rafael Rebollo Vargas<\/h3><div class='team-member-description '  itemprop=\"description\" ><p>Catedr\u00e0tic de Dret Penal<\/p>\n<\/div><span class='hidden team-member-affiliation'  itemprop=\"affiliation\" >Dret Penal UAB<\/span><\/section><\/div>\n<style type=\"text\/css\" data-created_by=\"avia_inline_auto\" id=\"style-css-av-17n47o7-63a91a66806a57422ca4fce08184f4b1\">\n.flex_column.av-17n47o7-63a91a66806a57422ca4fce08184f4b1{\nborder-radius:0px 0px 0px 0px;\n-webkit-border-radius:0px 0px 0px 0px;\n-moz-border-radius:0px 0px 0px 0px;\n}\n<\/style>\n<div class='flex_column av-17n47o7-63a91a66806a57422ca4fce08184f4b1 av_one_third  avia-builder-el-10  el_after_av_one_third  el_before_av_one_third  first flex_column_div av-zero-column-padding column-top-margin'   ><section  class='avia-team-member av-16559on-3bc23ad7fb6f3f98fc2b6141a06a0dfc  avia-builder-el-11  avia-builder-el-no-sibling '  itemscope=\"itemscope\" itemtype=\"https:\/\/schema.org\/Person\" ><div class=\"team-img-container\"><img decoding=\"async\" class='wp-image-4158 avia-img-lazy-loading-not-4158 avia_image avia_image_team' src=\"https:\/\/dretpenal.uab.cat\/wp-content\/uploads\/2016\/10\/JoanBaucells-300x200.jpg\" alt='Joan Baucells Llad\u00f3s'  itemprop=\"image\"   height=\"200\" width=\"300\" srcset=\"https:\/\/dretpenal.uab.cat\/wp-content\/uploads\/2016\/10\/JoanBaucells-300x200.jpg 300w, https:\/\/dretpenal.uab.cat\/wp-content\/uploads\/2016\/10\/JoanBaucells.jpg 400w\" sizes=\"(max-width: 300px) 100vw, 300px\" \/><div class=\"team-social\"><div class=\"team-social-inner\"><span class='hidden av_member_url_markup '  itemprop=\"url\" >http:\/\/dretpenal.uab.cat\/index.php\/joan-baucells-llados\/<\/span><a href='http:\/\/dretpenal.uab.cat\/index.php\/joan-baucells-llados\/' class='avia-team-icon av-146qbyv-1fd10b663ecc7735419708097c31f769' rel='v:url' data-avia-tooltip=\"Joan Baucells Llad\u00f3s\"  aria-hidden='true' data-av_icon='\ue80a' data-av_iconfont='entypo-fontello'><\/a><\/div><\/div><\/div><h3 class='team-member-name '  itemprop=\"name\" >Joan Baucells Llad\u00f3s<\/h3><div class='team-member-description '  itemprop=\"description\" ><p>Professor titular de Dret Penal. Acreditat Catedr\u00e0tic.<\/p>\n<\/div><span class='hidden team-member-affiliation'  itemprop=\"affiliation\" >Dret Penal UAB<\/span><\/section><\/div>\n<style type=\"text\/css\" data-created_by=\"avia_inline_auto\" id=\"style-css-av-1cqd08n-f5a2ccb1ab5c9645039d11240742002b\">\n.flex_column.av-1cqd08n-f5a2ccb1ab5c9645039d11240742002b{\nborder-radius:0px 0px 0px 0px;\n-webkit-border-radius:0px 0px 0px 0px;\n-moz-border-radius:0px 0px 0px 0px;\n}\n<\/style>\n<div class='flex_column av-1cqd08n-f5a2ccb1ab5c9645039d11240742002b av_one_third  avia-builder-el-12  el_after_av_one_third  el_before_av_one_third  flex_column_div av-zero-column-padding column-top-margin'   ><section  class='avia-team-member av-1blgqp3-ae204fa955d26f08efed9f52dedbfb22  avia-builder-el-13  avia-builder-el-no-sibling '  itemscope=\"itemscope\" itemtype=\"https:\/\/schema.org\/Person\" ><div class=\"team-img-container\"><img decoding=\"async\" class='wp-image-4603 avia-img-lazy-loading-not-4603 avia_image avia_image_team' src=\"https:\/\/dretpenal.uab.cat\/wp-content\/uploads\/2021\/04\/MJRodriguez-300x205.png\" alt='Mar\u00eda Jos\u00e9 Rodr\u00edguez Puerta'  itemprop=\"image\"   height=\"205\" width=\"300\" srcset=\"https:\/\/dretpenal.uab.cat\/wp-content\/uploads\/2021\/04\/MJRodriguez-300x205.png 300w, https:\/\/dretpenal.uab.cat\/wp-content\/uploads\/2021\/04\/MJRodriguez.png 399w\" sizes=\"(max-width: 300px) 100vw, 300px\" \/><div class=\"team-social\"><div class=\"team-social-inner\"><span class='hidden av_member_url_markup '  itemprop=\"url\" >http:\/\/dretpenal.uab.cat\/index.php\/maria-jose-rodriguez-puerta\/<\/span><a href='http:\/\/dretpenal.uab.cat\/index.php\/maria-jose-rodriguez-puerta\/' class='avia-team-icon av-194i5hj-313b5acf49f284cce006ba8bb052c738' rel='v:url' data-avia-tooltip=\"Mar\u00eda Jos\u00e9 Rodr\u00edguez Puerta\"  aria-hidden='true' data-av_icon='\ue80a' data-av_iconfont='entypo-fontello'><\/a><\/div><\/div><\/div><h3 class='team-member-name '  itemprop=\"name\" >Mar\u00eda Jos\u00e9 Rodr\u00edguez Puerta<\/h3><div class='team-member-description '  itemprop=\"description\" ><p>Professora titular de Dret Penal<\/p>\n<\/div><span class='hidden team-member-affiliation'  itemprop=\"affiliation\" >Dret Penal UAB<\/span><\/section><\/div><\/p>\n\n<style type=\"text\/css\" data-created_by=\"avia_inline_auto\" id=\"style-css-av-130p4nr-2dca30bcc9919c42af02f66e1ec0ffac\">\n.flex_column.av-130p4nr-2dca30bcc9919c42af02f66e1ec0ffac{\nborder-radius:0px 0px 0px 0px;\n-webkit-border-radius:0px 0px 0px 0px;\n-moz-border-radius:0px 0px 0px 0px;\n}\n<\/style>\n<div class='flex_column av-130p4nr-2dca30bcc9919c42af02f66e1ec0ffac av_one_third  avia-builder-el-14  el_after_av_one_third  el_before_av_one_third  flex_column_div av-zero-column-padding column-top-margin'   ><section  class='avia-team-member av-10wxi7r-965ce312939ee2354a160091e704c991  avia-builder-el-15  avia-builder-el-no-sibling '  itemscope=\"itemscope\" itemtype=\"https:\/\/schema.org\/Person\" ><div class=\"team-img-container\"><img decoding=\"async\" class='wp-image-4920 avia-img-lazy-loading-not-4920 avia_image avia_image_team' src=\"https:\/\/dretpenal.uab.cat\/wp-content\/uploads\/2023\/09\/cuenca-300x200.jpg\" alt='Mar\u00eda Jos\u00e9 Cuenca Garc\u00eda'  itemprop=\"image\"   height=\"200\" width=\"300\" srcset=\"https:\/\/dretpenal.uab.cat\/wp-content\/uploads\/2023\/09\/cuenca-300x200.jpg 300w, https:\/\/dretpenal.uab.cat\/wp-content\/uploads\/2023\/09\/cuenca.jpg 400w\" sizes=\"(max-width: 300px) 100vw, 300px\" \/><div class=\"team-social\"><div class=\"team-social-inner\"><span class='hidden av_member_url_markup '  itemprop=\"url\" >http:\/\/dretpenal.uab.cat\/index.php\/maria-jose-cuenca-garcia\/<\/span><a href='http:\/\/dretpenal.uab.cat\/index.php\/maria-jose-cuenca-garcia\/' class='avia-team-icon av-zq4v93-80284a860a6c8fe04c1a58d00919f6e4' rel='v:url' data-avia-tooltip=\"Mar\u00eda Jos\u00e9 Cuenca Garc\u00eda\"  aria-hidden='true' data-av_icon='\ue80a' data-av_iconfont='entypo-fontello'><\/a><\/div><\/div><\/div><h3 class='team-member-name '  itemprop=\"name\" >Mar\u00eda Jos\u00e9 Cuenca Garc\u00eda<\/h3><div class='team-member-description '  itemprop=\"description\" ><p>Professora agregada de Dret Penal<\/p>\n<\/div><span class='hidden team-member-affiliation'  itemprop=\"affiliation\" >Dret Penal UAB<\/span><\/section><\/div>\n\n<style type=\"text\/css\" data-created_by=\"avia_inline_auto\" id=\"style-css-av-y76zjr-fa7b066c9982cf22e0d0caf63318d8ce\">\n.flex_column.av-y76zjr-fa7b066c9982cf22e0d0caf63318d8ce{\nborder-radius:0px 0px 0px 0px;\n-webkit-border-radius:0px 0px 0px 0px;\n-moz-border-radius:0px 0px 0px 0px;\n}\n<\/style>\n<div class='flex_column av-y76zjr-fa7b066c9982cf22e0d0caf63318d8ce av_one_third  avia-builder-el-16  el_after_av_one_third  el_before_av_one_third  first flex_column_div av-zero-column-padding column-top-margin'   ><section  class='avia-team-member av-wjrxdj-49300c60af9291297409aca37bd023e0  avia-builder-el-17  avia-builder-el-no-sibling '  itemscope=\"itemscope\" itemtype=\"https:\/\/schema.org\/Person\" ><div class=\"team-img-container\"><img decoding=\"async\" class='wp-image-4336 avia-img-lazy-loading-not-4336 avia_image avia_image_team' src=\"https:\/\/dretpenal.uab.cat\/wp-content\/uploads\/2018\/02\/MJGuardiola-300x200.jpg\" alt='Mar\u00eda Jes\u00fas Guardiola Lago'  itemprop=\"image\"   height=\"200\" width=\"300\" \/><div class=\"team-social\"><div class=\"team-social-inner\"><span class='hidden av_member_url_markup '  itemprop=\"url\" >http:\/\/dretpenal.uab.cat\/index.php\/maria-jesus-guardiola-lago\/<\/span><a href='http:\/\/dretpenal.uab.cat\/index.php\/maria-jesus-guardiola-lago\/' class='avia-team-icon av-ur9lzb-7971330e493c7135343d69160f2394ca' rel='v:url' data-avia-tooltip=\"Mar\u00eda Jes\u00fas Guardiola Lago\"  aria-hidden='true' data-av_icon='\ue80a' data-av_iconfont='entypo-fontello'><\/a><\/div><\/div><\/div><h3 class='team-member-name '  itemprop=\"name\" >Mar\u00eda Jes\u00fas Guardiola Lago<\/h3><div class='team-member-description '  itemprop=\"description\" ><p>Professora Titular de Dret Penal<\/p>\n<\/div><span class='hidden team-member-affiliation'  itemprop=\"affiliation\" >Dret Penal UAB<\/span><\/section><\/div>\n\n<style type=\"text\/css\" data-created_by=\"avia_inline_auto\" id=\"style-css-av-t6jn6f-26e135fcf7a85d44bfa8eb0b7a318158\">\n.flex_column.av-t6jn6f-26e135fcf7a85d44bfa8eb0b7a318158{\nborder-radius:0px 0px 0px 0px;\n-webkit-border-radius:0px 0px 0px 0px;\n-moz-border-radius:0px 0px 0px 0px;\n}\n<\/style>\n<div class='flex_column av-t6jn6f-26e135fcf7a85d44bfa8eb0b7a318158 av_one_third  avia-builder-el-18  el_after_av_one_third  el_before_av_one_third  flex_column_div av-zero-column-padding column-top-margin'   ><section  class='avia-team-member av-qt6ign-500f0ba79216c6848027b644f9cc8189  avia-builder-el-19  avia-builder-el-no-sibling '  itemscope=\"itemscope\" itemtype=\"https:\/\/schema.org\/Person\" ><div class=\"team-img-container\"><img decoding=\"async\" class='wp-image-5063 avia-img-lazy-loading-not-5063 avia_image avia_image_team' src=\"https:\/\/dretpenal.uab.cat\/wp-content\/uploads\/2024\/04\/cardona.jpg\" alt='Antoni Cardona Barber'  itemprop=\"image\"   height=\"200\" width=\"300\" \/><div class=\"team-social\"><div class=\"team-social-inner\"><span class='hidden av_member_url_markup '  itemprop=\"url\" >http:\/\/dretpenal.uab.cat\/index.php\/antoni-cardona-barber\/<\/span><a href='http:\/\/dretpenal.uab.cat\/index.php\/antoni-cardona-barber\/' class='avia-team-icon av-pvu8l3-630ef985cfb98284fc360c51e92f346e' rel='v:url' data-avia-tooltip=\"Antoni Cardona Barber\"  aria-hidden='true' data-av_icon='\ue80a' data-av_iconfont='entypo-fontello'><\/a><\/div><\/div><\/div><h3 class='team-member-name '  itemprop=\"name\" >Antoni Cardona Barber<\/h3><div class='team-member-description '  itemprop=\"description\" ><p>Professor lector de Dret penal<\/p>\n<\/div><span class='hidden team-member-affiliation'  itemprop=\"affiliation\" >Dret Penal UAB<\/span><\/section><\/div>\n\n<style type=\"text\/css\" data-created_by=\"avia_inline_auto\" id=\"style-css-av-oo4dmv-e6543b2f867fae6913238e2219c2188c\">\n.flex_column.av-oo4dmv-e6543b2f867fae6913238e2219c2188c{\nborder-radius:0px 0px 0px 0px;\n-webkit-border-radius:0px 0px 0px 0px;\n-moz-border-radius:0px 0px 0px 0px;\n}\n<\/style>\n<div class='flex_column av-oo4dmv-e6543b2f867fae6913238e2219c2188c av_one_third  avia-builder-el-20  el_after_av_one_third  el_before_av_one_full  flex_column_div av-zero-column-padding column-top-margin'   ><section  class='avia-team-member av-m7ai6f-7c40ee7ba93bee79d50216acda0a1f65  avia-builder-el-21  avia-builder-el-no-sibling '  itemscope=\"itemscope\" itemtype=\"https:\/\/schema.org\/Person\" ><div class=\"team-img-container\"><img decoding=\"async\" class='wp-image-4637 avia-img-lazy-loading-not-4637 avia_image avia_image_team' src=\"https:\/\/dretpenal.uab.cat\/wp-content\/uploads\/2021\/09\/Daniela-300x200.jpg\" alt='Daniela Gaddi'  itemprop=\"image\"   height=\"200\" width=\"300\" \/><div class=\"team-social\"><div class=\"team-social-inner\"><span class='hidden av_member_url_markup '  itemprop=\"url\" >http:\/\/dretpenal.uab.cat\/index.php\/daniela-gaddi\/<\/span><a href='http:\/\/dretpenal.uab.cat\/index.php\/daniela-gaddi\/' class='avia-team-icon av-kd03on-e658db57e2082b0d67a96dad3bb22868' rel='v:url' data-avia-tooltip=\"Daniela Gaddi\"  aria-hidden='true' data-av_icon='\ue80a' data-av_iconfont='entypo-fontello'><\/a><\/div><\/div><\/div><h3 class='team-member-name '  itemprop=\"name\" >Daniela Gaddi<\/h3><div class='team-member-description '  itemprop=\"description\" ><p>Professora lectora de Criminologia<\/p>\n<\/div><span class='hidden team-member-affiliation'  itemprop=\"affiliation\" >Dret Penal UAB<\/span><\/section><\/div>\n\n<style type=\"text\/css\" data-created_by=\"avia_inline_auto\" id=\"style-css-av-ertqdj-3fe9f8cb4ce28646e231ea9fa0eedc6f\">\n.flex_column.av-ertqdj-3fe9f8cb4ce28646e231ea9fa0eedc6f{\nborder-radius:0px 0px 0px 0px;\n-webkit-border-radius:0px 0px 0px 0px;\n-moz-border-radius:0px 0px 0px 0px;\n}\n<\/style>\n<div class='flex_column av-ertqdj-3fe9f8cb4ce28646e231ea9fa0eedc6f av_one_full  avia-builder-el-22  el_after_av_one_third  el_before_av_one_third  first flex_column_div av-zero-column-padding column-top-margin'   ><style type=\"text\/css\" data-created_by=\"avia_inline_auto\" id=\"style-css-av-d4n14n-2fe20cd0912d2cd276290c0731d81554\">\n#top .av-special-heading.av-d4n14n-2fe20cd0912d2cd276290c0731d81554{\npadding-bottom:10px;\ncolor:#2144a3;\n}\nbody .av-special-heading.av-d4n14n-2fe20cd0912d2cd276290c0731d81554 .av-special-heading-tag .heading-char{\nfont-size:25px;\n}\n.av-special-heading.av-d4n14n-2fe20cd0912d2cd276290c0731d81554 .special-heading-inner-border{\nborder-color:#2144a3;\n}\n.av-special-heading.av-d4n14n-2fe20cd0912d2cd276290c0731d81554 .av-subheading{\nfont-size:15px;\n}\n<\/style>\n<div  class='av-special-heading av-d4n14n-2fe20cd0912d2cd276290c0731d81554 av-special-heading-h3 custom-color-heading  avia-builder-el-23  avia-builder-el-no-sibling '><h3 class='av-special-heading-tag'  itemprop=\"headline\"  >Investigadors convidats<\/h3><div class=\"special-heading-border\"><div class=\"special-heading-inner-border\"><\/div><\/div><\/div><\/div>\n\n<style type=\"text\/css\" data-created_by=\"avia_inline_auto\" id=\"style-css-av-3wgvav-7903e4430922492bd41ccdeba28ccec8\">\n.flex_column.av-3wgvav-7903e4430922492bd41ccdeba28ccec8{\nborder-radius:0px 0px 0px 0px;\n-webkit-border-radius:0px 0px 0px 0px;\n-moz-border-radius:0px 0px 0px 0px;\n}\n<\/style>\n<div class='flex_column av-3wgvav-7903e4430922492bd41ccdeba28ccec8 av_one_third  avia-builder-el-24  el_after_av_one_full  el_before_av_one_third  first flex_column_div av-zero-column-padding column-top-margin'   ><section  class='avia-team-member av-l8e44hv3-fdd08f7dab932bdc0ec15df63511cbea  avia-builder-el-25  avia-builder-el-no-sibling '  itemscope=\"itemscope\" itemtype=\"https:\/\/schema.org\/Person\" ><div class=\"team-img-container\"><img decoding=\"async\" class='wp-image-4770 avia-img-lazy-loading-not-4770 avia_image avia_image_team' src=\"https:\/\/dretpenal.uab.cat\/wp-content\/uploads\/2022\/09\/FrancescaRicci-300x200.jpg\" alt='Francesca Ricci'  itemprop=\"image\"   height=\"200\" width=\"300\" srcset=\"https:\/\/dretpenal.uab.cat\/wp-content\/uploads\/2022\/09\/FrancescaRicci-300x200.jpg 300w, https:\/\/dretpenal.uab.cat\/wp-content\/uploads\/2022\/09\/FrancescaRicci.jpg 400w\" sizes=\"(max-width: 300px) 100vw, 300px\" \/><div class=\"team-social\"><div class=\"team-social-inner\"><span class='hidden av_member_url_markup '  itemprop=\"url\" >https:\/\/dretpenal.uab.cat\/index.php\/francesca-ricci\/<\/span><a href='https:\/\/dretpenal.uab.cat\/index.php\/francesca-ricci\/' class='avia-team-icon av-2xcq1j-f6e6f2645b6d0c9cb78f1e812b6576f7' rel='v:url'   aria-hidden='true' data-av_icon='\ue80a' data-av_iconfont='entypo-fontello'><\/a><\/div><\/div><\/div><h3 class='team-member-name '  itemprop=\"name\" >Francesca Ricci<\/h3><div class='team-member-description '  itemprop=\"description\" ><p>Doctoranda en Derecho Penal en la Universit\u00e0 degli Studi di Perugia, Italia. <\/p>\n<\/div><span class='hidden team-member-affiliation'  itemprop=\"affiliation\" >Dret Penal UAB<\/span><\/section><\/div>\n\n<style type=\"text\/css\" data-created_by=\"avia_inline_auto\" id=\"style-css-av-anjaqf-557870b946e0a32bf2e3130d04d55d21\">\n.flex_column.av-anjaqf-557870b946e0a32bf2e3130d04d55d21{\nborder-radius:0px 0px 0px 0px;\n-webkit-border-radius:0px 0px 0px 0px;\n-moz-border-radius:0px 0px 0px 0px;\n}\n<\/style>\n<div class='flex_column av-anjaqf-557870b946e0a32bf2e3130d04d55d21 av_one_third  avia-builder-el-26  el_after_av_one_third  el_before_av_one_third  flex_column_div av-zero-column-padding column-top-margin'   ><section  class='avia-team-member av-8pnfqv-cf88fdaacb1fc0ca08cb0ce2da367c25  avia-builder-el-27  avia-builder-el-no-sibling '  itemscope=\"itemscope\" itemtype=\"https:\/\/schema.org\/Person\" ><div class=\"team-img-container\"><img decoding=\"async\" class='wp-image-5091 avia-img-lazy-loading-not-5091 avia_image avia_image_team' src=\"https:\/\/dretpenal.uab.cat\/wp-content\/uploads\/2024\/07\/Maldonado-300x200.png\" alt='Diego Jes\u00fas Maldonado Guzm\u00e1n'  itemprop=\"image\"   height=\"200\" width=\"300\" srcset=\"https:\/\/dretpenal.uab.cat\/wp-content\/uploads\/2024\/07\/Maldonado-300x200.png 300w, https:\/\/dretpenal.uab.cat\/wp-content\/uploads\/2024\/07\/Maldonado.png 355w\" sizes=\"(max-width: 300px) 100vw, 300px\" \/><div class=\"team-social\"><div class=\"team-social-inner\"><span class='hidden av_member_url_markup '  itemprop=\"url\" >https:\/\/dretpenal.uab.cat\/index.php\/diego-jesus-maldonado-guzman<\/span><a href='https:\/\/dretpenal.uab.cat\/index.php\/diego-jesus-maldonado-guzman' class='avia-team-icon av-7ma987-0e44bf90df4e028da9fbf49aa1f97f77' rel='v:url'   aria-hidden='true' data-av_icon='\ue80a' data-av_iconfont='entypo-fontello'><\/a><\/div><\/div><\/div><h3 class='team-member-name '  itemprop=\"name\" >Diego Jes\u00fas Maldonado Guzm\u00e1n<\/h3><div class='team-member-description '  itemprop=\"description\" ><p>Investigador Predoctoral UCA FPU. Universidad de C\u00e1diz.<\/p>\n<\/div><span class='hidden team-member-affiliation'  itemprop=\"affiliation\" >Dret Penal UAB<\/span><\/section><\/div>\n\n<style type=\"text\/css\" data-created_by=\"avia_inline_auto\" id=\"style-css-av-47co8n-8ad54f5687e47db866faf4ad3381e297\">\n.flex_column.av-47co8n-8ad54f5687e47db866faf4ad3381e297{\nborder-radius:0px 0px 0px 0px;\n-webkit-border-radius:0px 0px 0px 0px;\n-moz-border-radius:0px 0px 0px 0px;\n}\n<\/style>\n<div class='flex_column av-47co8n-8ad54f5687e47db866faf4ad3381e297 av_one_third  avia-builder-el-28  el_after_av_one_third  el_before_av_one_third  flex_column_div av-zero-column-padding column-top-margin'   ><section  class='avia-team-member av-l09apv69-5fd466c5b398d68a4c1af34de9f2ab36  avia-builder-el-29  avia-builder-el-no-sibling '  itemscope=\"itemscope\" itemtype=\"https:\/\/schema.org\/Person\" ><div class=\"team-img-container\"><img decoding=\"async\" class='wp-image-5141 avia-img-lazy-loading-not-5141 avia_image avia_image_team' src=\"https:\/\/dretpenal.uab.cat\/wp-content\/uploads\/2024\/07\/Valeria-300x200.png\" alt='Valeria Torre'  itemprop=\"image\"   height=\"200\" width=\"300\" srcset=\"https:\/\/dretpenal.uab.cat\/wp-content\/uploads\/2024\/07\/Valeria-300x200.png 300w, https:\/\/dretpenal.uab.cat\/wp-content\/uploads\/2024\/07\/Valeria.png 355w\" sizes=\"(max-width: 300px) 100vw, 300px\" \/><div class=\"team-social\"><div class=\"team-social-inner\"><span class='hidden av_member_url_markup '  itemprop=\"url\" >https:\/\/dretpenal.uab.cat\/index.php\/valeria-torre<\/span><a href='https:\/\/dretpenal.uab.cat\/index.php\/valeria-torre' class='avia-team-icon av-2blbvr-a29f82ea116bf21c7dd4e92d37b80cb3' rel='v:url'   aria-hidden='true' data-av_icon='\ue80a' data-av_iconfont='entypo-fontello'><\/a><\/div><\/div><\/div><h3 class='team-member-name '  itemprop=\"name\" >Valeria Torre<\/h3><div class='team-member-description '  itemprop=\"description\" ><p>Universit\u00e0 degli Studi di Foggia. Erasmus Plus.<\/p>\n<\/div><span class='hidden team-member-affiliation'  itemprop=\"affiliation\" >Dret Penal UAB<\/span><\/section><\/div>\n\n<style type=\"text\/css\" data-created_by=\"avia_inline_auto\" id=\"style-css-av-6eb6hj-b2e0c379a273eef543513ec3557cac25\">\n.flex_column.av-6eb6hj-b2e0c379a273eef543513ec3557cac25{\nborder-radius:0px 0px 0px 0px;\n-webkit-border-radius:0px 0px 0px 0px;\n-moz-border-radius:0px 0px 0px 0px;\n}\n<\/style>\n<div class='flex_column av-6eb6hj-b2e0c379a273eef543513ec3557cac25 av_one_third  avia-builder-el-30  el_after_av_one_third  el_before_av_one_third  first flex_column_div av-zero-column-padding column-top-margin'   ><section  class='avia-team-member av-4nv8k7-140b5a92034f83630c5f5d07e8b8f146  avia-builder-el-31  avia-builder-el-no-sibling '  itemscope=\"itemscope\" itemtype=\"https:\/\/schema.org\/Person\" ><div class=\"team-img-container\"><img decoding=\"async\" class='wp-image-5095 avia-img-lazy-loading-not-5095 avia_image avia_image_team' src=\"https:\/\/dretpenal.uab.cat\/wp-content\/uploads\/2024\/07\/foffani-300x200.png\" alt='Luigi Foffani'  itemprop=\"image\"   height=\"200\" width=\"300\" srcset=\"https:\/\/dretpenal.uab.cat\/wp-content\/uploads\/2024\/07\/foffani-300x200.png 300w, https:\/\/dretpenal.uab.cat\/wp-content\/uploads\/2024\/07\/foffani.png 355w\" sizes=\"(max-width: 300px) 100vw, 300px\" \/><div class=\"team-social\"><div class=\"team-social-inner\"><span class='hidden av_member_url_markup '  itemprop=\"url\" >https:\/\/dretpenal.uab.cat\/index.php\/luigi-foffani\/<\/span><a href='https:\/\/dretpenal.uab.cat\/index.php\/luigi-foffani\/' class='avia-team-icon av-222lx3-4b1e8bc6f068bf6b7568cdc1cf7da12b' rel='v:url'   aria-hidden='true' data-av_icon='\ue80a' data-av_iconfont='entypo-fontello'><\/a><\/div><\/div><\/div><h3 class='team-member-name '  itemprop=\"name\" >Luigi Foffani<\/h3><div class='team-member-description '  itemprop=\"description\" ><p>Universit\u00e0 di Modena e Reggio Emilia. Bando Leonardo da Vinci.<\/p>\n<\/div><span class='hidden team-member-affiliation'  itemprop=\"affiliation\" >Dret Penal UAB<\/span><\/section><\/div>\n\n<style type=\"text\/css\" data-created_by=\"avia_inline_auto\" id=\"style-css-av-hw6vdj-946c2f92e09bf38656deb799c1685546\">\n.flex_column.av-hw6vdj-946c2f92e09bf38656deb799c1685546{\nborder-radius:0px 0px 0px 0px;\n-webkit-border-radius:0px 0px 0px 0px;\n-moz-border-radius:0px 0px 0px 0px;\n}\n<\/style>\n<div class='flex_column av-hw6vdj-946c2f92e09bf38656deb799c1685546 av_one_third  avia-builder-el-32  el_after_av_one_third  el_before_av_one_third  flex_column_div av-zero-column-padding column-top-margin'   ><section  class='avia-team-member av-l09auyrq-c0a0f1347dd0e1dee911f08560b1b917  avia-builder-el-33  avia-builder-el-no-sibling '  itemscope=\"itemscope\" itemtype=\"https:\/\/schema.org\/Person\" ><div class=\"team-img-container\"><img decoding=\"async\" class='wp-image-5101 avia-img-lazy-loading-not-5101 avia_image avia_image_team' src=\"https:\/\/dretpenal.uab.cat\/wp-content\/uploads\/2024\/07\/valentin-300x200.png\" alt='Vico Valentini'  itemprop=\"image\"   height=\"200\" width=\"300\" srcset=\"https:\/\/dretpenal.uab.cat\/wp-content\/uploads\/2024\/07\/valentin-300x200.png 300w, https:\/\/dretpenal.uab.cat\/wp-content\/uploads\/2024\/07\/valentin.png 355w\" sizes=\"(max-width: 300px) 100vw, 300px\" \/><div class=\"team-social\"><div class=\"team-social-inner\"><span class='hidden av_member_url_markup '  itemprop=\"url\" >https:\/\/dretpenal.uab.cat\/index.php\/vico-valentini\/<\/span><a href='https:\/\/dretpenal.uab.cat\/index.php\/vico-valentini\/' class='avia-team-icon av-fpufvr-3b696ac3d718eee0821a4d2fcdd1cc46' rel='v:url'   aria-hidden='true' data-av_icon='\ue80a' data-av_iconfont='entypo-fontello'><\/a><\/div><\/div><\/div><h3 class='team-member-name '  itemprop=\"name\" >Vico Valentini<\/h3><div class='team-member-description '  itemprop=\"description\" ><p>Universit\u00e0 degli Studi di Perugia. Erasmus Plus.<\/p>\n<\/div><span class='hidden team-member-affiliation'  itemprop=\"affiliation\" >Dret Penal UAB<\/span><\/section><\/div>\n\n<style type=\"text\/css\" data-created_by=\"avia_inline_auto\" id=\"style-css-av-dgxmrr-4d7d746d0081d832002589df3e8e35ac\">\n.flex_column.av-dgxmrr-4d7d746d0081d832002589df3e8e35ac{\nborder-radius:0px 0px 0px 0px;\n-webkit-border-radius:0px 0px 0px 0px;\n-moz-border-radius:0px 0px 0px 0px;\n}\n<\/style>\n<div class='flex_column av-dgxmrr-4d7d746d0081d832002589df3e8e35ac av_one_third  avia-builder-el-34  el_after_av_one_third  el_before_av_one_third  flex_column_div av-zero-column-padding column-top-margin'   ><section  class='avia-team-member av-l09avi2u-1ae708cb03288aa8361bdeec9669ea8f  avia-builder-el-35  avia-builder-el-no-sibling '  itemscope=\"itemscope\" itemtype=\"https:\/\/schema.org\/Person\" ><div class=\"team-img-container\"><img decoding=\"async\" class='wp-image-5097 avia-img-lazy-loading-not-5097 avia_image avia_image_team' src=\"https:\/\/dretpenal.uab.cat\/wp-content\/uploads\/2024\/07\/ilaria-300x200.png\" alt='Ilaria Merenda'  itemprop=\"image\"   height=\"200\" width=\"300\" srcset=\"https:\/\/dretpenal.uab.cat\/wp-content\/uploads\/2024\/07\/ilaria-300x200.png 300w, https:\/\/dretpenal.uab.cat\/wp-content\/uploads\/2024\/07\/ilaria.png 355w\" sizes=\"(max-width: 300px) 100vw, 300px\" \/><div class=\"team-social\"><div class=\"team-social-inner\"><span class='hidden av_member_url_markup '  itemprop=\"url\" >https:\/\/dretpenal.uab.cat\/index.php\/ilaria-merenda\/<\/span><a href='https:\/\/dretpenal.uab.cat\/index.php\/ilaria-merenda\/' class='avia-team-icon av-bv5xxz-fd213a0eb7a2db9028942892bcaeced5' rel='v:url'   aria-hidden='true' data-av_icon='\ue80a' data-av_iconfont='entypo-fontello'><\/a><\/div><\/div><\/div><h3 class='team-member-name '  itemprop=\"name\" >Ilaria Merenda<\/h3><div class='team-member-description '  itemprop=\"description\" ><p>Universit\u00e0 degli Studi di Roma tre. Erasmus Plus.<\/p>\n<\/div><span class='hidden team-member-affiliation'  itemprop=\"affiliation\" >Dret Penal UAB<\/span><\/section><\/div>\n\n<style type=\"text\/css\" data-created_by=\"avia_inline_auto\" id=\"style-css-av-b16rmv-35ea9bdb8677e87420b2088d3df534aa\">\n.flex_column.av-b16rmv-35ea9bdb8677e87420b2088d3df534aa{\nborder-radius:0px 0px 0px 0px;\n-webkit-border-radius:0px 0px 0px 0px;\n-moz-border-radius:0px 0px 0px 0px;\n}\n<\/style>\n<div class='flex_column av-b16rmv-35ea9bdb8677e87420b2088d3df534aa av_one_third  avia-builder-el-36  el_after_av_one_third  el_before_av_one_third  first flex_column_div av-zero-column-padding column-top-margin'   ><section  class='avia-team-member av-l09avuhq-15bc95f260cf310572bc795b6eaf6b03  avia-builder-el-37  avia-builder-el-no-sibling '  itemscope=\"itemscope\" itemtype=\"https:\/\/schema.org\/Person\" ><div class=\"team-img-container\"><img decoding=\"async\" class='wp-image-5259 avia-img-lazy-loading-not-5259 avia_image avia_image_team' src=\"https:\/\/dretpenal.uab.cat\/wp-content\/uploads\/2025\/12\/cossiri-300x217.jpg\" alt='Angela Cossiri'  itemprop=\"image\"   height=\"217\" width=\"300\" srcset=\"https:\/\/dretpenal.uab.cat\/wp-content\/uploads\/2025\/12\/cossiri-300x217.jpg 300w, https:\/\/dretpenal.uab.cat\/wp-content\/uploads\/2025\/12\/cossiri.jpg 355w\" sizes=\"(max-width: 300px) 100vw, 300px\" \/><div class=\"team-social\"><div class=\"team-social-inner\"><span class='hidden av_member_url_markup '  itemprop=\"url\" >https:\/\/dretpenal.uab.cat\/index.php\/angela-cossiri\/<\/span><a href='https:\/\/dretpenal.uab.cat\/index.php\/angela-cossiri\/' class='avia-team-icon av-3bvtj-f98c768a5c7d59a8731d0e6dbbc7ef5a' rel='v:url'   aria-hidden='true' data-av_icon='\ue80a' data-av_iconfont='entypo-fontello'><\/a><\/div><\/div><\/div><h3 class='team-member-name '  itemprop=\"name\" >Angela Cossiri<\/h3><div class='team-member-description '  itemprop=\"description\" ><p>Universit\u00e0 degli Studi di Macerata. Erasmus Plus.<\/p>\n<\/div><span class='hidden team-member-affiliation'  itemprop=\"affiliation\" >Dret Penal UAB<\/span><\/section><\/div>\n\n<style type=\"text\/css\" data-created_by=\"avia_inline_auto\" id=\"style-css-av-7md993-6cceaa6c4a1f4553d358622e31e32541\">\n.flex_column.av-7md993-6cceaa6c4a1f4553d358622e31e32541{\nborder-radius:0px 0px 0px 0px;\n-webkit-border-radius:0px 0px 0px 0px;\n-moz-border-radius:0px 0px 0px 0px;\n}\n<\/style>\n<div class='flex_column av-7md993-6cceaa6c4a1f4553d358622e31e32541 av_one_third  avia-builder-el-38  el_after_av_one_third  el_before_av_one_third  flex_column_div av-zero-column-padding column-top-margin'   ><section  class='avia-team-member av-l09aw9cg-bdfcd688de6598a7d3a81a63ccd58be6  avia-builder-el-39  avia-builder-el-no-sibling '  itemscope=\"itemscope\" itemtype=\"https:\/\/schema.org\/Person\" ><div class=\"team-img-container\"><img decoding=\"async\" class='wp-image-5093 avia-img-lazy-loading-not-5093 avia_image avia_image_team' src=\"https:\/\/dretpenal.uab.cat\/wp-content\/uploads\/2024\/07\/acquaroli-300x200.png\" alt='Roberto Acquaroli'  itemprop=\"image\"   height=\"200\" width=\"300\" srcset=\"https:\/\/dretpenal.uab.cat\/wp-content\/uploads\/2024\/07\/acquaroli-300x200.png 300w, https:\/\/dretpenal.uab.cat\/wp-content\/uploads\/2024\/07\/acquaroli.png 355w\" sizes=\"(max-width: 300px) 100vw, 300px\" \/><div class=\"team-social\"><div class=\"team-social-inner\"><span class='hidden av_member_url_markup '  itemprop=\"url\" >https:\/\/dretpenal.uab.cat\/index.php\/roberto-acquaroli\/<\/span><a href='https:\/\/dretpenal.uab.cat\/index.php\/roberto-acquaroli\/' class='avia-team-icon av-670elz-eb86a7d8ab547fc0544f9312d50781dc' rel='v:url'   aria-hidden='true' data-av_icon='\ue80a' data-av_iconfont='entypo-fontello'><\/a><\/div><\/div><\/div><h3 class='team-member-name '  itemprop=\"name\" >Roberto Acquaroli<\/h3><div class='team-member-description '  itemprop=\"description\" ><p>Universit\u00e0 degli Studi di Macerata. Erasmus Plus.<\/p>\n<\/div><span class='hidden team-member-affiliation'  itemprop=\"affiliation\" >Dret Penal UAB<\/span><\/section><\/div>\n\n<style type=\"text\/css\" data-created_by=\"avia_inline_auto\" id=\"style-css-av-4kkxav-f616eae324ddc27436b0eeea52850a14\">\n.flex_column.av-4kkxav-f616eae324ddc27436b0eeea52850a14{\nborder-radius:0px 0px 0px 0px;\n-webkit-border-radius:0px 0px 0px 0px;\n-moz-border-radius:0px 0px 0px 0px;\n}\n<\/style>\n<div class='flex_column av-4kkxav-f616eae324ddc27436b0eeea52850a14 av_one_third  avia-builder-el-40  el_after_av_one_third  el_before_av_one_third  flex_column_div av-zero-column-padding column-top-margin'   ><section  class='avia-team-member av-l09awion-2dabb4a537116a0f90008f4d8dc78154  avia-builder-el-41  avia-builder-el-no-sibling '  itemscope=\"itemscope\" itemtype=\"https:\/\/schema.org\/Person\" ><div class=\"team-img-container\"><img decoding=\"async\" class='wp-image-4957 avia-img-lazy-loading-not-4957 avia_image avia_image_team' src=\"https:\/\/dretpenal.uab.cat\/wp-content\/uploads\/2024\/02\/Davide.jpg\" alt='Davide Bianchi'  itemprop=\"image\"   height=\"200\" width=\"300\" \/><div class=\"team-social\"><div class=\"team-social-inner\"><span class='hidden av_member_url_markup '  itemprop=\"url\" >https:\/\/dretpenal.uab.cat\/index.php\/davide-bianchi\/<\/span><a href='https:\/\/dretpenal.uab.cat\/index.php\/davide-bianchi\/' class='avia-team-icon av-2jtyw7-0a1b8ff80e4b3e9afcf456b9a50fe3cf' rel='v:url'   aria-hidden='true' data-av_icon='\ue80a' data-av_iconfont='entypo-fontello'><\/a><\/div><\/div><\/div><h3 class='team-member-name '  itemprop=\"name\" >Davide Bianchi<\/h3><div class='team-member-description '  itemprop=\"description\" ><p>Ricercatore in diritto penale a la Universit\u00e0 degli Studi di Torino. Abilitato alle funzioni di Professore di II fascia.<\/p>\n<\/div><span class='hidden team-member-affiliation'  itemprop=\"affiliation\" >Dret Penal UAB<\/span><\/section><\/div>\n\n<style type=\"text\/css\" data-created_by=\"avia_inline_auto\" id=\"style-css-av-3u9cnb-f38b05daa2f1a9524d8ab23fc9e5ccd7\">\n.flex_column.av-3u9cnb-f38b05daa2f1a9524d8ab23fc9e5ccd7{\nborder-radius:0px 0px 0px 0px;\n-webkit-border-radius:0px 0px 0px 0px;\n-moz-border-radius:0px 0px 0px 0px;\n}\n<\/style>\n<div class='flex_column av-3u9cnb-f38b05daa2f1a9524d8ab23fc9e5ccd7 av_one_third  avia-builder-el-42  el_after_av_one_third  el_before_av_one_third  first flex_column_div av-zero-column-padding column-top-margin'   ><section  class='avia-team-member av-l25sxhqk-2d503cf3440f2e2a95e17802bcf86389  avia-builder-el-43  avia-builder-el-no-sibling '  itemscope=\"itemscope\" itemtype=\"https:\/\/schema.org\/Person\" ><div class=\"team-img-container\"><img decoding=\"async\" class='wp-image-5261 avia-img-lazy-loading-not-5261 avia_image avia_image_team' src=\"https:\/\/dretpenal.uab.cat\/wp-content\/uploads\/2025\/12\/Ludovica-300x217.jpg\" alt='Ludovica Deaglio'  itemprop=\"image\"   height=\"217\" width=\"300\" srcset=\"https:\/\/dretpenal.uab.cat\/wp-content\/uploads\/2025\/12\/Ludovica-300x217.jpg 300w, https:\/\/dretpenal.uab.cat\/wp-content\/uploads\/2025\/12\/Ludovica.jpg 355w\" sizes=\"(max-width: 300px) 100vw, 300px\" \/><div class=\"team-social\"><div class=\"team-social-inner\"><span class='hidden av_member_url_markup '  itemprop=\"url\" >https:\/\/dretpenal.uab.cat\/index.php\/ludovica-deaglio\/<\/span><a href='https:\/\/dretpenal.uab.cat\/index.php\/ludovica-deaglio\/' class='avia-team-icon av-2zp65z-8cfa29b60eb92ea943b6fbb955d96e25' rel='v:url'   aria-hidden='true' data-av_icon='\ue80a' data-av_iconfont='entypo-fontello'><\/a><\/div><\/div><\/div><h3 class='team-member-name '  itemprop=\"name\" >Ludovica Deaglio<\/h3><div class='team-member-description '  itemprop=\"description\" ><p>Investigadora predoctoral. Universit\u00e0 degli Studi di Torino-Dipartimento di Giurisprudenza.<\/p>\n<\/div><span class='hidden team-member-affiliation'  itemprop=\"affiliation\" >Dret Penal UAB<\/span><\/section><\/div>\n\n<style type=\"text\/css\" data-created_by=\"avia_inline_auto\" id=\"style-css-av-h7pnb-6a774ca978d308e53b19eb642f5aff4d\">\n.flex_column.av-h7pnb-6a774ca978d308e53b19eb642f5aff4d{\nborder-radius:0px 0px 0px 0px;\n-webkit-border-radius:0px 0px 0px 0px;\n-moz-border-radius:0px 0px 0px 0px;\n}\n<\/style>\n<div class='flex_column av-h7pnb-6a774ca978d308e53b19eb642f5aff4d av_one_third  avia-builder-el-44  el_after_av_one_third  el_before_av_one_third  flex_column_div av-zero-column-padding column-top-margin'   ><section  class='avia-team-member av-l25szh1m-7ffcf59119d3761a8bfdb0f47496a126  avia-builder-el-45  avia-builder-el-no-sibling '  itemscope=\"itemscope\" itemtype=\"https:\/\/schema.org\/Person\" ><div class=\"team-img-container\"><img decoding=\"async\" class='wp-image-5103 avia-img-lazy-loading-not-5103 avia_image avia_image_team' src=\"https:\/\/dretpenal.uab.cat\/wp-content\/uploads\/2024\/07\/ludo-300x200.png\" alt='Ludovico Bin'  itemprop=\"image\"   height=\"200\" width=\"300\" srcset=\"https:\/\/dretpenal.uab.cat\/wp-content\/uploads\/2024\/07\/ludo-300x200.png 300w, https:\/\/dretpenal.uab.cat\/wp-content\/uploads\/2024\/07\/ludo.png 355w\" sizes=\"(max-width: 300px) 100vw, 300px\" \/><div class=\"team-social\"><div class=\"team-social-inner\"><span class='hidden av_member_url_markup '  itemprop=\"url\" >https:\/\/dretpenal.uab.cat\/index.php\/ludovico-bin\/<\/span><a href='https:\/\/dretpenal.uab.cat\/index.php\/ludovico-bin\/' class='avia-team-icon av-9wxrr-e2c7abc82dcfb5ca39afb08cab611f50' rel='v:url'   aria-hidden='true' data-av_icon='\ue80a' data-av_iconfont='entypo-fontello'><\/a><\/div><\/div><\/div><h3 class='team-member-name '  itemprop=\"name\" >Ludovico Bin<\/h3><div class='team-member-description '  itemprop=\"description\" ><p>Investigador postdoctoral. Universit\u00e0 di Modena e Reggio Emilia.<\/p>\n<\/div><span class='hidden team-member-affiliation'  itemprop=\"affiliation\" >Dret Penal UAB<\/span><\/section><\/div>\n\n<style type=\"text\/css\" data-created_by=\"avia_inline_auto\" id=\"style-css-av-4otquf-08cdf3f90ff72908e8c3792bff679087\">\n.flex_column.av-4otquf-08cdf3f90ff72908e8c3792bff679087{\nborder-radius:0px 0px 0px 0px;\n-webkit-border-radius:0px 0px 0px 0px;\n-moz-border-radius:0px 0px 0px 0px;\n}\n<\/style>\n<div class='flex_column av-4otquf-08cdf3f90ff72908e8c3792bff679087 av_one_third  avia-builder-el-46  el_after_av_one_third  el_before_av_one_third  flex_column_div av-zero-column-padding column-top-margin'   ><section  class='avia-team-member av-l25xx7bc-927231679be69d9970a49c4e9f90c11b  avia-builder-el-47  avia-builder-el-no-sibling '  itemscope=\"itemscope\" itemtype=\"https:\/\/schema.org\/Person\" ><div class=\"team-img-container\"><img decoding=\"async\" class='wp-image-5099 avia-img-lazy-loading-not-5099 avia_image avia_image_team' src=\"https:\/\/dretpenal.uab.cat\/wp-content\/uploads\/2024\/07\/mesori-300x200.png\" alt='Lavinia Messori'  itemprop=\"image\"   height=\"200\" width=\"300\" srcset=\"https:\/\/dretpenal.uab.cat\/wp-content\/uploads\/2024\/07\/mesori-300x200.png 300w, https:\/\/dretpenal.uab.cat\/wp-content\/uploads\/2024\/07\/mesori.png 355w\" sizes=\"(max-width: 300px) 100vw, 300px\" \/><div class=\"team-social\"><div class=\"team-social-inner\"><span class='hidden av_member_url_markup '  itemprop=\"url\" >https:\/\/dretpenal.uab.cat\/index.php\/lavinia-messori\/<\/span><a href='https:\/\/dretpenal.uab.cat\/index.php\/lavinia-messori\/' class='avia-team-icon av-2cw9p3-079975c93cb35d383e815acce2bd3cdc' rel='v:url'   aria-hidden='true' data-av_icon='\ue80a' data-av_iconfont='entypo-fontello'><\/a><\/div><\/div><\/div><h3 class='team-member-name '  itemprop=\"name\" >Lavinia Messori<\/h3><div class='team-member-description '  itemprop=\"description\" ><p>Investigadora postdoctoral. Universit\u00e0 degli studi di Modena e Reggio Emilia.<\/p>\n<\/div><span class='hidden team-member-affiliation'  itemprop=\"affiliation\" >Dret Penal UAB<\/span><\/section><\/div>\n\n<style type=\"text\/css\" data-created_by=\"avia_inline_auto\" id=\"style-css-av-25js3b-1f44375c3853017d4b6917e6c63bb575\">\n.flex_column.av-25js3b-1f44375c3853017d4b6917e6c63bb575{\nborder-radius:0px 0px 0px 0px;\n-webkit-border-radius:0px 0px 0px 0px;\n-moz-border-radius:0px 0px 0px 0px;\n}\n<\/style>\n<div class='flex_column av-25js3b-1f44375c3853017d4b6917e6c63bb575 av_one_third  avia-builder-el-48  el_after_av_one_third  el_before_av_one_third  first flex_column_div av-zero-column-padding column-top-margin'   ><section  class='avia-team-member av-lsvhj6gp-e5b72ff3d2171a1fd2a0f204f00c570b  avia-builder-el-49  avia-builder-el-no-sibling '  itemscope=\"itemscope\" itemtype=\"https:\/\/schema.org\/Person\" ><div class=\"team-img-container\"><img decoding=\"async\" class='wp-image-4972 avia-img-lazy-loading-not-4972 avia_image avia_image_team' src=\"https:\/\/dretpenal.uab.cat\/wp-content\/uploads\/2024\/02\/Vincenzo.jpg\" alt='Vincenzo Mongillo'  itemprop=\"image\"   height=\"200\" width=\"300\" \/><div class=\"team-social\"><div class=\"team-social-inner\"><span class='hidden av_member_url_markup '  itemprop=\"url\" >https:\/\/dretpenal.uab.cat\/index.php\/vincenzo-mongillo\/<\/span><a href='https:\/\/dretpenal.uab.cat\/index.php\/vincenzo-mongillo\/' class='avia-team-icon av-lsvhie87-fdfe85425f0cf2cc86eda3cb66b647ed' rel='v:url'   aria-hidden='true' data-av_icon='\ue80a' data-av_iconfont='entypo-fontello'><\/a><\/div><\/div><\/div><h3 class='team-member-name '  itemprop=\"name\" >Vincenzo Mongillo<\/h3><div class='team-member-description '  itemprop=\"description\" ><p>Ordinario di Diritto penale a la Universit\u00e0 Roma Unitelma Sapienza.<\/p>\n<\/div><span class='hidden team-member-affiliation'  itemprop=\"affiliation\" >Dret Penal UAB<\/span><\/section><\/div>\n\n<style type=\"text\/css\" data-created_by=\"avia_inline_auto\" id=\"style-css-av-2fvv5j-b0856048cadf420d84eb5d6e3c9d5ba8\">\n.flex_column.av-2fvv5j-b0856048cadf420d84eb5d6e3c9d5ba8{\nborder-radius:0px 0px 0px 0px;\n-webkit-border-radius:0px 0px 0px 0px;\n-moz-border-radius:0px 0px 0px 0px;\n}\n<\/style>\n<div class='flex_column av-2fvv5j-b0856048cadf420d84eb5d6e3c9d5ba8 av_one_third  avia-builder-el-50  el_after_av_one_third  el_before_av_one_third  flex_column_div av-zero-column-padding column-top-margin'   ><section  class='avia-team-member av-lvukyrzg-fbec543f6fc71f6366daa8e70fa2b021  avia-builder-el-51  avia-builder-el-no-sibling '  itemscope=\"itemscope\" itemtype=\"https:\/\/schema.org\/Person\" ><div class=\"team-img-container\"><img decoding=\"async\" class='wp-image-5080 avia-img-lazy-loading-not-5080 avia_image avia_image_team' src=\"https:\/\/dretpenal.uab.cat\/wp-content\/uploads\/2024\/05\/Frova-300x200.jpg\" alt='Guillem Frova'  itemprop=\"image\"   height=\"200\" width=\"300\" srcset=\"https:\/\/dretpenal.uab.cat\/wp-content\/uploads\/2024\/05\/Frova-300x200.jpg 300w, https:\/\/dretpenal.uab.cat\/wp-content\/uploads\/2024\/05\/Frova.jpg 400w\" sizes=\"(max-width: 300px) 100vw, 300px\" \/><div class=\"team-social\"><div class=\"team-social-inner\"><span class='hidden av_member_url_markup '  itemprop=\"url\" >https:\/\/dretpenal.uab.cat\/index.php\/guillem-frova\/<\/span><a href='https:\/\/dretpenal.uab.cat\/index.php\/guillem-frova\/' class='avia-team-icon av-lvul0gym-5b7a7a4d7f33cfc4e1a5948f40c17b1d' rel='v:url' data-avia-tooltip=\"Social Icon Hover Text\"  aria-hidden='true' data-av_icon='\ue80a' data-av_iconfont='entypo-fontello'><\/a><\/div><\/div><\/div><h3 class='team-member-name '  itemprop=\"name\" >Guillem Frova<\/h3><div class='team-member-description '  itemprop=\"description\" ><p>Doctorando en derecho penal en la Universit\u00e0 degli studi di Milano<\/p>\n<\/div><span class='hidden team-member-affiliation'  itemprop=\"affiliation\" >Dret Penal UAB<\/span><\/section><\/div>\n\n<style type=\"text\/css\" data-created_by=\"avia_inline_auto\" id=\"style-css-av-4drq53-9e63f188788f0dcfca12dc6a0f0d381d\">\n.flex_column.av-4drq53-9e63f188788f0dcfca12dc6a0f0d381d{\nborder-radius:0px 0px 0px 0px;\n-webkit-border-radius:0px 0px 0px 0px;\n-moz-border-radius:0px 0px 0px 0px;\n}\n<\/style>\n<div class='flex_column av-4drq53-9e63f188788f0dcfca12dc6a0f0d381d av_one_third  avia-builder-el-52  el_after_av_one_third  el_before_av_one_third  flex_column_div av-zero-column-padding column-top-margin'   ><section  class='avia-team-member av-lyiineoe-185e7b65f9ae0b8afa392f840caa8839  avia-builder-el-53  avia-builder-el-no-sibling '  itemscope=\"itemscope\" itemtype=\"https:\/\/schema.org\/Person\" ><div class=\"team-img-container\"><img decoding=\"async\" class='wp-image-5131 avia-img-lazy-loading-not-5131 avia_image avia_image_team' src=\"https:\/\/dretpenal.uab.cat\/wp-content\/uploads\/2024\/07\/Imperiale-300x200.png\" alt='Francesco Pio Nigro Imperiale'  itemprop=\"image\"   height=\"200\" width=\"300\" srcset=\"https:\/\/dretpenal.uab.cat\/wp-content\/uploads\/2024\/07\/Imperiale-300x200.png 300w, https:\/\/dretpenal.uab.cat\/wp-content\/uploads\/2024\/07\/Imperiale.png 355w\" sizes=\"(max-width: 300px) 100vw, 300px\" \/><div class=\"team-social\"><div class=\"team-social-inner\"><span class='hidden av_member_url_markup '  itemprop=\"url\" >https:\/\/dretpenal.uab.cat\/index.php\/francesco-pio-nigro-imperiale\/<\/span><a href='https:\/\/dretpenal.uab.cat\/index.php\/francesco-pio-nigro-imperiale\/' class='avia-team-icon av-lyiine1r-5abbc60a430991df6911be0692106bc8' rel='v:url' data-avia-tooltip=\"Social Icon Hover Text\"  aria-hidden='true' data-av_icon='\ue80a' data-av_iconfont='entypo-fontello'><\/a><\/div><\/div><\/div><h3 class='team-member-name '  itemprop=\"name\" >Francesco Pio Nigro Imperiale<\/h3><div class='team-member-description '  itemprop=\"description\" ><p>Doctorant de la Universit\u00e0 LUISS Guido Carli di Roma<\/p>\n<\/div><span class='hidden team-member-affiliation'  itemprop=\"affiliation\" >Dret Penal UAB<\/span><\/section><\/div>\n\n<style type=\"text\/css\" data-created_by=\"avia_inline_auto\" id=\"style-css-av-2lf72v-e079289780bc4a09b28835c4cb9f1d4e\">\n.flex_column.av-2lf72v-e079289780bc4a09b28835c4cb9f1d4e{\nborder-radius:0px 0px 0px 0px;\n-webkit-border-radius:0px 0px 0px 0px;\n-moz-border-radius:0px 0px 0px 0px;\n}\n<\/style>\n<div class='flex_column av-2lf72v-e079289780bc4a09b28835c4cb9f1d4e av_one_third  avia-builder-el-54  el_after_av_one_third  el_before_av_one_third  first flex_column_div av-zero-column-padding column-top-margin'   ><section  class='avia-team-member av-lyiis8ad-fc294327585c63e6f0eda409ad0e13e5  avia-builder-el-55  avia-builder-el-no-sibling '  itemscope=\"itemscope\" itemtype=\"https:\/\/schema.org\/Person\" ><div class=\"team-img-container\"><img decoding=\"async\" class='wp-image-5136 avia-img-lazy-loading-not-5136 avia_image avia_image_team' src=\"https:\/\/dretpenal.uab.cat\/wp-content\/uploads\/2024\/07\/Luca-300x200.png\" alt='Luca Baron'  itemprop=\"image\"   height=\"200\" width=\"300\" srcset=\"https:\/\/dretpenal.uab.cat\/wp-content\/uploads\/2024\/07\/Luca-300x200.png 300w, https:\/\/dretpenal.uab.cat\/wp-content\/uploads\/2024\/07\/Luca.png 355w\" sizes=\"(max-width: 300px) 100vw, 300px\" \/><div class=\"team-social\"><div class=\"team-social-inner\"><span class='hidden av_member_url_markup '  itemprop=\"url\" >https:\/\/dretpenal.uab.cat\/index.php\/luca-baron\/<\/span><a href='https:\/\/dretpenal.uab.cat\/index.php\/luca-baron\/' class='avia-team-icon av-lyiipyx6-50f152c3fee80b249e6f119519564266' rel='v:url' data-avia-tooltip=\"Social Icon Hover Text\"  aria-hidden='true' data-av_icon='\ue80a' data-av_iconfont='entypo-fontello'><\/a><\/div><\/div><\/div><h3 class='team-member-name '  itemprop=\"name\" >Luca Baron<\/h3><div class='team-member-description '  itemprop=\"description\" ><p>Investigador postdoctoral de la Universit\u00e0 degli studi di Udine<\/p>\n<\/div><span class='hidden team-member-affiliation'  itemprop=\"affiliation\" >Dret Penal UAB<\/span><\/section><\/div>\n\n<style type=\"text\/css\" data-created_by=\"avia_inline_auto\" id=\"style-css-av-4n5ax3-d8ec6ed341c18ac4faa47d09d2b99101\">\n.flex_column.av-4n5ax3-d8ec6ed341c18ac4faa47d09d2b99101{\nborder-radius:0px 0px 0px 0px;\n-webkit-border-radius:0px 0px 0px 0px;\n-moz-border-radius:0px 0px 0px 0px;\n}\n<\/style>\n<div class='flex_column av-4n5ax3-d8ec6ed341c18ac4faa47d09d2b99101 av_one_third  avia-builder-el-56  el_after_av_one_third  el_before_av_one_third  flex_column_div av-zero-column-padding column-top-margin'   ><section  class='avia-team-member av-m209h8v9-ca7ebf9d1f1c538415d4b30c5e17eb00  avia-builder-el-57  avia-builder-el-no-sibling '  itemscope=\"itemscope\" itemtype=\"https:\/\/schema.org\/Person\" ><div class=\"team-img-container\"><img decoding=\"async\" class='wp-image-5149 avia-img-lazy-loading-not-5149 avia_image avia_image_team' src=\"https:\/\/dretpenal.uab.cat\/wp-content\/uploads\/2024\/10\/Consorte.jpg\" alt='Francesca Consorte'  itemprop=\"image\"   height=\"200\" width=\"300\" \/><div class=\"team-social\"><div class=\"team-social-inner\"><span class='hidden av_member_url_markup '  itemprop=\"url\" >https:\/\/dretpenal.uab.cat\/index.php\/francesca-consorte\/<\/span><a href='https:\/\/dretpenal.uab.cat\/index.php\/francesca-consorte\/' class='avia-team-icon av-1xvadz-8be18ccb871ccbaf39a06423b076daca' rel='v:url' data-avia-tooltip=\"Social Icon Hover Text\"  aria-hidden='true' data-av_icon='\ue80a' data-av_iconfont='entypo-fontello'><\/a><\/div><\/div><\/div><h3 class='team-member-name '  itemprop=\"name\" >Francesca Consorte<\/h3><div class='team-member-description '  itemprop=\"description\" ><p>Ricercatrice Tenure Track di Diritto penale. Dipartimento di Giurisprudenza, Studi politici e Internazionali.<\/p>\n<\/div><span class='hidden team-member-affiliation'  itemprop=\"affiliation\" >Dret Penal UAB<\/span><\/section><\/div>\n\n<style type=\"text\/css\" data-created_by=\"avia_inline_auto\" id=\"style-css-av-36usuv-41568c16ce34e94cac424ec5777db170\">\n.flex_column.av-36usuv-41568c16ce34e94cac424ec5777db170{\nborder-radius:0px 0px 0px 0px;\n-webkit-border-radius:0px 0px 0px 0px;\n-moz-border-radius:0px 0px 0px 0px;\n}\n<\/style>\n<div class='flex_column av-36usuv-41568c16ce34e94cac424ec5777db170 av_one_third  avia-builder-el-58  el_after_av_one_third  el_before_av_one_third  flex_column_div av-zero-column-padding column-top-margin'   ><section  class='avia-team-member av-mfxr3skm-785ce494c25bb8880413d6a532b29494  avia-builder-el-59  avia-builder-el-no-sibling '  itemscope=\"itemscope\" itemtype=\"https:\/\/schema.org\/Person\" ><div class=\"team-img-container\"><img decoding=\"async\" class='wp-image-5231 avia-img-lazy-loading-not-5231 avia_image avia_image_team' src=\"https:\/\/dretpenal.uab.cat\/wp-content\/uploads\/2025\/09\/Arturo.jpg\" alt='Arturo-Francisco L\u00f3pez Manzano'  itemprop=\"image\"   height=\"200\" width=\"300\" \/><div class=\"team-social\"><div class=\"team-social-inner\"><span class='hidden av_member_url_markup '  itemprop=\"url\" >https:\/\/dretpenal.uab.cat\/index.php\/arturo-francisco-lopez-manzano\/<\/span><a href='https:\/\/dretpenal.uab.cat\/index.php\/arturo-francisco-lopez-manzano\/' class='avia-team-icon av-mfxspu8r-ff60e84f10110dbf8fe102146c92d621' rel='v:url' data-avia-tooltip=\"Social Icon Hover Text\"  aria-hidden='true' data-av_icon='\ue80a' data-av_iconfont='entypo-fontello'><\/a><\/div><\/div><\/div><h3 class='team-member-name '  itemprop=\"name\" >Arturo-Francisco L\u00f3pez Manzano<\/h3><div class='team-member-description '  itemprop=\"description\" ><p>Doctorando Universidad Abad Oliva<\/p>\n<\/div><span class='hidden team-member-affiliation'  itemprop=\"affiliation\" >Dret Penal UAB<\/span><\/section><\/div>\n\n<style type=\"text\/css\" data-created_by=\"avia_inline_auto\" id=\"style-css-av-av_one_third-068220c8262444be99a83ad265bdcedb\">\n.flex_column.av-av_one_third-068220c8262444be99a83ad265bdcedb{\nborder-radius:0px 0px 0px 0px;\n-webkit-border-radius:0px 0px 0px 0px;\n-moz-border-radius:0px 0px 0px 0px;\n}\n<\/style>\n<div class='flex_column av-av_one_third-068220c8262444be99a83ad265bdcedb av_one_third  avia-builder-el-60  el_after_av_one_third  avia-builder-el-last  first flex_column_div av-zero-column-padding column-top-margin'   ><section  class='avia-team-member av-mm8xtqdi-b6f51d6eb4e549f1c282c6eb2aee11e0  avia-builder-el-61  avia-builder-el-no-sibling '  itemscope=\"itemscope\" itemtype=\"https:\/\/schema.org\/Person\" ><div class=\"team-img-container\"><img decoding=\"async\" class='wp-image-5274 avia-img-lazy-loading-not-5274 avia_image avia_image_team' src=\"https:\/\/dretpenal.uab.cat\/wp-content\/uploads\/2026\/03\/Francesco-300x200.jpg\" alt='Francesco Banzi'  itemprop=\"image\"   height=\"200\" width=\"300\" srcset=\"https:\/\/dretpenal.uab.cat\/wp-content\/uploads\/2026\/03\/Francesco-300x200.jpg 300w, https:\/\/dretpenal.uab.cat\/wp-content\/uploads\/2026\/03\/Francesco.jpg 353w\" sizes=\"(max-width: 300px) 100vw, 300px\" \/><div class=\"team-social\"><div class=\"team-social-inner\"><span class='hidden av_member_url_markup '  itemprop=\"url\" >https:\/\/dretpenal.uab.cat\/index.php\/francesco-banzi\/<\/span><a href='https:\/\/dretpenal.uab.cat\/index.php\/francesco-banzi\/' class='avia-team-icon av-mm8xz1iq-d0c9a7b8c14e0c755c4caac33b03d6e7' rel='v:url' data-avia-tooltip=\"Social Icon Hover Text\"  aria-hidden='true' data-av_icon='\ue80a' data-av_iconfont='entypo-fontello'><\/a><\/div><\/div><\/div><h3 class='team-member-name '  itemprop=\"name\" >Francesco Banzi<\/h3><div class='team-member-description '  itemprop=\"description\" ><p>Doctorando en derecho penal en la Universit\u00e0 degli studi di Milano<\/p>\n<\/div><span class='hidden team-member-affiliation'  itemprop=\"affiliation\" >Dret Penal UAB<\/span><\/section><\/div>\n","protected":false},"excerpt":{"rendered":"","protected":false},"author":4,"featured_media":0,"parent":0,"menu_order":0,"comment_status":"open","ping_status":"open","template":"","meta":{"footnotes":""},"class_list":["post-3303","page","type-page","status-publish","hentry"],"_links":{"self":[{"href":"https:\/\/dretpenal.uab.cat\/en\/index.php\/wp-json\/wp\/v2\/pages\/3303","targetHints":{"allow":["GET"]}}],"collection":[{"href":"https:\/\/dretpenal.uab.cat\/en\/index.php\/wp-json\/wp\/v2\/pages"}],"about":[{"href":"https:\/\/dretpenal.uab.cat\/en\/index.php\/wp-json\/wp\/v2\/types\/page"}],"author":[{"embeddable":true,"href":"https:\/\/dretpenal.uab.cat\/en\/index.php\/wp-json\/wp\/v2\/users\/4"}],"replies":[{"embeddable":true,"href":"https:\/\/dretpenal.uab.cat\/en\/index.php\/wp-json\/wp\/v2\/comments?post=3303"}],"version-history":[{"count":173,"href":"https:\/\/dretpenal.uab.cat\/en\/index.php\/wp-json\/wp\/v2\/pages\/3303\/revisions"}],"predecessor-version":[{"id":5280,"href":"https:\/\/dretpenal.uab.cat\/en\/index.php\/wp-json\/wp\/v2\/pages\/3303\/revisions\/5280"}],"wp:attachment":[{"href":"https:\/\/dretpenal.uab.cat\/en\/index.php\/wp-json\/wp\/v2\/media?parent=3303"}],"curies":[{"name":"wp","href":"https:\/\/api.w.org\/{rel}","templated":true}]}}